{"id":3519,"date":"2025-11-05T17:44:22","date_gmt":"2025-11-05T16:44:22","guid":{"rendered":"https:\/\/palaucars.net\/projects\/ferrari-mondial-t-cabrio-1991\/"},"modified":"2025-11-06T10:42:50","modified_gmt":"2025-11-06T09:42:50","slug":"ferrari-mondial-t-cabrio-1991","status":"publish","type":"avada_portfolio","link":"https:\/\/palaucars.net\/ca\/projects\/ferrari-mondial-t-cabrio-1991\/","title":{"rendered":"FERRARI Mondial T Cabrio (1991)"},"content":{"rendered":"<div class=\"fusion-fullwidth fullwidth-box fusion-builder-row-1 fusion-flex-container nonhundred-percent-fullwidth non-hundred-percent-height-scrolling\" style=\"--awb-border-radius-top-left:0px;--awb-border-radius-top-right:0px;--awb-border-radius-bottom-right:0px;--awb-border-radius-bottom-left:0px;--awb-flex-wrap:wrap;\" ><div class=\"fusion-builder-row fusion-row fusion-flex-align-items-flex-start fusion-flex-content-wrap\" style=\"max-width:1248px;margin-left: calc(-4% \/ 2 );margin-right: calc(-4% \/ 2 );\"><div class=\"fusion-layout-column fusion_builder_column fusion-builder-column-0 fusion_builder_column_1_1 1_1 fusion-flex-column\" style=\"--awb-bg-size:cover;--awb-width-large:100%;--awb-margin-top-large:0px;--awb-spacing-right-large:1.92%;--awb-margin-bottom-large:0px;--awb-spacing-left-large:1.92%;--awb-width-medium:100%;--awb-spacing-right-medium:1.92%;--awb-spacing-left-medium:1.92%;--awb-width-small:100%;--awb-spacing-right-small:1.92%;--awb-spacing-left-small:1.92%;\"><div class=\"fusion-column-wrapper fusion-flex-justify-content-flex-start fusion-content-layout-column\"><div class=\"fusion-text fusion-text-1\"><p>El Ferrari Mondial T Cabrio de 1991 es uno de los modelos m\u00e1s interesantes y subestimados de la historia moderna de Ferrari. Dise\u00f1ado para ofrecer una experiencia de conducci\u00f3n aut\u00e9nticamente Ferrari pero con un enfoque m\u00e1s pr\u00e1ctico y vers\u00e1til, el Mondial T represent\u00f3 la culminaci\u00f3n t\u00e9cnica de la familia Mondial, introduciendo importantes avances mec\u00e1nicos y est\u00e9ticos que marcaron la evoluci\u00f3n de la marca en los a\u00f1os noventa.<\/p>\n<p>El motor era un V8 de 3.405 cc, derivado del utilizado en el 348, montado en posici\u00f3n central trasera longitudinal \u2014de ah\u00ed la \u201cT\u201d en su nombre, que alude a la disposici\u00f3n transversal del cambio respecto al motor\u2014. Desarrollaba 300 CV a 7.200 rpm, lo que le permit\u00eda alcanzar los 255 km\/h y acelerar de 0 a 100 km\/h en poco m\u00e1s de 6 segundos. Su transmisi\u00f3n manual de cinco velocidades y su sofisticada suspensi\u00f3n independiente controlada electr\u00f3nicamente lo situaban en la vanguardia tecnol\u00f3gica de su \u00e9poca.<\/p>\n<p>El dise\u00f1o, firmado por Pininfarina, combinaba elegancia y equilibrio. La versi\u00f3n Cabrio ofrec\u00eda un techo de lona plegable perfectamente integrado, que permit\u00eda disfrutar del rugido del V8 a cielo abierto. Su carrocer\u00eda fluida y musculosa manten\u00eda las proporciones cl\u00e1sicas de Ferrari, mientras que el interior, m\u00e1s espacioso que en otros modelos de la marca, permit\u00eda acomodar a cuatro ocupantes en un ambiente de cuero y lujo artesanal.<\/p>\n<p>El Mondial T Cabrio fue tambi\u00e9n uno de los primeros Ferrari con servodirecci\u00f3n y ABS, adelant\u00e1ndose a su tiempo en materia de confort y seguridad.<\/p>\n<p>Hoy, el Ferrari Mondial T Cabrio (1991) es un cl\u00e1sico en pleno proceso de revalorizaci\u00f3n. Combina el esp\u00edritu deportivo de Maranello con la practicidad de un 2+2 descapotable, ofreciendo una experiencia de conducci\u00f3n pura, elegante y apasionada. Es, en definitiva, un Ferrari para disfrutar tanto con la raz\u00f3n como con el coraz\u00f3n.<\/p>\n<\/div><div class=\"awb-gallery-wrapper awb-gallery-wrapper-1 button-span-no\" style=\"--more-btn-alignment:center;\"><div style=\"margin:-5px;--awb-bordersize:0px;\" class=\"fusion-gallery fusion-gallery-container fusion-grid-3 fusion-columns-total-5 fusion-gallery-layout-grid fusion-gallery-1\"><div style=\"padding:5px;\" class=\"fusion-grid-column fusion-gallery-column fusion-gallery-column-3 hover-type-none\"><div class=\"fusion-gallery-image\"><a href=\"https:\/\/palaucars.net\/wp-content\/uploads\/2023\/09\/ferrari-mondial-t-cabrio-03.jpg\" rel=\"noreferrer\" data-rel=\"iLightbox[gallery_image_1]\" class=\"fusion-lightbox\" target=\"_self\"><img decoding=\"async\" src=\"https:\/\/palaucars.net\/wp-content\/uploads\/2023\/09\/ferrari-mondial-t-cabrio-03.jpg\" width=\"2560\" height=\"1707\" alt=\"Ferrari Mondial T Cabrio, \" title=\"ferrari-mondial-t-cabrio-03\" aria-label=\"ferrari-mondial-t-cabrio-03\" class=\"img-responsive wp-image-2927\" srcset=\"https:\/\/palaucars.net\/wp-content\/uploads\/2023\/09\/ferrari-mondial-t-cabrio-03-200x133.jpg 200w, https:\/\/palaucars.net\/wp-content\/uploads\/2023\/09\/ferrari-mondial-t-cabrio-03-400x267.jpg 400w, https:\/\/palaucars.net\/wp-content\/uploads\/2023\/09\/ferrari-mondial-t-cabrio-03-600x400.jpg 600w, https:\/\/palaucars.net\/wp-content\/uploads\/2023\/09\/ferrari-mondial-t-cabrio-03-800x533.jpg 800w, https:\/\/palaucars.net\/wp-content\/uploads\/2023\/09\/ferrari-mondial-t-cabrio-03-1200x800.jpg 1200w, https:\/\/palaucars.net\/wp-content\/uploads\/2023\/09\/ferrari-mondial-t-cabrio-03.jpg 2560w\" sizes=\"(min-width: 2200px) 100vw, (min-width: 784px) 397px, (min-width: 712px) 595px, (min-width: 640px) 712px, \" \/><\/a><\/div><\/div><div style=\"padding:5px;\" class=\"fusion-grid-column fusion-gallery-column fusion-gallery-column-3 hover-type-none\"><div class=\"fusion-gallery-image\"><a href=\"https:\/\/palaucars.net\/wp-content\/uploads\/2023\/09\/ferrari-mondial-t-cabrio-01.jpg\" rel=\"noreferrer\" data-rel=\"iLightbox[gallery_image_1]\" class=\"fusion-lightbox\" target=\"_self\"><img decoding=\"async\" src=\"https:\/\/palaucars.net\/wp-content\/uploads\/2023\/09\/ferrari-mondial-t-cabrio-01.jpg\" width=\"2560\" height=\"1707\" alt=\"\" title=\"ferrari-mondial-t-cabrio-01\" aria-label=\"ferrari-mondial-t-cabrio-01\" class=\"img-responsive wp-image-2925\" srcset=\"https:\/\/palaucars.net\/wp-content\/uploads\/2023\/09\/ferrari-mondial-t-cabrio-01-200x133.jpg 200w, https:\/\/palaucars.net\/wp-content\/uploads\/2023\/09\/ferrari-mondial-t-cabrio-01-400x267.jpg 400w, https:\/\/palaucars.net\/wp-content\/uploads\/2023\/09\/ferrari-mondial-t-cabrio-01-600x400.jpg 600w, https:\/\/palaucars.net\/wp-content\/uploads\/2023\/09\/ferrari-mondial-t-cabrio-01-800x533.jpg 800w, https:\/\/palaucars.net\/wp-content\/uploads\/2023\/09\/ferrari-mondial-t-cabrio-01-1200x800.jpg 1200w, https:\/\/palaucars.net\/wp-content\/uploads\/2023\/09\/ferrari-mondial-t-cabrio-01.jpg 2560w\" sizes=\"(min-width: 2200px) 100vw, (min-width: 784px) 397px, (min-width: 712px) 595px, (min-width: 640px) 712px, \" \/><\/a><\/div><\/div><div style=\"padding:5px;\" class=\"fusion-grid-column fusion-gallery-column fusion-gallery-column-3 hover-type-none\"><div class=\"fusion-gallery-image\"><a href=\"https:\/\/palaucars.net\/wp-content\/uploads\/2023\/09\/ferrari-mondial-t-cabrio-02.jpg\" rel=\"noreferrer\" data-rel=\"iLightbox[gallery_image_1]\" class=\"fusion-lightbox\" target=\"_self\"><img decoding=\"async\" src=\"https:\/\/palaucars.net\/wp-content\/uploads\/2023\/09\/ferrari-mondial-t-cabrio-02.jpg\" width=\"2560\" height=\"1707\" alt=\"\" title=\"ferrari-mondial-t-cabrio-02\" aria-label=\"ferrari-mondial-t-cabrio-02\" class=\"img-responsive wp-image-2926\" srcset=\"https:\/\/palaucars.net\/wp-content\/uploads\/2023\/09\/ferrari-mondial-t-cabrio-02-200x133.jpg 200w, https:\/\/palaucars.net\/wp-content\/uploads\/2023\/09\/ferrari-mondial-t-cabrio-02-400x267.jpg 400w, https:\/\/palaucars.net\/wp-content\/uploads\/2023\/09\/ferrari-mondial-t-cabrio-02-600x400.jpg 600w, https:\/\/palaucars.net\/wp-content\/uploads\/2023\/09\/ferrari-mondial-t-cabrio-02-800x533.jpg 800w, https:\/\/palaucars.net\/wp-content\/uploads\/2023\/09\/ferrari-mondial-t-cabrio-02-1200x800.jpg 1200w, https:\/\/palaucars.net\/wp-content\/uploads\/2023\/09\/ferrari-mondial-t-cabrio-02.jpg 2560w\" sizes=\"(min-width: 2200px) 100vw, (min-width: 784px) 397px, (min-width: 712px) 595px, (min-width: 640px) 712px, \" \/><\/a><\/div><\/div><div class=\"clearfix\"><\/div><div style=\"padding:5px;\" class=\"fusion-grid-column fusion-gallery-column fusion-gallery-column-3 hover-type-none\"><div class=\"fusion-gallery-image\"><a href=\"https:\/\/palaucars.net\/wp-content\/uploads\/2023\/09\/ferrari-mondial-t-cabrio-04.jpg\" rel=\"noreferrer\" data-rel=\"iLightbox[gallery_image_1]\" class=\"fusion-lightbox\" target=\"_self\"><img decoding=\"async\" src=\"https:\/\/palaucars.net\/wp-content\/uploads\/2023\/09\/ferrari-mondial-t-cabrio-04.jpg\" width=\"2560\" height=\"1707\" alt=\"\" title=\"ferrari-mondial-t-cabrio-04\" aria-label=\"ferrari-mondial-t-cabrio-04\" class=\"img-responsive wp-image-2928\" srcset=\"https:\/\/palaucars.net\/wp-content\/uploads\/2023\/09\/ferrari-mondial-t-cabrio-04-200x133.jpg 200w, https:\/\/palaucars.net\/wp-content\/uploads\/2023\/09\/ferrari-mondial-t-cabrio-04-400x267.jpg 400w, https:\/\/palaucars.net\/wp-content\/uploads\/2023\/09\/ferrari-mondial-t-cabrio-04-600x400.jpg 600w, https:\/\/palaucars.net\/wp-content\/uploads\/2023\/09\/ferrari-mondial-t-cabrio-04-800x533.jpg 800w, https:\/\/palaucars.net\/wp-content\/uploads\/2023\/09\/ferrari-mondial-t-cabrio-04-1200x800.jpg 1200w, https:\/\/palaucars.net\/wp-content\/uploads\/2023\/09\/ferrari-mondial-t-cabrio-04.jpg 2560w\" sizes=\"(min-width: 2200px) 100vw, (min-width: 784px) 397px, (min-width: 712px) 595px, (min-width: 640px) 712px, \" \/><\/a><\/div><\/div><div style=\"padding:5px;\" class=\"fusion-grid-column fusion-gallery-column fusion-gallery-column-3 hover-type-none\"><div class=\"fusion-gallery-image\"><a href=\"https:\/\/palaucars.net\/wp-content\/uploads\/2023\/09\/ferrari-mondial-t-cabrio-05.jpg\" rel=\"noreferrer\" data-rel=\"iLightbox[gallery_image_1]\" class=\"fusion-lightbox\" target=\"_self\"><img decoding=\"async\" src=\"https:\/\/palaucars.net\/wp-content\/uploads\/2023\/09\/ferrari-mondial-t-cabrio-05.jpg\" width=\"2560\" height=\"1707\" alt=\"\" title=\"ferrari-mondial-t-cabrio-05\" aria-label=\"ferrari-mondial-t-cabrio-05\" class=\"img-responsive wp-image-2929\" srcset=\"https:\/\/palaucars.net\/wp-content\/uploads\/2023\/09\/ferrari-mondial-t-cabrio-05-200x133.jpg 200w, https:\/\/palaucars.net\/wp-content\/uploads\/2023\/09\/ferrari-mondial-t-cabrio-05-400x267.jpg 400w, https:\/\/palaucars.net\/wp-content\/uploads\/2023\/09\/ferrari-mondial-t-cabrio-05-600x400.jpg 600w, https:\/\/palaucars.net\/wp-content\/uploads\/2023\/09\/ferrari-mondial-t-cabrio-05-800x533.jpg 800w, https:\/\/palaucars.net\/wp-content\/uploads\/2023\/09\/ferrari-mondial-t-cabrio-05-1200x800.jpg 1200w, https:\/\/palaucars.net\/wp-content\/uploads\/2023\/09\/ferrari-mondial-t-cabrio-05.jpg 2560w\" sizes=\"(min-width: 2200px) 100vw, (min-width: 784px) 397px, (min-width: 712px) 595px, (min-width: 640px) 712px, \" \/><\/a><\/div><\/div><\/div><\/div><\/div><\/div><\/div><\/div>\n","protected":false},"excerpt":{"rendered":"","protected":false},"author":1,"featured_media":2927,"menu_order":0,"comment_status":"open","ping_status":"open","template":"","format":"standard","meta":{"footnotes":""},"portfolio_category":[],"portfolio_skills":[],"portfolio_tags":[],"class_list":["post-3519","avada_portfolio","type-avada_portfolio","status-publish","format-standard","has-post-thumbnail","hentry"],"yoast_head":"<!-- This site is optimized with the Yoast SEO plugin v26.0 - https:\/\/yoast.com\/wordpress\/plugins\/seo\/ -->\n<title>FERRARI Mondial T Cabrio (1991) - Palau Cars<\/title>\n<meta name=\"robots\" content=\"index, follow, max-snippet:-1, max-image-preview:large, max-video-preview:-1\" \/>\n<link rel=\"canonical\" href=\"https:\/\/palaucars.net\/ca\/projects\/ferrari-mondial-t-cabrio-1991\/\" \/>\n<meta property=\"og:locale\" content=\"ca_ES\" \/>\n<meta property=\"og:type\" content=\"article\" \/>\n<meta property=\"og:title\" content=\"FERRARI Mondial T Cabrio (1991) - Palau Cars\" \/>\n<meta property=\"og:url\" content=\"https:\/\/palaucars.net\/ca\/projects\/ferrari-mondial-t-cabrio-1991\/\" \/>\n<meta property=\"og:site_name\" content=\"Palau Cars\" \/>\n<meta property=\"article:modified_time\" content=\"2025-11-06T09:42:50+00:00\" \/>\n<meta property=\"og:image\" content=\"https:\/\/palaucars.net\/wp-content\/uploads\/2023\/09\/ferrari-mondial-t-cabrio-03.jpg\" \/>\n\t<meta property=\"og:image:width\" content=\"2560\" \/>\n\t<meta property=\"og:image:height\" content=\"1707\" \/>\n\t<meta property=\"og:image:type\" content=\"image\/jpeg\" \/>\n<meta name=\"twitter:card\" content=\"summary_large_image\" \/>\n<meta name=\"twitter:label1\" content=\"Temps estimat de lectura\" \/>\n\t<meta name=\"twitter:data1\" content=\"2 minuts\" \/>\n<script type=\"application\/ld+json\" class=\"yoast-schema-graph\">{\"@context\":\"https:\/\/schema.org\",\"@graph\":[{\"@type\":\"WebPage\",\"@id\":\"https:\/\/palaucars.net\/ca\/projects\/ferrari-mondial-t-cabrio-1991\/\",\"url\":\"https:\/\/palaucars.net\/ca\/projects\/ferrari-mondial-t-cabrio-1991\/\",\"name\":\"FERRARI Mondial T Cabrio (1991) - Palau Cars\",\"isPartOf\":{\"@id\":\"https:\/\/palaucars.net\/#website\"},\"primaryImageOfPage\":{\"@id\":\"https:\/\/palaucars.net\/ca\/projects\/ferrari-mondial-t-cabrio-1991\/#primaryimage\"},\"image\":{\"@id\":\"https:\/\/palaucars.net\/ca\/projects\/ferrari-mondial-t-cabrio-1991\/#primaryimage\"},\"thumbnailUrl\":\"https:\/\/palaucars.net\/wp-content\/uploads\/2023\/09\/ferrari-mondial-t-cabrio-03.jpg\",\"datePublished\":\"2025-11-05T16:44:22+00:00\",\"dateModified\":\"2025-11-06T09:42:50+00:00\",\"breadcrumb\":{\"@id\":\"https:\/\/palaucars.net\/ca\/projects\/ferrari-mondial-t-cabrio-1991\/#breadcrumb\"},\"inLanguage\":\"ca\",\"potentialAction\":[{\"@type\":\"ReadAction\",\"target\":[\"https:\/\/palaucars.net\/ca\/projects\/ferrari-mondial-t-cabrio-1991\/\"]}]},{\"@type\":\"ImageObject\",\"inLanguage\":\"ca\",\"@id\":\"https:\/\/palaucars.net\/ca\/projects\/ferrari-mondial-t-cabrio-1991\/#primaryimage\",\"url\":\"https:\/\/palaucars.net\/wp-content\/uploads\/2023\/09\/ferrari-mondial-t-cabrio-03.jpg\",\"contentUrl\":\"https:\/\/palaucars.net\/wp-content\/uploads\/2023\/09\/ferrari-mondial-t-cabrio-03.jpg\",\"width\":2560,\"height\":1707,\"caption\":\"Ferrari Mondial T Cabrio,\"},{\"@type\":\"BreadcrumbList\",\"@id\":\"https:\/\/palaucars.net\/ca\/projects\/ferrari-mondial-t-cabrio-1991\/#breadcrumb\",\"itemListElement\":[{\"@type\":\"ListItem\",\"position\":1,\"name\":\"Portada\",\"item\":\"https:\/\/palaucars.net\/ca\/\"},{\"@type\":\"ListItem\",\"position\":2,\"name\":\"Portfolio\",\"item\":\"https:\/\/palaucars.net\/projects\/\"},{\"@type\":\"ListItem\",\"position\":3,\"name\":\"FERRARI Mondial T Cabrio (1991)\"}]},{\"@type\":\"WebSite\",\"@id\":\"https:\/\/palaucars.net\/#website\",\"url\":\"https:\/\/palaucars.net\/\",\"name\":\"Palau Cars\",\"description\":\"Especialistas en mantenimiento, reparaci\u00f3n y restauraci\u00f3n de veh\u00edculos cl\u00e1sicos\",\"potentialAction\":[{\"@type\":\"SearchAction\",\"target\":{\"@type\":\"EntryPoint\",\"urlTemplate\":\"https:\/\/palaucars.net\/?s={search_term_string}\"},\"query-input\":{\"@type\":\"PropertyValueSpecification\",\"valueRequired\":true,\"valueName\":\"search_term_string\"}}],\"inLanguage\":\"ca\"}]}<\/script>\n<!-- \/ Yoast SEO plugin. -->","yoast_head_json":{"title":"FERRARI Mondial T Cabrio (1991) - Palau Cars","robots":{"index":"index","follow":"follow","max-snippet":"max-snippet:-1","max-image-preview":"max-image-preview:large","max-video-preview":"max-video-preview:-1"},"canonical":"https:\/\/palaucars.net\/ca\/projects\/ferrari-mondial-t-cabrio-1991\/","og_locale":"ca_ES","og_type":"article","og_title":"FERRARI Mondial T Cabrio (1991) - Palau Cars","og_url":"https:\/\/palaucars.net\/ca\/projects\/ferrari-mondial-t-cabrio-1991\/","og_site_name":"Palau Cars","article_modified_time":"2025-11-06T09:42:50+00:00","og_image":[{"width":2560,"height":1707,"url":"https:\/\/palaucars.net\/wp-content\/uploads\/2023\/09\/ferrari-mondial-t-cabrio-03.jpg","type":"image\/jpeg"}],"twitter_card":"summary_large_image","twitter_misc":{"Temps estimat de lectura":"2 minuts"},"schema":{"@context":"https:\/\/schema.org","@graph":[{"@type":"WebPage","@id":"https:\/\/palaucars.net\/ca\/projects\/ferrari-mondial-t-cabrio-1991\/","url":"https:\/\/palaucars.net\/ca\/projects\/ferrari-mondial-t-cabrio-1991\/","name":"FERRARI Mondial T Cabrio (1991) - Palau Cars","isPartOf":{"@id":"https:\/\/palaucars.net\/#website"},"primaryImageOfPage":{"@id":"https:\/\/palaucars.net\/ca\/projects\/ferrari-mondial-t-cabrio-1991\/#primaryimage"},"image":{"@id":"https:\/\/palaucars.net\/ca\/projects\/ferrari-mondial-t-cabrio-1991\/#primaryimage"},"thumbnailUrl":"https:\/\/palaucars.net\/wp-content\/uploads\/2023\/09\/ferrari-mondial-t-cabrio-03.jpg","datePublished":"2025-11-05T16:44:22+00:00","dateModified":"2025-11-06T09:42:50+00:00","breadcrumb":{"@id":"https:\/\/palaucars.net\/ca\/projects\/ferrari-mondial-t-cabrio-1991\/#breadcrumb"},"inLanguage":"ca","potentialAction":[{"@type":"ReadAction","target":["https:\/\/palaucars.net\/ca\/projects\/ferrari-mondial-t-cabrio-1991\/"]}]},{"@type":"ImageObject","inLanguage":"ca","@id":"https:\/\/palaucars.net\/ca\/projects\/ferrari-mondial-t-cabrio-1991\/#primaryimage","url":"https:\/\/palaucars.net\/wp-content\/uploads\/2023\/09\/ferrari-mondial-t-cabrio-03.jpg","contentUrl":"https:\/\/palaucars.net\/wp-content\/uploads\/2023\/09\/ferrari-mondial-t-cabrio-03.jpg","width":2560,"height":1707,"caption":"Ferrari Mondial T Cabrio,"},{"@type":"BreadcrumbList","@id":"https:\/\/palaucars.net\/ca\/projects\/ferrari-mondial-t-cabrio-1991\/#breadcrumb","itemListElement":[{"@type":"ListItem","position":1,"name":"Portada","item":"https:\/\/palaucars.net\/ca\/"},{"@type":"ListItem","position":2,"name":"Portfolio","item":"https:\/\/palaucars.net\/projects\/"},{"@type":"ListItem","position":3,"name":"FERRARI Mondial T Cabrio (1991)"}]},{"@type":"WebSite","@id":"https:\/\/palaucars.net\/#website","url":"https:\/\/palaucars.net\/","name":"Palau Cars","description":"Especialistas en mantenimiento, reparaci\u00f3n y restauraci\u00f3n de veh\u00edculos cl\u00e1sicos","potentialAction":[{"@type":"SearchAction","target":{"@type":"EntryPoint","urlTemplate":"https:\/\/palaucars.net\/?s={search_term_string}"},"query-input":{"@type":"PropertyValueSpecification","valueRequired":true,"valueName":"search_term_string"}}],"inLanguage":"ca"}]}},"_links":{"self":[{"href":"https:\/\/palaucars.net\/ca\/wp-json\/wp\/v2\/avada_portfolio\/3519","targetHints":{"allow":["GET"]}}],"collection":[{"href":"https:\/\/palaucars.net\/ca\/wp-json\/wp\/v2\/avada_portfolio"}],"about":[{"href":"https:\/\/palaucars.net\/ca\/wp-json\/wp\/v2\/types\/avada_portfolio"}],"author":[{"embeddable":true,"href":"https:\/\/palaucars.net\/ca\/wp-json\/wp\/v2\/users\/1"}],"replies":[{"embeddable":true,"href":"https:\/\/palaucars.net\/ca\/wp-json\/wp\/v2\/comments?post=3519"}],"version-history":[{"count":3,"href":"https:\/\/palaucars.net\/ca\/wp-json\/wp\/v2\/avada_portfolio\/3519\/revisions"}],"predecessor-version":[{"id":3612,"href":"https:\/\/palaucars.net\/ca\/wp-json\/wp\/v2\/avada_portfolio\/3519\/revisions\/3612"}],"wp:featuredmedia":[{"embeddable":true,"href":"https:\/\/palaucars.net\/ca\/wp-json\/wp\/v2\/media\/2927"}],"wp:attachment":[{"href":"https:\/\/palaucars.net\/ca\/wp-json\/wp\/v2\/media?parent=3519"}],"wp:term":[{"taxonomy":"portfolio_category","embeddable":true,"href":"https:\/\/palaucars.net\/ca\/wp-json\/wp\/v2\/portfolio_category?post=3519"},{"taxonomy":"portfolio_skills","embeddable":true,"href":"https:\/\/palaucars.net\/ca\/wp-json\/wp\/v2\/portfolio_skills?post=3519"},{"taxonomy":"portfolio_tags","embeddable":true,"href":"https:\/\/palaucars.net\/ca\/wp-json\/wp\/v2\/portfolio_tags?post=3519"}],"curies":[{"name":"wp","href":"https:\/\/api.w.org\/{rel}","templated":true}]}}