{"id":3522,"date":"2025-11-05T17:44:22","date_gmt":"2025-11-05T16:44:22","guid":{"rendered":"https:\/\/palaucars.net\/projects\/porsche-911-swb-1965\/"},"modified":"2026-01-07T11:07:24","modified_gmt":"2026-01-07T10:07:24","slug":"porsche-911-swb-1965","status":"publish","type":"avada_portfolio","link":"https:\/\/palaucars.net\/ca\/projects\/porsche-911-swb-1965\/","title":{"rendered":"PORSCHE 911 SWB (1965)"},"content":{"rendered":"<div class=\"fusion-fullwidth fullwidth-box fusion-builder-row-1 fusion-flex-container nonhundred-percent-fullwidth non-hundred-percent-height-scrolling\" style=\"--awb-border-radius-top-left:0px;--awb-border-radius-top-right:0px;--awb-border-radius-bottom-right:0px;--awb-border-radius-bottom-left:0px;--awb-flex-wrap:wrap;\" ><div class=\"fusion-builder-row fusion-row fusion-flex-align-items-flex-start fusion-flex-content-wrap\" style=\"max-width:1248px;margin-left: calc(-4% \/ 2 );margin-right: calc(-4% \/ 2 );\"><div class=\"fusion-layout-column fusion_builder_column fusion-builder-column-0 fusion_builder_column_1_1 1_1 fusion-flex-column\" style=\"--awb-bg-size:cover;--awb-width-large:100%;--awb-margin-top-large:0px;--awb-spacing-right-large:1.92%;--awb-margin-bottom-large:0px;--awb-spacing-left-large:1.92%;--awb-width-medium:100%;--awb-spacing-right-medium:1.92%;--awb-spacing-left-medium:1.92%;--awb-width-small:100%;--awb-spacing-right-small:1.92%;--awb-spacing-left-small:1.92%;\"><div class=\"fusion-column-wrapper fusion-flex-justify-content-flex-start fusion-content-layout-column\"><div class=\"fusion-text fusion-text-1\"><p>El Porsche 911 SWB de 1965 es una aut\u00e9ntica leyenda del automovilismo mundial. Fue una de las primeras versiones del ic\u00f3nico 911, el modelo que redefini\u00f3 el concepto de coche deportivo y que sigue siendo, seis d\u00e9cadas despu\u00e9s, el coraz\u00f3n de la marca alemana. La sigla SWB (Short Wheel Base) hace referencia a su \u201cbatalla corta\u201d, de 2.211 mm, una configuraci\u00f3n que le confer\u00eda una agilidad y respuesta muy particulares, y que lo convierte hoy en una de las versiones m\u00e1s buscadas por los coleccionistas.<\/p>\n<p>Dise\u00f1ado bajo la direcci\u00f3n de Ferdinand \u201cButzi\u201d Porsche, el 911 original reemplaz\u00f3 al veterano Porsche 356, combinando elegancia y rendimiento en un formato 2+2. El modelo de 1965 montaba un motor b\u00f3xer de seis cilindros y 1.991 cc, con refrigeraci\u00f3n por aire, que desarrollaba 130 CV a 6.100 rpm. Gracias a su bajo peso \u2014poco m\u00e1s de 1.000 kg\u2014 alcanzaba una velocidad m\u00e1xima cercana a los 210 km\/h, una cifra impresionante para un deportivo de calle de mediados de los sesenta.<\/p>\n<p>Su estructura ligera, su chasis equilibrado y su distintiva tracci\u00f3n trasera ofrec\u00edan una experiencia de conducci\u00f3n pura, aunque exigente. El SWB se caracterizaba por su comportamiento \u00e1gil, aunque algo nervioso al l\u00edmite, lo que m\u00e1s tarde llev\u00f3 a Porsche a alargar la batalla en las versiones posteriores (LWB) para mejorar la estabilidad.<\/p>\n<p>Est\u00e9ticamente, el 911 SWB conserva la pureza original del dise\u00f1o: faros redondeados, l\u00edneas limpias y una silueta que se ha convertido en s\u00edmbolo de la marca. El interior, con su caracter\u00edstico cuadro de cinco relojes y materiales de alta calidad, reflejaba la obsesi\u00f3n de Porsche por la funcionalidad y la precisi\u00f3n.<\/p>\n<p>Hoy, el Porsche 911 SWB (1965) es una pieza de colecci\u00f3n extremadamente valorada. Representa el nacimiento de una leyenda y la esencia del \u201cesp\u00edritu Porsche\u201d: ingenier\u00eda brillante, dise\u00f1o atemporal y emoci\u00f3n en cada curva.<\/p>\n<\/div><div class=\"awb-gallery-wrapper awb-gallery-wrapper-1 button-span-no\" style=\"--more-btn-alignment:center;\"><div style=\"margin:-5px;--awb-bordersize:0px;\" class=\"fusion-gallery fusion-gallery-container fusion-grid-3 fusion-columns-total-5 fusion-gallery-layout-grid fusion-gallery-1\"><div style=\"padding:5px;\" class=\"fusion-grid-column fusion-gallery-column fusion-gallery-column-3 hover-type-none\"><div class=\"fusion-gallery-image\"><a href=\"https:\/\/palaucars.net\/wp-content\/uploads\/2025\/11\/PORSCHE-911-SWB-1-scaled.jpg\" rel=\"noreferrer\" data-rel=\"iLightbox[gallery_image_1]\" class=\"fusion-lightbox\" target=\"_self\"><img decoding=\"async\" src=\"https:\/\/palaucars.net\/wp-content\/uploads\/2025\/11\/PORSCHE-911-SWB-1-scaled.jpg\" width=\"1707\" height=\"2560\" alt=\"\" title=\"PORSCHE-911-SWB-1\" aria-label=\"PORSCHE-911-SWB-1\" class=\"img-responsive wp-image-3711\" srcset=\"https:\/\/palaucars.net\/wp-content\/uploads\/2025\/11\/PORSCHE-911-SWB-1-200x300.jpg 200w, https:\/\/palaucars.net\/wp-content\/uploads\/2025\/11\/PORSCHE-911-SWB-1-400x600.jpg 400w, https:\/\/palaucars.net\/wp-content\/uploads\/2025\/11\/PORSCHE-911-SWB-1-600x900.jpg 600w, https:\/\/palaucars.net\/wp-content\/uploads\/2025\/11\/PORSCHE-911-SWB-1-800x1200.jpg 800w, https:\/\/palaucars.net\/wp-content\/uploads\/2025\/11\/PORSCHE-911-SWB-1-1200x1800.jpg 1200w, https:\/\/palaucars.net\/wp-content\/uploads\/2025\/11\/PORSCHE-911-SWB-1-scaled.jpg 1707w\" sizes=\"(min-width: 2200px) 100vw, (min-width: 784px) 397px, (min-width: 712px) 595px, (min-width: 640px) 712px, \" \/><\/a><\/div><\/div><div style=\"padding:5px;\" class=\"fusion-grid-column fusion-gallery-column fusion-gallery-column-3 hover-type-none\"><div class=\"fusion-gallery-image\"><a href=\"https:\/\/palaucars.net\/wp-content\/uploads\/2025\/11\/PORSCHE-911-SWB-2-scaled.jpg\" rel=\"noreferrer\" data-rel=\"iLightbox[gallery_image_1]\" class=\"fusion-lightbox\" target=\"_self\"><img decoding=\"async\" src=\"https:\/\/palaucars.net\/wp-content\/uploads\/2025\/11\/PORSCHE-911-SWB-2-scaled.jpg\" width=\"1707\" height=\"2560\" alt=\"\" title=\"PORSCHE-911-SWB-2\" aria-label=\"PORSCHE-911-SWB-2\" class=\"img-responsive wp-image-3713\" srcset=\"https:\/\/palaucars.net\/wp-content\/uploads\/2025\/11\/PORSCHE-911-SWB-2-200x300.jpg 200w, https:\/\/palaucars.net\/wp-content\/uploads\/2025\/11\/PORSCHE-911-SWB-2-400x600.jpg 400w, https:\/\/palaucars.net\/wp-content\/uploads\/2025\/11\/PORSCHE-911-SWB-2-600x900.jpg 600w, https:\/\/palaucars.net\/wp-content\/uploads\/2025\/11\/PORSCHE-911-SWB-2-800x1200.jpg 800w, https:\/\/palaucars.net\/wp-content\/uploads\/2025\/11\/PORSCHE-911-SWB-2-1200x1800.jpg 1200w, https:\/\/palaucars.net\/wp-content\/uploads\/2025\/11\/PORSCHE-911-SWB-2-scaled.jpg 1707w\" sizes=\"(min-width: 2200px) 100vw, (min-width: 784px) 397px, (min-width: 712px) 595px, (min-width: 640px) 712px, \" \/><\/a><\/div><\/div><div style=\"padding:5px;\" class=\"fusion-grid-column fusion-gallery-column fusion-gallery-column-3 hover-type-none\"><div class=\"fusion-gallery-image\"><a href=\"https:\/\/palaucars.net\/wp-content\/uploads\/2025\/11\/PORSCHE-911-SWB-3.jpg\" rel=\"noreferrer\" data-rel=\"iLightbox[gallery_image_1]\" class=\"fusion-lightbox\" target=\"_self\"><img decoding=\"async\" src=\"https:\/\/palaucars.net\/wp-content\/uploads\/2025\/11\/PORSCHE-911-SWB-3.jpg\" width=\"1920\" height=\"1280\" alt=\"\" title=\"PORSCHE-911-SWB-3\" aria-label=\"PORSCHE-911-SWB-3\" class=\"img-responsive wp-image-3715\" srcset=\"https:\/\/palaucars.net\/wp-content\/uploads\/2025\/11\/PORSCHE-911-SWB-3-200x133.jpg 200w, https:\/\/palaucars.net\/wp-content\/uploads\/2025\/11\/PORSCHE-911-SWB-3-400x267.jpg 400w, https:\/\/palaucars.net\/wp-content\/uploads\/2025\/11\/PORSCHE-911-SWB-3-600x400.jpg 600w, https:\/\/palaucars.net\/wp-content\/uploads\/2025\/11\/PORSCHE-911-SWB-3-800x533.jpg 800w, https:\/\/palaucars.net\/wp-content\/uploads\/2025\/11\/PORSCHE-911-SWB-3-1200x800.jpg 1200w, https:\/\/palaucars.net\/wp-content\/uploads\/2025\/11\/PORSCHE-911-SWB-3.jpg 1920w\" sizes=\"(min-width: 2200px) 100vw, (min-width: 784px) 397px, (min-width: 712px) 595px, (min-width: 640px) 712px, \" \/><\/a><\/div><\/div><div class=\"clearfix\"><\/div><div style=\"padding:5px;\" class=\"fusion-grid-column fusion-gallery-column fusion-gallery-column-3 hover-type-none\"><div class=\"fusion-gallery-image\"><a href=\"https:\/\/palaucars.net\/wp-content\/uploads\/2025\/11\/PORSCHE-911-SWB-4.jpg\" rel=\"noreferrer\" data-rel=\"iLightbox[gallery_image_1]\" class=\"fusion-lightbox\" target=\"_self\"><img decoding=\"async\" src=\"https:\/\/palaucars.net\/wp-content\/uploads\/2025\/11\/PORSCHE-911-SWB-4.jpg\" width=\"1920\" height=\"1280\" alt=\"\" title=\"PORSCHE-911-SWB-4\" aria-label=\"PORSCHE-911-SWB-4\" class=\"img-responsive wp-image-3717\" srcset=\"https:\/\/palaucars.net\/wp-content\/uploads\/2025\/11\/PORSCHE-911-SWB-4-200x133.jpg 200w, https:\/\/palaucars.net\/wp-content\/uploads\/2025\/11\/PORSCHE-911-SWB-4-400x267.jpg 400w, https:\/\/palaucars.net\/wp-content\/uploads\/2025\/11\/PORSCHE-911-SWB-4-600x400.jpg 600w, https:\/\/palaucars.net\/wp-content\/uploads\/2025\/11\/PORSCHE-911-SWB-4-800x533.jpg 800w, https:\/\/palaucars.net\/wp-content\/uploads\/2025\/11\/PORSCHE-911-SWB-4-1200x800.jpg 1200w, https:\/\/palaucars.net\/wp-content\/uploads\/2025\/11\/PORSCHE-911-SWB-4.jpg 1920w\" sizes=\"(min-width: 2200px) 100vw, (min-width: 784px) 397px, (min-width: 712px) 595px, (min-width: 640px) 712px, \" \/><\/a><\/div><\/div><div style=\"padding:5px;\" class=\"fusion-grid-column fusion-gallery-column fusion-gallery-column-3 hover-type-none\"><div class=\"fusion-gallery-image\"><a href=\"https:\/\/palaucars.net\/wp-content\/uploads\/2025\/11\/PORSCHE-911-SWB-5.jpg\" rel=\"noreferrer\" data-rel=\"iLightbox[gallery_image_1]\" class=\"fusion-lightbox\" target=\"_self\"><img decoding=\"async\" src=\"https:\/\/palaucars.net\/wp-content\/uploads\/2025\/11\/PORSCHE-911-SWB-5.jpg\" width=\"1920\" height=\"1123\" alt=\"\" title=\"PORSCHE-911-SWB-5\" aria-label=\"PORSCHE-911-SWB-5\" class=\"img-responsive wp-image-3719\" srcset=\"https:\/\/palaucars.net\/wp-content\/uploads\/2025\/11\/PORSCHE-911-SWB-5-200x117.jpg 200w, https:\/\/palaucars.net\/wp-content\/uploads\/2025\/11\/PORSCHE-911-SWB-5-400x234.jpg 400w, https:\/\/palaucars.net\/wp-content\/uploads\/2025\/11\/PORSCHE-911-SWB-5-600x351.jpg 600w, https:\/\/palaucars.net\/wp-content\/uploads\/2025\/11\/PORSCHE-911-SWB-5-800x468.jpg 800w, https:\/\/palaucars.net\/wp-content\/uploads\/2025\/11\/PORSCHE-911-SWB-5-1200x702.jpg 1200w, https:\/\/palaucars.net\/wp-content\/uploads\/2025\/11\/PORSCHE-911-SWB-5.jpg 1920w\" sizes=\"(min-width: 2200px) 100vw, (min-width: 784px) 397px, (min-width: 712px) 595px, (min-width: 640px) 712px, \" \/><\/a><\/div><\/div><\/div><\/div><\/div><\/div><\/div><\/div>\n","protected":false},"excerpt":{"rendered":"","protected":false},"author":1,"featured_media":3715,"menu_order":0,"comment_status":"open","ping_status":"open","template":"","format":"standard","meta":{"footnotes":""},"portfolio_category":[],"portfolio_skills":[],"portfolio_tags":[],"class_list":["post-3522","avada_portfolio","type-avada_portfolio","status-publish","format-standard","has-post-thumbnail","hentry"],"yoast_head":"<!-- This site is optimized with the Yoast SEO plugin v26.0 - https:\/\/yoast.com\/wordpress\/plugins\/seo\/ -->\n<title>PORSCHE 911 SWB (1965) - Palau Cars<\/title>\n<meta name=\"robots\" content=\"index, follow, max-snippet:-1, max-image-preview:large, max-video-preview:-1\" \/>\n<link rel=\"canonical\" href=\"https:\/\/palaucars.net\/ca\/projects\/porsche-911-swb-1965\/\" \/>\n<meta property=\"og:locale\" content=\"ca_ES\" \/>\n<meta property=\"og:type\" content=\"article\" \/>\n<meta property=\"og:title\" content=\"PORSCHE 911 SWB (1965) - Palau Cars\" \/>\n<meta property=\"og:url\" content=\"https:\/\/palaucars.net\/ca\/projects\/porsche-911-swb-1965\/\" \/>\n<meta property=\"og:site_name\" content=\"Palau Cars\" \/>\n<meta property=\"article:modified_time\" content=\"2026-01-07T10:07:24+00:00\" \/>\n<meta property=\"og:image\" content=\"https:\/\/palaucars.net\/wp-content\/uploads\/2025\/11\/PORSCHE-911-SWB-3.jpg\" \/>\n\t<meta property=\"og:image:width\" content=\"1920\" \/>\n\t<meta property=\"og:image:height\" content=\"1280\" \/>\n\t<meta property=\"og:image:type\" content=\"image\/jpeg\" \/>\n<meta name=\"twitter:card\" content=\"summary_large_image\" \/>\n<meta name=\"twitter:label1\" content=\"Temps estimat de lectura\" \/>\n\t<meta name=\"twitter:data1\" content=\"2 minuts\" \/>\n<script type=\"application\/ld+json\" class=\"yoast-schema-graph\">{\"@context\":\"https:\/\/schema.org\",\"@graph\":[{\"@type\":\"WebPage\",\"@id\":\"https:\/\/palaucars.net\/ca\/projects\/porsche-911-swb-1965\/\",\"url\":\"https:\/\/palaucars.net\/ca\/projects\/porsche-911-swb-1965\/\",\"name\":\"PORSCHE 911 SWB (1965) - Palau Cars\",\"isPartOf\":{\"@id\":\"https:\/\/palaucars.net\/#website\"},\"primaryImageOfPage\":{\"@id\":\"https:\/\/palaucars.net\/ca\/projects\/porsche-911-swb-1965\/#primaryimage\"},\"image\":{\"@id\":\"https:\/\/palaucars.net\/ca\/projects\/porsche-911-swb-1965\/#primaryimage\"},\"thumbnailUrl\":\"https:\/\/palaucars.net\/wp-content\/uploads\/2025\/11\/PORSCHE-911-SWB-3.jpg\",\"datePublished\":\"2025-11-05T16:44:22+00:00\",\"dateModified\":\"2026-01-07T10:07:24+00:00\",\"breadcrumb\":{\"@id\":\"https:\/\/palaucars.net\/ca\/projects\/porsche-911-swb-1965\/#breadcrumb\"},\"inLanguage\":\"ca\",\"potentialAction\":[{\"@type\":\"ReadAction\",\"target\":[\"https:\/\/palaucars.net\/ca\/projects\/porsche-911-swb-1965\/\"]}]},{\"@type\":\"ImageObject\",\"inLanguage\":\"ca\",\"@id\":\"https:\/\/palaucars.net\/ca\/projects\/porsche-911-swb-1965\/#primaryimage\",\"url\":\"https:\/\/palaucars.net\/wp-content\/uploads\/2025\/11\/PORSCHE-911-SWB-3.jpg\",\"contentUrl\":\"https:\/\/palaucars.net\/wp-content\/uploads\/2025\/11\/PORSCHE-911-SWB-3.jpg\",\"width\":1920,\"height\":1280},{\"@type\":\"BreadcrumbList\",\"@id\":\"https:\/\/palaucars.net\/ca\/projects\/porsche-911-swb-1965\/#breadcrumb\",\"itemListElement\":[{\"@type\":\"ListItem\",\"position\":1,\"name\":\"Portada\",\"item\":\"https:\/\/palaucars.net\/ca\/\"},{\"@type\":\"ListItem\",\"position\":2,\"name\":\"Portfolio\",\"item\":\"https:\/\/palaucars.net\/projects\/\"},{\"@type\":\"ListItem\",\"position\":3,\"name\":\"PORSCHE 911 SWB (1965)\"}]},{\"@type\":\"WebSite\",\"@id\":\"https:\/\/palaucars.net\/#website\",\"url\":\"https:\/\/palaucars.net\/\",\"name\":\"Palau Cars\",\"description\":\"Especialistas en mantenimiento, reparaci\u00f3n y restauraci\u00f3n de veh\u00edculos cl\u00e1sicos\",\"potentialAction\":[{\"@type\":\"SearchAction\",\"target\":{\"@type\":\"EntryPoint\",\"urlTemplate\":\"https:\/\/palaucars.net\/?s={search_term_string}\"},\"query-input\":{\"@type\":\"PropertyValueSpecification\",\"valueRequired\":true,\"valueName\":\"search_term_string\"}}],\"inLanguage\":\"ca\"}]}<\/script>\n<!-- \/ Yoast SEO plugin. -->","yoast_head_json":{"title":"PORSCHE 911 SWB (1965) - Palau Cars","robots":{"index":"index","follow":"follow","max-snippet":"max-snippet:-1","max-image-preview":"max-image-preview:large","max-video-preview":"max-video-preview:-1"},"canonical":"https:\/\/palaucars.net\/ca\/projects\/porsche-911-swb-1965\/","og_locale":"ca_ES","og_type":"article","og_title":"PORSCHE 911 SWB (1965) - Palau Cars","og_url":"https:\/\/palaucars.net\/ca\/projects\/porsche-911-swb-1965\/","og_site_name":"Palau Cars","article_modified_time":"2026-01-07T10:07:24+00:00","og_image":[{"width":1920,"height":1280,"url":"https:\/\/palaucars.net\/wp-content\/uploads\/2025\/11\/PORSCHE-911-SWB-3.jpg","type":"image\/jpeg"}],"twitter_card":"summary_large_image","twitter_misc":{"Temps estimat de lectura":"2 minuts"},"schema":{"@context":"https:\/\/schema.org","@graph":[{"@type":"WebPage","@id":"https:\/\/palaucars.net\/ca\/projects\/porsche-911-swb-1965\/","url":"https:\/\/palaucars.net\/ca\/projects\/porsche-911-swb-1965\/","name":"PORSCHE 911 SWB (1965) - Palau Cars","isPartOf":{"@id":"https:\/\/palaucars.net\/#website"},"primaryImageOfPage":{"@id":"https:\/\/palaucars.net\/ca\/projects\/porsche-911-swb-1965\/#primaryimage"},"image":{"@id":"https:\/\/palaucars.net\/ca\/projects\/porsche-911-swb-1965\/#primaryimage"},"thumbnailUrl":"https:\/\/palaucars.net\/wp-content\/uploads\/2025\/11\/PORSCHE-911-SWB-3.jpg","datePublished":"2025-11-05T16:44:22+00:00","dateModified":"2026-01-07T10:07:24+00:00","breadcrumb":{"@id":"https:\/\/palaucars.net\/ca\/projects\/porsche-911-swb-1965\/#breadcrumb"},"inLanguage":"ca","potentialAction":[{"@type":"ReadAction","target":["https:\/\/palaucars.net\/ca\/projects\/porsche-911-swb-1965\/"]}]},{"@type":"ImageObject","inLanguage":"ca","@id":"https:\/\/palaucars.net\/ca\/projects\/porsche-911-swb-1965\/#primaryimage","url":"https:\/\/palaucars.net\/wp-content\/uploads\/2025\/11\/PORSCHE-911-SWB-3.jpg","contentUrl":"https:\/\/palaucars.net\/wp-content\/uploads\/2025\/11\/PORSCHE-911-SWB-3.jpg","width":1920,"height":1280},{"@type":"BreadcrumbList","@id":"https:\/\/palaucars.net\/ca\/projects\/porsche-911-swb-1965\/#breadcrumb","itemListElement":[{"@type":"ListItem","position":1,"name":"Portada","item":"https:\/\/palaucars.net\/ca\/"},{"@type":"ListItem","position":2,"name":"Portfolio","item":"https:\/\/palaucars.net\/projects\/"},{"@type":"ListItem","position":3,"name":"PORSCHE 911 SWB (1965)"}]},{"@type":"WebSite","@id":"https:\/\/palaucars.net\/#website","url":"https:\/\/palaucars.net\/","name":"Palau Cars","description":"Especialistas en mantenimiento, reparaci\u00f3n y restauraci\u00f3n de veh\u00edculos cl\u00e1sicos","potentialAction":[{"@type":"SearchAction","target":{"@type":"EntryPoint","urlTemplate":"https:\/\/palaucars.net\/?s={search_term_string}"},"query-input":{"@type":"PropertyValueSpecification","valueRequired":true,"valueName":"search_term_string"}}],"inLanguage":"ca"}]}},"_links":{"self":[{"href":"https:\/\/palaucars.net\/ca\/wp-json\/wp\/v2\/avada_portfolio\/3522","targetHints":{"allow":["GET"]}}],"collection":[{"href":"https:\/\/palaucars.net\/ca\/wp-json\/wp\/v2\/avada_portfolio"}],"about":[{"href":"https:\/\/palaucars.net\/ca\/wp-json\/wp\/v2\/types\/avada_portfolio"}],"author":[{"embeddable":true,"href":"https:\/\/palaucars.net\/ca\/wp-json\/wp\/v2\/users\/1"}],"replies":[{"embeddable":true,"href":"https:\/\/palaucars.net\/ca\/wp-json\/wp\/v2\/comments?post=3522"}],"version-history":[{"count":2,"href":"https:\/\/palaucars.net\/ca\/wp-json\/wp\/v2\/avada_portfolio\/3522\/revisions"}],"predecessor-version":[{"id":3721,"href":"https:\/\/palaucars.net\/ca\/wp-json\/wp\/v2\/avada_portfolio\/3522\/revisions\/3721"}],"wp:featuredmedia":[{"embeddable":true,"href":"https:\/\/palaucars.net\/ca\/wp-json\/wp\/v2\/media\/3715"}],"wp:attachment":[{"href":"https:\/\/palaucars.net\/ca\/wp-json\/wp\/v2\/media?parent=3522"}],"wp:term":[{"taxonomy":"portfolio_category","embeddable":true,"href":"https:\/\/palaucars.net\/ca\/wp-json\/wp\/v2\/portfolio_category?post=3522"},{"taxonomy":"portfolio_skills","embeddable":true,"href":"https:\/\/palaucars.net\/ca\/wp-json\/wp\/v2\/portfolio_skills?post=3522"},{"taxonomy":"portfolio_tags","embeddable":true,"href":"https:\/\/palaucars.net\/ca\/wp-json\/wp\/v2\/portfolio_tags?post=3522"}],"curies":[{"name":"wp","href":"https:\/\/api.w.org\/{rel}","templated":true}]}}