{"id":3525,"date":"2025-11-05T17:44:22","date_gmt":"2025-11-05T16:44:22","guid":{"rendered":"https:\/\/palaucars.net\/projects\/seat-600d-descapotable-1966\/"},"modified":"2026-01-07T09:44:35","modified_gmt":"2026-01-07T08:44:35","slug":"seat-600d-descapotable-1966","status":"publish","type":"avada_portfolio","link":"https:\/\/palaucars.net\/ca\/projects\/seat-600d-descapotable-1966\/","title":{"rendered":"SEAT 600D Descapotable (1966)"},"content":{"rendered":"<div class=\"fusion-fullwidth fullwidth-box fusion-builder-row-1 fusion-flex-container nonhundred-percent-fullwidth non-hundred-percent-height-scrolling\" style=\"--awb-border-radius-top-left:0px;--awb-border-radius-top-right:0px;--awb-border-radius-bottom-right:0px;--awb-border-radius-bottom-left:0px;--awb-flex-wrap:wrap;\" ><div class=\"fusion-builder-row fusion-row fusion-flex-align-items-flex-start fusion-flex-content-wrap\" style=\"max-width:1248px;margin-left: calc(-4% \/ 2 );margin-right: calc(-4% \/ 2 );\"><div class=\"fusion-layout-column fusion_builder_column fusion-builder-column-0 fusion_builder_column_1_1 1_1 fusion-flex-column\" style=\"--awb-bg-size:cover;--awb-width-large:100%;--awb-margin-top-large:0px;--awb-spacing-right-large:1.92%;--awb-margin-bottom-large:0px;--awb-spacing-left-large:1.92%;--awb-width-medium:100%;--awb-spacing-right-medium:1.92%;--awb-spacing-left-medium:1.92%;--awb-width-small:100%;--awb-spacing-right-small:1.92%;--awb-spacing-left-small:1.92%;\"><div class=\"fusion-column-wrapper fusion-flex-justify-content-flex-start fusion-content-layout-column\"><div class=\"fusion-text fusion-text-1\"><p>El SEAT 600D Descapotable de 1966 representa una de las variantes m\u00e1s entra\u00f1ables y elegantes del m\u00edtico utilitario espa\u00f1ol. En plena d\u00e9cada de los sesenta, el SEAT 600 ya se hab\u00eda convertido en el s\u00edmbolo del progreso social y econ\u00f3mico del pa\u00eds. La versi\u00f3n Descapotable ofrec\u00eda una nueva dimensi\u00f3n: la misma practicidad y fiabilidad del modelo base, pero con el encanto y la libertad de la conducci\u00f3n al aire libre.<\/p>\n<p>Derivado del SEAT 600D, esta versi\u00f3n manten\u00eda el motor trasero de cuatro cilindros y 767 cc, que entregaba unos 25 CV. Gracias a su ligereza \u2014poco m\u00e1s de 600 kg\u2014 pod\u00eda alcanzar velocidades cercanas a los 100 km\/h. Su caja de cambios manual de cuatro velocidades y su direcci\u00f3n directa lo hac\u00edan f\u00e1cil de conducir y de mantener, algo fundamental en una Espa\u00f1a donde el autom\u00f3vil era todav\u00eda un lujo para muchos.<\/p>\n<p>El Descapotable no era un descapotable completo, sino una versi\u00f3n con techo de lona retr\u00e1ctil que se enrollaba hasta el port\u00f3n trasero, manteniendo los marcos laterales. Esta soluci\u00f3n, heredada del Fiat 600 Transformabile, permit\u00eda disfrutar del sol y del aire sin comprometer la rigidez estructural del veh\u00edculo. Su aspecto alegre y desenfadado lo convirti\u00f3 en un icono de los veranos espa\u00f1oles, muy popular entre j\u00f3venes y familias que empezaban a disfrutar de sus primeras vacaciones motorizadas.<\/p>\n<p>El SEAT 600D Descapotable encarna la felicidad y la sencillez de una \u00e9poca. M\u00e1s que un coche, era un s\u00edmbolo de libertad, de carretera y de futuro. Hoy, los pocos ejemplares que sobreviven son aut\u00e9nticas piezas de colecci\u00f3n, restauradas con mimo y admiradas en concentraciones de cl\u00e1sicos. Su mezcla de nostalgia, historia y encanto mediterr\u00e1neo lo mantiene como uno de los SEAT m\u00e1s queridos de todos los tiempos.<\/p>\n<\/div><div class=\"awb-gallery-wrapper awb-gallery-wrapper-1 button-span-no\" style=\"--more-btn-alignment:center;\"><div style=\"margin:-5px;--awb-bordersize:0px;\" class=\"fusion-gallery fusion-gallery-container fusion-grid-3 fusion-columns-total-4 fusion-gallery-layout-grid fusion-gallery-1\"><div style=\"padding:5px;\" class=\"fusion-grid-column fusion-gallery-column fusion-gallery-column-3 hover-type-none\"><div class=\"fusion-gallery-image\"><a href=\"https:\/\/palaucars.net\/wp-content\/uploads\/2025\/11\/SEAT-600-D-DESCAPOTABLE-ORENSE-1-scaled.jpg\" rel=\"noreferrer\" data-rel=\"iLightbox[gallery_image_1]\" class=\"fusion-lightbox\" target=\"_self\"><img decoding=\"async\" src=\"https:\/\/palaucars.net\/wp-content\/uploads\/2025\/11\/SEAT-600-D-DESCAPOTABLE-ORENSE-1-scaled.jpg\" width=\"2560\" height=\"1707\" alt=\"\" title=\"SEAT 600 D DESCAPOTABLE ORENSE 1\" aria-label=\"SEAT 600 D DESCAPOTABLE ORENSE 1\" class=\"img-responsive wp-image-3620\" srcset=\"https:\/\/palaucars.net\/wp-content\/uploads\/2025\/11\/SEAT-600-D-DESCAPOTABLE-ORENSE-1-200x133.jpg 200w, https:\/\/palaucars.net\/wp-content\/uploads\/2025\/11\/SEAT-600-D-DESCAPOTABLE-ORENSE-1-400x267.jpg 400w, https:\/\/palaucars.net\/wp-content\/uploads\/2025\/11\/SEAT-600-D-DESCAPOTABLE-ORENSE-1-600x400.jpg 600w, https:\/\/palaucars.net\/wp-content\/uploads\/2025\/11\/SEAT-600-D-DESCAPOTABLE-ORENSE-1-800x533.jpg 800w, https:\/\/palaucars.net\/wp-content\/uploads\/2025\/11\/SEAT-600-D-DESCAPOTABLE-ORENSE-1-1200x800.jpg 1200w, https:\/\/palaucars.net\/wp-content\/uploads\/2025\/11\/SEAT-600-D-DESCAPOTABLE-ORENSE-1-scaled.jpg 2560w\" sizes=\"(min-width: 2200px) 100vw, (min-width: 784px) 397px, (min-width: 712px) 595px, (min-width: 640px) 712px, \" \/><\/a><\/div><\/div><div style=\"padding:5px;\" class=\"fusion-grid-column fusion-gallery-column fusion-gallery-column-3 hover-type-none\"><div class=\"fusion-gallery-image\"><a href=\"https:\/\/palaucars.net\/wp-content\/uploads\/2025\/11\/SEAT-600-D-DESCAPOTABLE-ORENSE-2-scaled.jpg\" rel=\"noreferrer\" data-rel=\"iLightbox[gallery_image_1]\" class=\"fusion-lightbox\" target=\"_self\"><img decoding=\"async\" src=\"https:\/\/palaucars.net\/wp-content\/uploads\/2025\/11\/SEAT-600-D-DESCAPOTABLE-ORENSE-2-scaled.jpg\" width=\"2560\" height=\"1707\" alt=\"\" title=\"SEAT 600 D DESCAPOTABLE ORENSE 2\" aria-label=\"SEAT 600 D DESCAPOTABLE ORENSE 2\" class=\"img-responsive wp-image-3622\" srcset=\"https:\/\/palaucars.net\/wp-content\/uploads\/2025\/11\/SEAT-600-D-DESCAPOTABLE-ORENSE-2-200x133.jpg 200w, https:\/\/palaucars.net\/wp-content\/uploads\/2025\/11\/SEAT-600-D-DESCAPOTABLE-ORENSE-2-400x267.jpg 400w, https:\/\/palaucars.net\/wp-content\/uploads\/2025\/11\/SEAT-600-D-DESCAPOTABLE-ORENSE-2-600x400.jpg 600w, https:\/\/palaucars.net\/wp-content\/uploads\/2025\/11\/SEAT-600-D-DESCAPOTABLE-ORENSE-2-800x533.jpg 800w, https:\/\/palaucars.net\/wp-content\/uploads\/2025\/11\/SEAT-600-D-DESCAPOTABLE-ORENSE-2-1200x800.jpg 1200w, https:\/\/palaucars.net\/wp-content\/uploads\/2025\/11\/SEAT-600-D-DESCAPOTABLE-ORENSE-2-scaled.jpg 2560w\" sizes=\"(min-width: 2200px) 100vw, (min-width: 784px) 397px, (min-width: 712px) 595px, (min-width: 640px) 712px, \" \/><\/a><\/div><\/div><div style=\"padding:5px;\" class=\"fusion-grid-column fusion-gallery-column fusion-gallery-column-3 hover-type-none\"><div class=\"fusion-gallery-image\"><a href=\"https:\/\/palaucars.net\/wp-content\/uploads\/2025\/11\/SEAT-600-D-DESCAPOTABLE-ORENSE-3-scaled.jpg\" rel=\"noreferrer\" data-rel=\"iLightbox[gallery_image_1]\" class=\"fusion-lightbox\" target=\"_self\"><img decoding=\"async\" src=\"https:\/\/palaucars.net\/wp-content\/uploads\/2025\/11\/SEAT-600-D-DESCAPOTABLE-ORENSE-3-scaled.jpg\" width=\"2560\" height=\"1707\" alt=\"\" title=\"SEAT 600 D DESCAPOTABLE ORENSE 3\" aria-label=\"SEAT 600 D DESCAPOTABLE ORENSE 3\" class=\"img-responsive wp-image-3626\" srcset=\"https:\/\/palaucars.net\/wp-content\/uploads\/2025\/11\/SEAT-600-D-DESCAPOTABLE-ORENSE-3-200x133.jpg 200w, https:\/\/palaucars.net\/wp-content\/uploads\/2025\/11\/SEAT-600-D-DESCAPOTABLE-ORENSE-3-400x267.jpg 400w, https:\/\/palaucars.net\/wp-content\/uploads\/2025\/11\/SEAT-600-D-DESCAPOTABLE-ORENSE-3-600x400.jpg 600w, https:\/\/palaucars.net\/wp-content\/uploads\/2025\/11\/SEAT-600-D-DESCAPOTABLE-ORENSE-3-800x533.jpg 800w, https:\/\/palaucars.net\/wp-content\/uploads\/2025\/11\/SEAT-600-D-DESCAPOTABLE-ORENSE-3-1200x800.jpg 1200w, https:\/\/palaucars.net\/wp-content\/uploads\/2025\/11\/SEAT-600-D-DESCAPOTABLE-ORENSE-3-scaled.jpg 2560w\" sizes=\"(min-width: 2200px) 100vw, (min-width: 784px) 397px, (min-width: 712px) 595px, (min-width: 640px) 712px, \" \/><\/a><\/div><\/div><div class=\"clearfix\"><\/div><div style=\"padding:5px;\" class=\"fusion-grid-column fusion-gallery-column fusion-gallery-column-3 hover-type-none\"><div class=\"fusion-gallery-image\"><a href=\"https:\/\/palaucars.net\/wp-content\/uploads\/2025\/11\/SEAT-600-D-DESCAPOTABLE-ORENSE-4-scaled.jpg\" rel=\"noreferrer\" data-rel=\"iLightbox[gallery_image_1]\" class=\"fusion-lightbox\" target=\"_self\"><img decoding=\"async\" src=\"https:\/\/palaucars.net\/wp-content\/uploads\/2025\/11\/SEAT-600-D-DESCAPOTABLE-ORENSE-4-scaled.jpg\" width=\"2560\" height=\"1707\" alt=\"\" title=\"SEAT 600 D DESCAPOTABLE ORENSE 4\" aria-label=\"SEAT 600 D DESCAPOTABLE ORENSE 4\" class=\"img-responsive wp-image-3628\" srcset=\"https:\/\/palaucars.net\/wp-content\/uploads\/2025\/11\/SEAT-600-D-DESCAPOTABLE-ORENSE-4-200x133.jpg 200w, https:\/\/palaucars.net\/wp-content\/uploads\/2025\/11\/SEAT-600-D-DESCAPOTABLE-ORENSE-4-400x267.jpg 400w, https:\/\/palaucars.net\/wp-content\/uploads\/2025\/11\/SEAT-600-D-DESCAPOTABLE-ORENSE-4-600x400.jpg 600w, https:\/\/palaucars.net\/wp-content\/uploads\/2025\/11\/SEAT-600-D-DESCAPOTABLE-ORENSE-4-800x533.jpg 800w, https:\/\/palaucars.net\/wp-content\/uploads\/2025\/11\/SEAT-600-D-DESCAPOTABLE-ORENSE-4-1200x800.jpg 1200w, https:\/\/palaucars.net\/wp-content\/uploads\/2025\/11\/SEAT-600-D-DESCAPOTABLE-ORENSE-4-scaled.jpg 2560w\" sizes=\"(min-width: 2200px) 100vw, (min-width: 784px) 397px, (min-width: 712px) 595px, (min-width: 640px) 712px, \" \/><\/a><\/div><\/div><\/div><\/div><\/div><\/div><\/div><\/div>\n","protected":false},"excerpt":{"rendered":"","protected":false},"author":1,"featured_media":3620,"menu_order":0,"comment_status":"open","ping_status":"open","template":"","format":"standard","meta":{"footnotes":""},"portfolio_category":[],"portfolio_skills":[],"portfolio_tags":[],"class_list":["post-3525","avada_portfolio","type-avada_portfolio","status-publish","format-standard","has-post-thumbnail","hentry"],"yoast_head":"<!-- This site is optimized with the Yoast SEO plugin v26.0 - https:\/\/yoast.com\/wordpress\/plugins\/seo\/ -->\n<title>SEAT 600D Descapotable (1966) - Palau Cars<\/title>\n<meta name=\"robots\" content=\"index, follow, max-snippet:-1, max-image-preview:large, max-video-preview:-1\" \/>\n<link rel=\"canonical\" href=\"https:\/\/palaucars.net\/ca\/projects\/seat-600d-descapotable-1966\/\" \/>\n<meta property=\"og:locale\" content=\"ca_ES\" \/>\n<meta property=\"og:type\" content=\"article\" \/>\n<meta property=\"og:title\" content=\"SEAT 600D Descapotable (1966) - Palau Cars\" \/>\n<meta property=\"og:url\" content=\"https:\/\/palaucars.net\/ca\/projects\/seat-600d-descapotable-1966\/\" \/>\n<meta property=\"og:site_name\" content=\"Palau Cars\" \/>\n<meta property=\"article:modified_time\" content=\"2026-01-07T08:44:35+00:00\" \/>\n<meta property=\"og:image\" content=\"https:\/\/palaucars.net\/wp-content\/uploads\/2025\/11\/SEAT-600-D-DESCAPOTABLE-ORENSE-1-scaled.jpg\" \/>\n\t<meta property=\"og:image:width\" content=\"2560\" \/>\n\t<meta property=\"og:image:height\" content=\"1707\" \/>\n\t<meta property=\"og:image:type\" content=\"image\/jpeg\" \/>\n<meta name=\"twitter:card\" content=\"summary_large_image\" \/>\n<meta name=\"twitter:label1\" content=\"Temps estimat de lectura\" \/>\n\t<meta name=\"twitter:data1\" content=\"2 minuts\" \/>\n<script type=\"application\/ld+json\" class=\"yoast-schema-graph\">{\"@context\":\"https:\/\/schema.org\",\"@graph\":[{\"@type\":\"WebPage\",\"@id\":\"https:\/\/palaucars.net\/ca\/projects\/seat-600d-descapotable-1966\/\",\"url\":\"https:\/\/palaucars.net\/ca\/projects\/seat-600d-descapotable-1966\/\",\"name\":\"SEAT 600D Descapotable (1966) - Palau Cars\",\"isPartOf\":{\"@id\":\"https:\/\/palaucars.net\/#website\"},\"primaryImageOfPage\":{\"@id\":\"https:\/\/palaucars.net\/ca\/projects\/seat-600d-descapotable-1966\/#primaryimage\"},\"image\":{\"@id\":\"https:\/\/palaucars.net\/ca\/projects\/seat-600d-descapotable-1966\/#primaryimage\"},\"thumbnailUrl\":\"https:\/\/palaucars.net\/wp-content\/uploads\/2025\/11\/SEAT-600-D-DESCAPOTABLE-ORENSE-1-scaled.jpg\",\"datePublished\":\"2025-11-05T16:44:22+00:00\",\"dateModified\":\"2026-01-07T08:44:35+00:00\",\"breadcrumb\":{\"@id\":\"https:\/\/palaucars.net\/ca\/projects\/seat-600d-descapotable-1966\/#breadcrumb\"},\"inLanguage\":\"ca\",\"potentialAction\":[{\"@type\":\"ReadAction\",\"target\":[\"https:\/\/palaucars.net\/ca\/projects\/seat-600d-descapotable-1966\/\"]}]},{\"@type\":\"ImageObject\",\"inLanguage\":\"ca\",\"@id\":\"https:\/\/palaucars.net\/ca\/projects\/seat-600d-descapotable-1966\/#primaryimage\",\"url\":\"https:\/\/palaucars.net\/wp-content\/uploads\/2025\/11\/SEAT-600-D-DESCAPOTABLE-ORENSE-1-scaled.jpg\",\"contentUrl\":\"https:\/\/palaucars.net\/wp-content\/uploads\/2025\/11\/SEAT-600-D-DESCAPOTABLE-ORENSE-1-scaled.jpg\",\"width\":2560,\"height\":1707},{\"@type\":\"BreadcrumbList\",\"@id\":\"https:\/\/palaucars.net\/ca\/projects\/seat-600d-descapotable-1966\/#breadcrumb\",\"itemListElement\":[{\"@type\":\"ListItem\",\"position\":1,\"name\":\"Portada\",\"item\":\"https:\/\/palaucars.net\/ca\/\"},{\"@type\":\"ListItem\",\"position\":2,\"name\":\"Portfolio\",\"item\":\"https:\/\/palaucars.net\/projects\/\"},{\"@type\":\"ListItem\",\"position\":3,\"name\":\"SEAT 600D Descapotable (1966)\"}]},{\"@type\":\"WebSite\",\"@id\":\"https:\/\/palaucars.net\/#website\",\"url\":\"https:\/\/palaucars.net\/\",\"name\":\"Palau Cars\",\"description\":\"Especialistas en mantenimiento, reparaci\u00f3n y restauraci\u00f3n de veh\u00edculos cl\u00e1sicos\",\"potentialAction\":[{\"@type\":\"SearchAction\",\"target\":{\"@type\":\"EntryPoint\",\"urlTemplate\":\"https:\/\/palaucars.net\/?s={search_term_string}\"},\"query-input\":{\"@type\":\"PropertyValueSpecification\",\"valueRequired\":true,\"valueName\":\"search_term_string\"}}],\"inLanguage\":\"ca\"}]}<\/script>\n<!-- \/ Yoast SEO plugin. -->","yoast_head_json":{"title":"SEAT 600D Descapotable (1966) - Palau Cars","robots":{"index":"index","follow":"follow","max-snippet":"max-snippet:-1","max-image-preview":"max-image-preview:large","max-video-preview":"max-video-preview:-1"},"canonical":"https:\/\/palaucars.net\/ca\/projects\/seat-600d-descapotable-1966\/","og_locale":"ca_ES","og_type":"article","og_title":"SEAT 600D Descapotable (1966) - Palau Cars","og_url":"https:\/\/palaucars.net\/ca\/projects\/seat-600d-descapotable-1966\/","og_site_name":"Palau Cars","article_modified_time":"2026-01-07T08:44:35+00:00","og_image":[{"width":2560,"height":1707,"url":"https:\/\/palaucars.net\/wp-content\/uploads\/2025\/11\/SEAT-600-D-DESCAPOTABLE-ORENSE-1-scaled.jpg","type":"image\/jpeg"}],"twitter_card":"summary_large_image","twitter_misc":{"Temps estimat de lectura":"2 minuts"},"schema":{"@context":"https:\/\/schema.org","@graph":[{"@type":"WebPage","@id":"https:\/\/palaucars.net\/ca\/projects\/seat-600d-descapotable-1966\/","url":"https:\/\/palaucars.net\/ca\/projects\/seat-600d-descapotable-1966\/","name":"SEAT 600D Descapotable (1966) - Palau Cars","isPartOf":{"@id":"https:\/\/palaucars.net\/#website"},"primaryImageOfPage":{"@id":"https:\/\/palaucars.net\/ca\/projects\/seat-600d-descapotable-1966\/#primaryimage"},"image":{"@id":"https:\/\/palaucars.net\/ca\/projects\/seat-600d-descapotable-1966\/#primaryimage"},"thumbnailUrl":"https:\/\/palaucars.net\/wp-content\/uploads\/2025\/11\/SEAT-600-D-DESCAPOTABLE-ORENSE-1-scaled.jpg","datePublished":"2025-11-05T16:44:22+00:00","dateModified":"2026-01-07T08:44:35+00:00","breadcrumb":{"@id":"https:\/\/palaucars.net\/ca\/projects\/seat-600d-descapotable-1966\/#breadcrumb"},"inLanguage":"ca","potentialAction":[{"@type":"ReadAction","target":["https:\/\/palaucars.net\/ca\/projects\/seat-600d-descapotable-1966\/"]}]},{"@type":"ImageObject","inLanguage":"ca","@id":"https:\/\/palaucars.net\/ca\/projects\/seat-600d-descapotable-1966\/#primaryimage","url":"https:\/\/palaucars.net\/wp-content\/uploads\/2025\/11\/SEAT-600-D-DESCAPOTABLE-ORENSE-1-scaled.jpg","contentUrl":"https:\/\/palaucars.net\/wp-content\/uploads\/2025\/11\/SEAT-600-D-DESCAPOTABLE-ORENSE-1-scaled.jpg","width":2560,"height":1707},{"@type":"BreadcrumbList","@id":"https:\/\/palaucars.net\/ca\/projects\/seat-600d-descapotable-1966\/#breadcrumb","itemListElement":[{"@type":"ListItem","position":1,"name":"Portada","item":"https:\/\/palaucars.net\/ca\/"},{"@type":"ListItem","position":2,"name":"Portfolio","item":"https:\/\/palaucars.net\/projects\/"},{"@type":"ListItem","position":3,"name":"SEAT 600D Descapotable (1966)"}]},{"@type":"WebSite","@id":"https:\/\/palaucars.net\/#website","url":"https:\/\/palaucars.net\/","name":"Palau Cars","description":"Especialistas en mantenimiento, reparaci\u00f3n y restauraci\u00f3n de veh\u00edculos cl\u00e1sicos","potentialAction":[{"@type":"SearchAction","target":{"@type":"EntryPoint","urlTemplate":"https:\/\/palaucars.net\/?s={search_term_string}"},"query-input":{"@type":"PropertyValueSpecification","valueRequired":true,"valueName":"search_term_string"}}],"inLanguage":"ca"}]}},"_links":{"self":[{"href":"https:\/\/palaucars.net\/ca\/wp-json\/wp\/v2\/avada_portfolio\/3525","targetHints":{"allow":["GET"]}}],"collection":[{"href":"https:\/\/palaucars.net\/ca\/wp-json\/wp\/v2\/avada_portfolio"}],"about":[{"href":"https:\/\/palaucars.net\/ca\/wp-json\/wp\/v2\/types\/avada_portfolio"}],"author":[{"embeddable":true,"href":"https:\/\/palaucars.net\/ca\/wp-json\/wp\/v2\/users\/1"}],"replies":[{"embeddable":true,"href":"https:\/\/palaucars.net\/ca\/wp-json\/wp\/v2\/comments?post=3525"}],"version-history":[{"count":4,"href":"https:\/\/palaucars.net\/ca\/wp-json\/wp\/v2\/avada_portfolio\/3525\/revisions"}],"predecessor-version":[{"id":3630,"href":"https:\/\/palaucars.net\/ca\/wp-json\/wp\/v2\/avada_portfolio\/3525\/revisions\/3630"}],"wp:featuredmedia":[{"embeddable":true,"href":"https:\/\/palaucars.net\/ca\/wp-json\/wp\/v2\/media\/3620"}],"wp:attachment":[{"href":"https:\/\/palaucars.net\/ca\/wp-json\/wp\/v2\/media?parent=3525"}],"wp:term":[{"taxonomy":"portfolio_category","embeddable":true,"href":"https:\/\/palaucars.net\/ca\/wp-json\/wp\/v2\/portfolio_category?post=3525"},{"taxonomy":"portfolio_skills","embeddable":true,"href":"https:\/\/palaucars.net\/ca\/wp-json\/wp\/v2\/portfolio_skills?post=3525"},{"taxonomy":"portfolio_tags","embeddable":true,"href":"https:\/\/palaucars.net\/ca\/wp-json\/wp\/v2\/portfolio_tags?post=3525"}],"curies":[{"name":"wp","href":"https:\/\/api.w.org\/{rel}","templated":true}]}}