{"id":3588,"date":"2025-11-05T17:44:18","date_gmt":"2025-11-05T16:44:18","guid":{"rendered":"https:\/\/palaucars.net\/projects\/citroen-5cv-1924\/"},"modified":"2026-01-07T11:25:35","modified_gmt":"2026-01-07T10:25:35","slug":"citroen-5cv-1924","status":"publish","type":"avada_portfolio","link":"https:\/\/palaucars.net\/ca\/projects\/citroen-5cv-1924\/","title":{"rendered":"CITROEN 5CV (1924)"},"content":{"rendered":"<div class=\"fusion-fullwidth fullwidth-box fusion-builder-row-1 fusion-flex-container nonhundred-percent-fullwidth non-hundred-percent-height-scrolling\" style=\"--awb-border-radius-top-left:0px;--awb-border-radius-top-right:0px;--awb-border-radius-bottom-right:0px;--awb-border-radius-bottom-left:0px;--awb-flex-wrap:wrap;\" ><div class=\"fusion-builder-row fusion-row fusion-flex-align-items-flex-start fusion-flex-content-wrap\" style=\"max-width:1248px;margin-left: calc(-4% \/ 2 );margin-right: calc(-4% \/ 2 );\"><div class=\"fusion-layout-column fusion_builder_column fusion-builder-column-0 fusion_builder_column_1_1 1_1 fusion-flex-column\" style=\"--awb-bg-size:cover;--awb-width-large:100%;--awb-margin-top-large:0px;--awb-spacing-right-large:1.92%;--awb-margin-bottom-large:0px;--awb-spacing-left-large:1.92%;--awb-width-medium:100%;--awb-spacing-right-medium:1.92%;--awb-spacing-left-medium:1.92%;--awb-width-small:100%;--awb-spacing-right-small:1.92%;--awb-spacing-left-small:1.92%;\"><div class=\"fusion-column-wrapper fusion-flex-justify-content-flex-start fusion-content-layout-column\"><div class=\"fusion-text fusion-text-1\"><p>El Citro\u00ebn 5CV de 1924, tambi\u00e9n conocido como Citro\u00ebn Type C, es uno de los autom\u00f3viles m\u00e1s entra\u00f1ables y populares de la historia de la marca francesa. Producido entre 1922 y 1926, este peque\u00f1o veh\u00edculo marc\u00f3 un antes y un despu\u00e9s en la movilidad europea, convirti\u00e9ndose en el primer coche realmente accesible para un gran p\u00fablico en Francia. Con su aspecto simp\u00e1tico y su fiabilidad mec\u00e1nica, el 5CV fue apodado cari\u00f1osamente \u201cPetit Citron\u201d (peque\u00f1o lim\u00f3n) debido a su caracter\u00edstico color amarillo.<\/p>\n<p>Su motor era un sencillo pero robusto bloque de 4 cilindros y 856 cc, capaz de entregar unos 11 CV de potencia. Aunque modesto, permit\u00eda al coche alcanzar los 60 km\/h, suficientes para desplazarse c\u00f3modamente por las carreteras de la \u00e9poca. El veh\u00edculo pesaba poco m\u00e1s de 600 kg, lo que contribu\u00eda a su agilidad y bajo consumo. Su transmisi\u00f3n manual de tres velocidades y su tracci\u00f3n trasera ofrec\u00edan una conducci\u00f3n sencilla, ideal para conductores primerizos.<\/p>\n<p>El Citro\u00ebn 5CV se ofrec\u00eda en varias versiones, como la Torpedo, la Tr\u00e8fle (con tres plazas dispuestas en forma de tr\u00e9bol) o el Cabriolet. Su dise\u00f1o compacto, sus l\u00edneas suaves y su mec\u00e1nica accesible lo convirtieron en un \u00e9xito inmediato. Adem\u00e1s, fue uno de los primeros coches en beneficiarse de la producci\u00f3n en serie inspirada en los m\u00e9todos industriales de Henry Ford, lo que permiti\u00f3 a Citro\u00ebn reducir costos y aumentar la disponibilidad.<\/p>\n<p>Hoy, el Citro\u00ebn 5CV es un cl\u00e1sico muy querido y s\u00edmbolo de la democratizaci\u00f3n del autom\u00f3vil en Europa. Su encanto retro, su historia industrial y su car\u00e1cter alegre lo mantienen como una joya de las colecciones de coches antiguos. M\u00e1s que un simple medio de transporte, este modelo encarna el esp\u00edritu optimista y creativo de los a\u00f1os veinte.<\/p>\n<\/div><div class=\"awb-gallery-wrapper awb-gallery-wrapper-1 button-span-no\" style=\"--more-btn-alignment:center;\"><div style=\"margin:-5px;--awb-bordersize:0px;\" class=\"fusion-gallery fusion-gallery-container fusion-grid-3 fusion-columns-total-5 fusion-gallery-layout-grid fusion-gallery-1\"><div style=\"padding:5px;\" class=\"fusion-grid-column fusion-gallery-column fusion-gallery-column-3 hover-type-none\"><div class=\"fusion-gallery-image\"><a href=\"https:\/\/palaucars.net\/wp-content\/uploads\/2025\/11\/CITROEN-5CV-6.jpg\" rel=\"noreferrer\" data-rel=\"iLightbox[gallery_image_1]\" class=\"fusion-lightbox\" target=\"_self\"><img decoding=\"async\" src=\"https:\/\/palaucars.net\/wp-content\/uploads\/2025\/11\/CITROEN-5CV-6.jpg\" width=\"1155\" height=\"2048\" alt=\"\" title=\"CITROEN-5CV-6\" aria-label=\"CITROEN-5CV-6\" class=\"img-responsive wp-image-3751\" srcset=\"https:\/\/palaucars.net\/wp-content\/uploads\/2025\/11\/CITROEN-5CV-6-200x355.jpg 200w, https:\/\/palaucars.net\/wp-content\/uploads\/2025\/11\/CITROEN-5CV-6-400x709.jpg 400w, https:\/\/palaucars.net\/wp-content\/uploads\/2025\/11\/CITROEN-5CV-6-600x1064.jpg 600w, https:\/\/palaucars.net\/wp-content\/uploads\/2025\/11\/CITROEN-5CV-6-800x1419.jpg 800w, https:\/\/palaucars.net\/wp-content\/uploads\/2025\/11\/CITROEN-5CV-6.jpg 1155w\" sizes=\"(min-width: 2200px) 100vw, (min-width: 784px) 397px, (min-width: 712px) 595px, (min-width: 640px) 712px, \" \/><\/a><\/div><\/div><div style=\"padding:5px;\" class=\"fusion-grid-column fusion-gallery-column fusion-gallery-column-3 hover-type-none\"><div class=\"fusion-gallery-image\"><a href=\"https:\/\/palaucars.net\/wp-content\/uploads\/2025\/11\/v-3-1.jpg\" rel=\"noreferrer\" data-rel=\"iLightbox[gallery_image_1]\" class=\"fusion-lightbox\" target=\"_self\"><img decoding=\"async\" src=\"https:\/\/palaucars.net\/wp-content\/uploads\/2025\/11\/v-3-1.jpg\" width=\"1155\" height=\"2048\" alt=\"\" title=\"v-3\" aria-label=\"v-3\" class=\"img-responsive wp-image-3753\" srcset=\"https:\/\/palaucars.net\/wp-content\/uploads\/2025\/11\/v-3-1-200x355.jpg 200w, https:\/\/palaucars.net\/wp-content\/uploads\/2025\/11\/v-3-1-400x709.jpg 400w, https:\/\/palaucars.net\/wp-content\/uploads\/2025\/11\/v-3-1-600x1064.jpg 600w, https:\/\/palaucars.net\/wp-content\/uploads\/2025\/11\/v-3-1-800x1419.jpg 800w, https:\/\/palaucars.net\/wp-content\/uploads\/2025\/11\/v-3-1.jpg 1155w\" sizes=\"(min-width: 2200px) 100vw, (min-width: 784px) 397px, (min-width: 712px) 595px, (min-width: 640px) 712px, \" \/><\/a><\/div><\/div><div style=\"padding:5px;\" class=\"fusion-grid-column fusion-gallery-column fusion-gallery-column-3 hover-type-none\"><div class=\"fusion-gallery-image\"><a href=\"https:\/\/palaucars.net\/wp-content\/uploads\/2025\/11\/CITROEN-5CV-1.jpg\" rel=\"noreferrer\" data-rel=\"iLightbox[gallery_image_1]\" class=\"fusion-lightbox\" target=\"_self\"><img decoding=\"async\" src=\"https:\/\/palaucars.net\/wp-content\/uploads\/2025\/11\/CITROEN-5CV-1.jpg\" width=\"1155\" height=\"2048\" alt=\"\" title=\"CITROEN-5CV-1\" aria-label=\"CITROEN-5CV-1\" class=\"img-responsive wp-image-3755\" srcset=\"https:\/\/palaucars.net\/wp-content\/uploads\/2025\/11\/CITROEN-5CV-1-200x355.jpg 200w, https:\/\/palaucars.net\/wp-content\/uploads\/2025\/11\/CITROEN-5CV-1-400x709.jpg 400w, https:\/\/palaucars.net\/wp-content\/uploads\/2025\/11\/CITROEN-5CV-1-600x1064.jpg 600w, https:\/\/palaucars.net\/wp-content\/uploads\/2025\/11\/CITROEN-5CV-1-800x1419.jpg 800w, https:\/\/palaucars.net\/wp-content\/uploads\/2025\/11\/CITROEN-5CV-1.jpg 1155w\" sizes=\"(min-width: 2200px) 100vw, (min-width: 784px) 397px, (min-width: 712px) 595px, (min-width: 640px) 712px, \" \/><\/a><\/div><\/div><div class=\"clearfix\"><\/div><div style=\"padding:5px;\" class=\"fusion-grid-column fusion-gallery-column fusion-gallery-column-3 hover-type-none\"><div class=\"fusion-gallery-image\"><a href=\"https:\/\/palaucars.net\/wp-content\/uploads\/2025\/11\/CITROEN-5CV-2.jpg\" rel=\"noreferrer\" data-rel=\"iLightbox[gallery_image_1]\" class=\"fusion-lightbox\" target=\"_self\"><img decoding=\"async\" src=\"https:\/\/palaucars.net\/wp-content\/uploads\/2025\/11\/CITROEN-5CV-2.jpg\" width=\"1920\" height=\"1083\" alt=\"\" title=\"CITROEN-5CV-2\" aria-label=\"CITROEN-5CV-2\" class=\"img-responsive wp-image-3757\" srcset=\"https:\/\/palaucars.net\/wp-content\/uploads\/2025\/11\/CITROEN-5CV-2-200x113.jpg 200w, https:\/\/palaucars.net\/wp-content\/uploads\/2025\/11\/CITROEN-5CV-2-400x226.jpg 400w, https:\/\/palaucars.net\/wp-content\/uploads\/2025\/11\/CITROEN-5CV-2-600x338.jpg 600w, https:\/\/palaucars.net\/wp-content\/uploads\/2025\/11\/CITROEN-5CV-2-800x451.jpg 800w, https:\/\/palaucars.net\/wp-content\/uploads\/2025\/11\/CITROEN-5CV-2-1200x677.jpg 1200w, https:\/\/palaucars.net\/wp-content\/uploads\/2025\/11\/CITROEN-5CV-2.jpg 1920w\" sizes=\"(min-width: 2200px) 100vw, (min-width: 784px) 397px, (min-width: 712px) 595px, (min-width: 640px) 712px, \" \/><\/a><\/div><\/div><div style=\"padding:5px;\" class=\"fusion-grid-column fusion-gallery-column fusion-gallery-column-3 hover-type-none\"><div class=\"fusion-gallery-image\"><a href=\"https:\/\/palaucars.net\/wp-content\/uploads\/2025\/11\/CITROEN-5CV-4.jpg\" rel=\"noreferrer\" data-rel=\"iLightbox[gallery_image_1]\" class=\"fusion-lightbox\" target=\"_self\"><img decoding=\"async\" src=\"https:\/\/palaucars.net\/wp-content\/uploads\/2025\/11\/CITROEN-5CV-4.jpg\" width=\"1155\" height=\"2048\" alt=\"\" title=\"CITROEN-5CV-4\" aria-label=\"CITROEN-5CV-4\" class=\"img-responsive wp-image-3759\" srcset=\"https:\/\/palaucars.net\/wp-content\/uploads\/2025\/11\/CITROEN-5CV-4-200x355.jpg 200w, https:\/\/palaucars.net\/wp-content\/uploads\/2025\/11\/CITROEN-5CV-4-400x709.jpg 400w, https:\/\/palaucars.net\/wp-content\/uploads\/2025\/11\/CITROEN-5CV-4-600x1064.jpg 600w, https:\/\/palaucars.net\/wp-content\/uploads\/2025\/11\/CITROEN-5CV-4-800x1419.jpg 800w, https:\/\/palaucars.net\/wp-content\/uploads\/2025\/11\/CITROEN-5CV-4.jpg 1155w\" sizes=\"(min-width: 2200px) 100vw, (min-width: 784px) 397px, (min-width: 712px) 595px, (min-width: 640px) 712px, \" \/><\/a><\/div><\/div><\/div><\/div><\/div><\/div><\/div><\/div>\n","protected":false},"excerpt":{"rendered":"","protected":false},"author":1,"featured_media":3753,"menu_order":0,"comment_status":"open","ping_status":"open","template":"","format":"standard","meta":{"footnotes":""},"portfolio_category":[],"portfolio_skills":[],"portfolio_tags":[],"class_list":["post-3588","avada_portfolio","type-avada_portfolio","status-publish","format-standard","has-post-thumbnail","hentry"],"yoast_head":"<!-- This site is optimized with the Yoast SEO plugin v26.0 - https:\/\/yoast.com\/wordpress\/plugins\/seo\/ -->\n<title>CITROEN 5CV (1924) - Palau Cars<\/title>\n<meta name=\"robots\" content=\"index, follow, max-snippet:-1, max-image-preview:large, max-video-preview:-1\" \/>\n<link rel=\"canonical\" href=\"https:\/\/palaucars.net\/ca\/projects\/citroen-5cv-1924\/\" \/>\n<meta property=\"og:locale\" content=\"ca_ES\" \/>\n<meta property=\"og:type\" content=\"article\" \/>\n<meta property=\"og:title\" content=\"CITROEN 5CV (1924) - Palau Cars\" \/>\n<meta property=\"og:url\" content=\"https:\/\/palaucars.net\/ca\/projects\/citroen-5cv-1924\/\" \/>\n<meta property=\"og:site_name\" content=\"Palau Cars\" \/>\n<meta property=\"article:modified_time\" content=\"2026-01-07T10:25:35+00:00\" \/>\n<meta property=\"og:image\" content=\"https:\/\/palaucars.net\/wp-content\/uploads\/2025\/11\/v-3-1.jpg\" \/>\n\t<meta property=\"og:image:width\" content=\"1155\" \/>\n\t<meta property=\"og:image:height\" content=\"2048\" \/>\n\t<meta property=\"og:image:type\" content=\"image\/jpeg\" \/>\n<meta name=\"twitter:card\" content=\"summary_large_image\" \/>\n<meta name=\"twitter:label1\" content=\"Temps estimat de lectura\" \/>\n\t<meta name=\"twitter:data1\" content=\"2 minuts\" \/>\n<script type=\"application\/ld+json\" class=\"yoast-schema-graph\">{\"@context\":\"https:\/\/schema.org\",\"@graph\":[{\"@type\":\"WebPage\",\"@id\":\"https:\/\/palaucars.net\/ca\/projects\/citroen-5cv-1924\/\",\"url\":\"https:\/\/palaucars.net\/ca\/projects\/citroen-5cv-1924\/\",\"name\":\"CITROEN 5CV (1924) - Palau Cars\",\"isPartOf\":{\"@id\":\"https:\/\/palaucars.net\/#website\"},\"primaryImageOfPage\":{\"@id\":\"https:\/\/palaucars.net\/ca\/projects\/citroen-5cv-1924\/#primaryimage\"},\"image\":{\"@id\":\"https:\/\/palaucars.net\/ca\/projects\/citroen-5cv-1924\/#primaryimage\"},\"thumbnailUrl\":\"https:\/\/palaucars.net\/wp-content\/uploads\/2025\/11\/v-3-1.jpg\",\"datePublished\":\"2025-11-05T16:44:18+00:00\",\"dateModified\":\"2026-01-07T10:25:35+00:00\",\"breadcrumb\":{\"@id\":\"https:\/\/palaucars.net\/ca\/projects\/citroen-5cv-1924\/#breadcrumb\"},\"inLanguage\":\"ca\",\"potentialAction\":[{\"@type\":\"ReadAction\",\"target\":[\"https:\/\/palaucars.net\/ca\/projects\/citroen-5cv-1924\/\"]}]},{\"@type\":\"ImageObject\",\"inLanguage\":\"ca\",\"@id\":\"https:\/\/palaucars.net\/ca\/projects\/citroen-5cv-1924\/#primaryimage\",\"url\":\"https:\/\/palaucars.net\/wp-content\/uploads\/2025\/11\/v-3-1.jpg\",\"contentUrl\":\"https:\/\/palaucars.net\/wp-content\/uploads\/2025\/11\/v-3-1.jpg\",\"width\":1155,\"height\":2048},{\"@type\":\"BreadcrumbList\",\"@id\":\"https:\/\/palaucars.net\/ca\/projects\/citroen-5cv-1924\/#breadcrumb\",\"itemListElement\":[{\"@type\":\"ListItem\",\"position\":1,\"name\":\"Portada\",\"item\":\"https:\/\/palaucars.net\/ca\/\"},{\"@type\":\"ListItem\",\"position\":2,\"name\":\"Portfolio\",\"item\":\"https:\/\/palaucars.net\/projects\/\"},{\"@type\":\"ListItem\",\"position\":3,\"name\":\"CITROEN 5CV (1924)\"}]},{\"@type\":\"WebSite\",\"@id\":\"https:\/\/palaucars.net\/#website\",\"url\":\"https:\/\/palaucars.net\/\",\"name\":\"Palau Cars\",\"description\":\"Especialistas en mantenimiento, reparaci\u00f3n y restauraci\u00f3n de veh\u00edculos cl\u00e1sicos\",\"potentialAction\":[{\"@type\":\"SearchAction\",\"target\":{\"@type\":\"EntryPoint\",\"urlTemplate\":\"https:\/\/palaucars.net\/?s={search_term_string}\"},\"query-input\":{\"@type\":\"PropertyValueSpecification\",\"valueRequired\":true,\"valueName\":\"search_term_string\"}}],\"inLanguage\":\"ca\"}]}<\/script>\n<!-- \/ Yoast SEO plugin. -->","yoast_head_json":{"title":"CITROEN 5CV (1924) - Palau Cars","robots":{"index":"index","follow":"follow","max-snippet":"max-snippet:-1","max-image-preview":"max-image-preview:large","max-video-preview":"max-video-preview:-1"},"canonical":"https:\/\/palaucars.net\/ca\/projects\/citroen-5cv-1924\/","og_locale":"ca_ES","og_type":"article","og_title":"CITROEN 5CV (1924) - Palau Cars","og_url":"https:\/\/palaucars.net\/ca\/projects\/citroen-5cv-1924\/","og_site_name":"Palau Cars","article_modified_time":"2026-01-07T10:25:35+00:00","og_image":[{"width":1155,"height":2048,"url":"https:\/\/palaucars.net\/wp-content\/uploads\/2025\/11\/v-3-1.jpg","type":"image\/jpeg"}],"twitter_card":"summary_large_image","twitter_misc":{"Temps estimat de lectura":"2 minuts"},"schema":{"@context":"https:\/\/schema.org","@graph":[{"@type":"WebPage","@id":"https:\/\/palaucars.net\/ca\/projects\/citroen-5cv-1924\/","url":"https:\/\/palaucars.net\/ca\/projects\/citroen-5cv-1924\/","name":"CITROEN 5CV (1924) - Palau Cars","isPartOf":{"@id":"https:\/\/palaucars.net\/#website"},"primaryImageOfPage":{"@id":"https:\/\/palaucars.net\/ca\/projects\/citroen-5cv-1924\/#primaryimage"},"image":{"@id":"https:\/\/palaucars.net\/ca\/projects\/citroen-5cv-1924\/#primaryimage"},"thumbnailUrl":"https:\/\/palaucars.net\/wp-content\/uploads\/2025\/11\/v-3-1.jpg","datePublished":"2025-11-05T16:44:18+00:00","dateModified":"2026-01-07T10:25:35+00:00","breadcrumb":{"@id":"https:\/\/palaucars.net\/ca\/projects\/citroen-5cv-1924\/#breadcrumb"},"inLanguage":"ca","potentialAction":[{"@type":"ReadAction","target":["https:\/\/palaucars.net\/ca\/projects\/citroen-5cv-1924\/"]}]},{"@type":"ImageObject","inLanguage":"ca","@id":"https:\/\/palaucars.net\/ca\/projects\/citroen-5cv-1924\/#primaryimage","url":"https:\/\/palaucars.net\/wp-content\/uploads\/2025\/11\/v-3-1.jpg","contentUrl":"https:\/\/palaucars.net\/wp-content\/uploads\/2025\/11\/v-3-1.jpg","width":1155,"height":2048},{"@type":"BreadcrumbList","@id":"https:\/\/palaucars.net\/ca\/projects\/citroen-5cv-1924\/#breadcrumb","itemListElement":[{"@type":"ListItem","position":1,"name":"Portada","item":"https:\/\/palaucars.net\/ca\/"},{"@type":"ListItem","position":2,"name":"Portfolio","item":"https:\/\/palaucars.net\/projects\/"},{"@type":"ListItem","position":3,"name":"CITROEN 5CV (1924)"}]},{"@type":"WebSite","@id":"https:\/\/palaucars.net\/#website","url":"https:\/\/palaucars.net\/","name":"Palau Cars","description":"Especialistas en mantenimiento, reparaci\u00f3n y restauraci\u00f3n de veh\u00edculos cl\u00e1sicos","potentialAction":[{"@type":"SearchAction","target":{"@type":"EntryPoint","urlTemplate":"https:\/\/palaucars.net\/?s={search_term_string}"},"query-input":{"@type":"PropertyValueSpecification","valueRequired":true,"valueName":"search_term_string"}}],"inLanguage":"ca"}]}},"_links":{"self":[{"href":"https:\/\/palaucars.net\/ca\/wp-json\/wp\/v2\/avada_portfolio\/3588","targetHints":{"allow":["GET"]}}],"collection":[{"href":"https:\/\/palaucars.net\/ca\/wp-json\/wp\/v2\/avada_portfolio"}],"about":[{"href":"https:\/\/palaucars.net\/ca\/wp-json\/wp\/v2\/types\/avada_portfolio"}],"author":[{"embeddable":true,"href":"https:\/\/palaucars.net\/ca\/wp-json\/wp\/v2\/users\/1"}],"replies":[{"embeddable":true,"href":"https:\/\/palaucars.net\/ca\/wp-json\/wp\/v2\/comments?post=3588"}],"version-history":[{"count":3,"href":"https:\/\/palaucars.net\/ca\/wp-json\/wp\/v2\/avada_portfolio\/3588\/revisions"}],"predecessor-version":[{"id":3762,"href":"https:\/\/palaucars.net\/ca\/wp-json\/wp\/v2\/avada_portfolio\/3588\/revisions\/3762"}],"wp:featuredmedia":[{"embeddable":true,"href":"https:\/\/palaucars.net\/ca\/wp-json\/wp\/v2\/media\/3753"}],"wp:attachment":[{"href":"https:\/\/palaucars.net\/ca\/wp-json\/wp\/v2\/media?parent=3588"}],"wp:term":[{"taxonomy":"portfolio_category","embeddable":true,"href":"https:\/\/palaucars.net\/ca\/wp-json\/wp\/v2\/portfolio_category?post=3588"},{"taxonomy":"portfolio_skills","embeddable":true,"href":"https:\/\/palaucars.net\/ca\/wp-json\/wp\/v2\/portfolio_skills?post=3588"},{"taxonomy":"portfolio_tags","embeddable":true,"href":"https:\/\/palaucars.net\/ca\/wp-json\/wp\/v2\/portfolio_tags?post=3588"}],"curies":[{"name":"wp","href":"https:\/\/api.w.org\/{rel}","templated":true}]}}