{"id":4175,"date":"2026-03-13T16:24:39","date_gmt":"2026-03-13T15:24:39","guid":{"rendered":"https:\/\/palaucars.net\/projects\/mercedes-mb100\/"},"modified":"2026-03-13T16:40:05","modified_gmt":"2026-03-13T15:40:05","slug":"mercedes-mb100","status":"publish","type":"avada_portfolio","link":"https:\/\/palaucars.net\/ca\/projects\/mercedes-mb100\/","title":{"rendered":"Mercedes MB100"},"content":{"rendered":"<div class=\"fusion-fullwidth fullwidth-box fusion-builder-row-1 fusion-flex-container nonhundred-percent-fullwidth non-hundred-percent-height-scrolling\" style=\"--awb-border-radius-top-left:0px;--awb-border-radius-top-right:0px;--awb-border-radius-bottom-right:0px;--awb-border-radius-bottom-left:0px;--awb-flex-wrap:wrap;\" ><div class=\"fusion-builder-row fusion-row fusion-flex-align-items-flex-start fusion-flex-content-wrap\" style=\"max-width:1248px;margin-left: calc(-4% \/ 2 );margin-right: calc(-4% \/ 2 );\"><div class=\"fusion-layout-column fusion_builder_column fusion-builder-column-0 fusion_builder_column_1_1 1_1 fusion-flex-column\" style=\"--awb-bg-size:cover;--awb-width-large:100%;--awb-margin-top-large:0px;--awb-spacing-right-large:1.92%;--awb-margin-bottom-large:0px;--awb-spacing-left-large:1.92%;--awb-width-medium:100%;--awb-spacing-right-medium:1.92%;--awb-spacing-left-medium:1.92%;--awb-width-small:100%;--awb-spacing-right-small:1.92%;--awb-spacing-left-small:1.92%;\"><div class=\"fusion-column-wrapper fusion-flex-justify-content-flex-start fusion-content-layout-column\"><div class=\"fusion-text fusion-text-1\"><p>La <strong>Mercedes-Benz MB100<\/strong> \u00e9s una furgoneta cl\u00e0ssica molt coneguda a Espanya, especialment durant les d\u00e8cades de <strong>1980 i 1990<\/strong>. Aquest model es va produir principalment a la planta de <strong>Mercedes-Benz a Vit\u00f2ria<\/strong>, convertint-se en un dels vehicles comercials m\u00e9s populars per al transport professional, serveis i petites empreses.<\/p>\n<p>La MB100 es caracteritzava pel seu <strong>disseny senzill i robust<\/strong>, pensat per oferir una gran capacitat de c\u00e0rrega i una elevada fiabilitat mec\u00e0nica. La seva carrosseria de l\u00ednies rectes permetia aprofitar al m\u00e0xim l\u2019espai interior, fet que la va convertir en una furgoneta molt utilitzada per a repartiment, vehicle de treball i fins i tot com a base per a <strong>ambul\u00e0ncies, campers o minib\u00fas<\/strong>.<\/p>\n<p>Pel que fa a la mec\u00e0nica, la MB100 muntava <strong>motors di\u00e8sel de quatre cilindres<\/strong>, coneguts per la seva durabilitat i el seu baix consum. Depenent de la versi\u00f3 i de l\u2019any, oferia diferents pot\u00e8ncies que prioritzaven la resist\u00e8ncia i l\u2019\u00fas intensiu m\u00e9s que no pas les prestacions esportives.<\/p>\n<p>Un altre aspecte destacable era la seva <strong>facilitat de manteniment<\/strong>, molt valorada pels professionals que necessitaven un vehicle fiable per al dia a dia. Gr\u00e0cies a aquesta combinaci\u00f3 de senzillesa, robustesa i practicitat, la MB100 es va convertir en una de les furgonetes m\u00e9s reconeixibles a les carreteres i ciutats espanyoles durant molts anys.<\/p>\n<p>Avui dia, la <strong>Mercedes-Benz MB100<\/strong> \u00e9s considerada un <strong>vehicle cl\u00e0ssic del transport lleuger<\/strong>, i encara \u00e9s possible veure algunes unitats restaurades o adaptades com a camper, recordant una \u00e8poca en qu\u00e8 aquestes furgonetes formaven part del paisatge quotidi\u00e0.<\/p>\n<\/div><div class=\"awb-gallery-wrapper awb-gallery-wrapper-1 button-span-no\" style=\"--more-btn-alignment:center;\"><div style=\"margin:-5px;--awb-aspect-ratio:3 \/ 2;--awb-bordersize:0px;\" class=\"fusion-gallery fusion-gallery-container fusion-grid-3 fusion-columns-total-5 fusion-gallery-layout-grid fusion-gallery-1 has-aspect-ratio\"><div style=\"padding:5px;\" class=\"fusion-grid-column fusion-gallery-column fusion-gallery-column-3 hover-type-none\"><div class=\"fusion-gallery-image\"><a href=\"https:\/\/palaucars.net\/wp-content\/uploads\/2026\/03\/Mercedes-MB100-02.jpg\" rel=\"noreferrer\" data-rel=\"iLightbox[gallery_image_1]\" class=\"fusion-lightbox\" target=\"_self\"><img decoding=\"async\" src=\"https:\/\/palaucars.net\/wp-content\/uploads\/2026\/03\/Mercedes-MB100-02.jpg\" width=\"1280\" height=\"960\" alt=\"\" title=\"Mercedes MB100-02\" aria-label=\"Mercedes MB100-02\" class=\"img-responsive wp-image-4138\" srcset=\"https:\/\/palaucars.net\/wp-content\/uploads\/2026\/03\/Mercedes-MB100-02-200x150.jpg 200w, https:\/\/palaucars.net\/wp-content\/uploads\/2026\/03\/Mercedes-MB100-02-400x300.jpg 400w, https:\/\/palaucars.net\/wp-content\/uploads\/2026\/03\/Mercedes-MB100-02-600x450.jpg 600w, https:\/\/palaucars.net\/wp-content\/uploads\/2026\/03\/Mercedes-MB100-02-800x600.jpg 800w, https:\/\/palaucars.net\/wp-content\/uploads\/2026\/03\/Mercedes-MB100-02-1200x900.jpg 1200w, https:\/\/palaucars.net\/wp-content\/uploads\/2026\/03\/Mercedes-MB100-02.jpg 1280w\" sizes=\"(min-width: 2200px) 100vw, (min-width: 784px) 397px, (min-width: 712px) 595px, (min-width: 640px) 712px, \" \/><\/a><\/div><\/div><div style=\"padding:5px;\" class=\"fusion-grid-column fusion-gallery-column fusion-gallery-column-3 hover-type-none\"><div class=\"fusion-gallery-image\"><a href=\"https:\/\/palaucars.net\/wp-content\/uploads\/2026\/03\/Mercedes-MB100-03.jpg\" rel=\"noreferrer\" data-rel=\"iLightbox[gallery_image_1]\" class=\"fusion-lightbox\" target=\"_self\"><img decoding=\"async\" src=\"https:\/\/palaucars.net\/wp-content\/uploads\/2026\/03\/Mercedes-MB100-03.jpg\" width=\"1280\" height=\"960\" alt=\"\" title=\"Mercedes MB100-03\" aria-label=\"Mercedes MB100-03\" class=\"img-responsive wp-image-4140\" srcset=\"https:\/\/palaucars.net\/wp-content\/uploads\/2026\/03\/Mercedes-MB100-03-200x150.jpg 200w, https:\/\/palaucars.net\/wp-content\/uploads\/2026\/03\/Mercedes-MB100-03-400x300.jpg 400w, https:\/\/palaucars.net\/wp-content\/uploads\/2026\/03\/Mercedes-MB100-03-600x450.jpg 600w, https:\/\/palaucars.net\/wp-content\/uploads\/2026\/03\/Mercedes-MB100-03-800x600.jpg 800w, https:\/\/palaucars.net\/wp-content\/uploads\/2026\/03\/Mercedes-MB100-03-1200x900.jpg 1200w, https:\/\/palaucars.net\/wp-content\/uploads\/2026\/03\/Mercedes-MB100-03.jpg 1280w\" sizes=\"(min-width: 2200px) 100vw, (min-width: 784px) 397px, (min-width: 712px) 595px, (min-width: 640px) 712px, \" \/><\/a><\/div><\/div><div style=\"padding:5px;\" class=\"fusion-grid-column fusion-gallery-column fusion-gallery-column-3 hover-type-none\"><div class=\"fusion-gallery-image\"><a href=\"https:\/\/palaucars.net\/wp-content\/uploads\/2026\/03\/Mercedes-MB100-01.jpg\" rel=\"noreferrer\" data-rel=\"iLightbox[gallery_image_1]\" class=\"fusion-lightbox\" target=\"_self\"><img decoding=\"async\" src=\"https:\/\/palaucars.net\/wp-content\/uploads\/2026\/03\/Mercedes-MB100-01.jpg\" width=\"1280\" height=\"960\" alt=\"\" title=\"Mercedes MB100-01\" aria-label=\"Mercedes MB100-01\" class=\"img-responsive wp-image-4142\" srcset=\"https:\/\/palaucars.net\/wp-content\/uploads\/2026\/03\/Mercedes-MB100-01-200x150.jpg 200w, https:\/\/palaucars.net\/wp-content\/uploads\/2026\/03\/Mercedes-MB100-01-400x300.jpg 400w, https:\/\/palaucars.net\/wp-content\/uploads\/2026\/03\/Mercedes-MB100-01-600x450.jpg 600w, https:\/\/palaucars.net\/wp-content\/uploads\/2026\/03\/Mercedes-MB100-01-800x600.jpg 800w, https:\/\/palaucars.net\/wp-content\/uploads\/2026\/03\/Mercedes-MB100-01-1200x900.jpg 1200w, https:\/\/palaucars.net\/wp-content\/uploads\/2026\/03\/Mercedes-MB100-01.jpg 1280w\" sizes=\"(min-width: 2200px) 100vw, (min-width: 784px) 397px, (min-width: 712px) 595px, (min-width: 640px) 712px, \" \/><\/a><\/div><\/div><div class=\"clearfix\"><\/div><div style=\"padding:5px;\" class=\"fusion-grid-column fusion-gallery-column fusion-gallery-column-3 hover-type-none\"><div class=\"fusion-gallery-image\"><a href=\"https:\/\/palaucars.net\/wp-content\/uploads\/2026\/03\/Mercedes-MB100-04.jpg\" rel=\"noreferrer\" data-rel=\"iLightbox[gallery_image_1]\" class=\"fusion-lightbox\" target=\"_self\"><img decoding=\"async\" src=\"https:\/\/palaucars.net\/wp-content\/uploads\/2026\/03\/Mercedes-MB100-04.jpg\" width=\"1496\" height=\"844\" alt=\"\" title=\"Mercedes MB100-04\" aria-label=\"Mercedes MB100-04\" class=\"img-responsive wp-image-4144\" srcset=\"https:\/\/palaucars.net\/wp-content\/uploads\/2026\/03\/Mercedes-MB100-04-200x113.jpg 200w, https:\/\/palaucars.net\/wp-content\/uploads\/2026\/03\/Mercedes-MB100-04-400x226.jpg 400w, https:\/\/palaucars.net\/wp-content\/uploads\/2026\/03\/Mercedes-MB100-04-600x339.jpg 600w, https:\/\/palaucars.net\/wp-content\/uploads\/2026\/03\/Mercedes-MB100-04-800x451.jpg 800w, https:\/\/palaucars.net\/wp-content\/uploads\/2026\/03\/Mercedes-MB100-04-1200x677.jpg 1200w, https:\/\/palaucars.net\/wp-content\/uploads\/2026\/03\/Mercedes-MB100-04.jpg 1496w\" sizes=\"(min-width: 2200px) 100vw, (min-width: 784px) 397px, (min-width: 712px) 595px, (min-width: 640px) 712px, \" \/><\/a><\/div><\/div><div style=\"padding:5px;\" class=\"fusion-grid-column fusion-gallery-column fusion-gallery-column-3 hover-type-none\"><div class=\"fusion-gallery-image\"><a href=\"https:\/\/palaucars.net\/wp-content\/uploads\/2026\/03\/Mercedes-MB100-05.jpg\" rel=\"noreferrer\" data-rel=\"iLightbox[gallery_image_1]\" class=\"fusion-lightbox\" target=\"_self\"><img decoding=\"async\" src=\"https:\/\/palaucars.net\/wp-content\/uploads\/2026\/03\/Mercedes-MB100-05.jpg\" width=\"768\" height=\"1024\" alt=\"\" title=\"Mercedes MB100-05\" aria-label=\"Mercedes MB100-05\" class=\"img-responsive wp-image-4146\" srcset=\"https:\/\/palaucars.net\/wp-content\/uploads\/2026\/03\/Mercedes-MB100-05-200x267.jpg 200w, https:\/\/palaucars.net\/wp-content\/uploads\/2026\/03\/Mercedes-MB100-05-400x533.jpg 400w, https:\/\/palaucars.net\/wp-content\/uploads\/2026\/03\/Mercedes-MB100-05-600x800.jpg 600w, https:\/\/palaucars.net\/wp-content\/uploads\/2026\/03\/Mercedes-MB100-05.jpg 768w\" sizes=\"(min-width: 2200px) 100vw, (min-width: 784px) 397px, (min-width: 712px) 595px, (min-width: 640px) 712px, \" \/><\/a><\/div><\/div><\/div><\/div><\/div><\/div><\/div><\/div>\n","protected":false},"excerpt":{"rendered":"","protected":false},"author":1,"featured_media":4142,"menu_order":0,"comment_status":"open","ping_status":"open","template":"","format":"standard","meta":{"footnotes":""},"portfolio_category":[],"portfolio_skills":[],"portfolio_tags":[],"class_list":["post-4175","avada_portfolio","type-avada_portfolio","status-publish","format-standard","has-post-thumbnail","hentry"],"yoast_head":"<!-- This site is optimized with the Yoast SEO plugin v26.0 - https:\/\/yoast.com\/wordpress\/plugins\/seo\/ -->\n<title>Mercedes MB100 - Palau Cars<\/title>\n<meta name=\"robots\" content=\"index, follow, max-snippet:-1, max-image-preview:large, max-video-preview:-1\" \/>\n<link rel=\"canonical\" href=\"https:\/\/palaucars.net\/ca\/projects\/mercedes-mb100\/\" \/>\n<meta property=\"og:locale\" content=\"ca_ES\" \/>\n<meta property=\"og:type\" content=\"article\" \/>\n<meta property=\"og:title\" content=\"Mercedes MB100 - Palau Cars\" \/>\n<meta property=\"og:url\" content=\"https:\/\/palaucars.net\/ca\/projects\/mercedes-mb100\/\" \/>\n<meta property=\"og:site_name\" content=\"Palau Cars\" \/>\n<meta property=\"article:modified_time\" content=\"2026-03-13T15:40:05+00:00\" \/>\n<meta property=\"og:image\" content=\"https:\/\/palaucars.net\/wp-content\/uploads\/2026\/03\/Mercedes-MB100-01.jpg\" \/>\n\t<meta property=\"og:image:width\" content=\"1280\" \/>\n\t<meta property=\"og:image:height\" content=\"960\" \/>\n\t<meta property=\"og:image:type\" content=\"image\/jpeg\" \/>\n<meta name=\"twitter:card\" content=\"summary_large_image\" \/>\n<meta name=\"twitter:label1\" content=\"Temps estimat de lectura\" \/>\n\t<meta name=\"twitter:data1\" content=\"3 minuts\" \/>\n<script type=\"application\/ld+json\" class=\"yoast-schema-graph\">{\"@context\":\"https:\/\/schema.org\",\"@graph\":[{\"@type\":\"WebPage\",\"@id\":\"https:\/\/palaucars.net\/ca\/projects\/mercedes-mb100\/\",\"url\":\"https:\/\/palaucars.net\/ca\/projects\/mercedes-mb100\/\",\"name\":\"Mercedes MB100 - Palau Cars\",\"isPartOf\":{\"@id\":\"https:\/\/palaucars.net\/#website\"},\"primaryImageOfPage\":{\"@id\":\"https:\/\/palaucars.net\/ca\/projects\/mercedes-mb100\/#primaryimage\"},\"image\":{\"@id\":\"https:\/\/palaucars.net\/ca\/projects\/mercedes-mb100\/#primaryimage\"},\"thumbnailUrl\":\"https:\/\/palaucars.net\/wp-content\/uploads\/2026\/03\/Mercedes-MB100-01.jpg\",\"datePublished\":\"2026-03-13T15:24:39+00:00\",\"dateModified\":\"2026-03-13T15:40:05+00:00\",\"breadcrumb\":{\"@id\":\"https:\/\/palaucars.net\/ca\/projects\/mercedes-mb100\/#breadcrumb\"},\"inLanguage\":\"ca\",\"potentialAction\":[{\"@type\":\"ReadAction\",\"target\":[\"https:\/\/palaucars.net\/ca\/projects\/mercedes-mb100\/\"]}]},{\"@type\":\"ImageObject\",\"inLanguage\":\"ca\",\"@id\":\"https:\/\/palaucars.net\/ca\/projects\/mercedes-mb100\/#primaryimage\",\"url\":\"https:\/\/palaucars.net\/wp-content\/uploads\/2026\/03\/Mercedes-MB100-01.jpg\",\"contentUrl\":\"https:\/\/palaucars.net\/wp-content\/uploads\/2026\/03\/Mercedes-MB100-01.jpg\",\"width\":1280,\"height\":960},{\"@type\":\"BreadcrumbList\",\"@id\":\"https:\/\/palaucars.net\/ca\/projects\/mercedes-mb100\/#breadcrumb\",\"itemListElement\":[{\"@type\":\"ListItem\",\"position\":1,\"name\":\"Portada\",\"item\":\"https:\/\/palaucars.net\/ca\/\"},{\"@type\":\"ListItem\",\"position\":2,\"name\":\"Portfolio\",\"item\":\"https:\/\/palaucars.net\/projects\/\"},{\"@type\":\"ListItem\",\"position\":3,\"name\":\"Mercedes MB100\"}]},{\"@type\":\"WebSite\",\"@id\":\"https:\/\/palaucars.net\/#website\",\"url\":\"https:\/\/palaucars.net\/\",\"name\":\"Palau Cars\",\"description\":\"Especialistas en mantenimiento, reparaci\u00f3n y restauraci\u00f3n de veh\u00edculos cl\u00e1sicos\",\"potentialAction\":[{\"@type\":\"SearchAction\",\"target\":{\"@type\":\"EntryPoint\",\"urlTemplate\":\"https:\/\/palaucars.net\/?s={search_term_string}\"},\"query-input\":{\"@type\":\"PropertyValueSpecification\",\"valueRequired\":true,\"valueName\":\"search_term_string\"}}],\"inLanguage\":\"ca\"}]}<\/script>\n<!-- \/ Yoast SEO plugin. -->","yoast_head_json":{"title":"Mercedes MB100 - Palau Cars","robots":{"index":"index","follow":"follow","max-snippet":"max-snippet:-1","max-image-preview":"max-image-preview:large","max-video-preview":"max-video-preview:-1"},"canonical":"https:\/\/palaucars.net\/ca\/projects\/mercedes-mb100\/","og_locale":"ca_ES","og_type":"article","og_title":"Mercedes MB100 - Palau Cars","og_url":"https:\/\/palaucars.net\/ca\/projects\/mercedes-mb100\/","og_site_name":"Palau Cars","article_modified_time":"2026-03-13T15:40:05+00:00","og_image":[{"width":1280,"height":960,"url":"https:\/\/palaucars.net\/wp-content\/uploads\/2026\/03\/Mercedes-MB100-01.jpg","type":"image\/jpeg"}],"twitter_card":"summary_large_image","twitter_misc":{"Temps estimat de lectura":"3 minuts"},"schema":{"@context":"https:\/\/schema.org","@graph":[{"@type":"WebPage","@id":"https:\/\/palaucars.net\/ca\/projects\/mercedes-mb100\/","url":"https:\/\/palaucars.net\/ca\/projects\/mercedes-mb100\/","name":"Mercedes MB100 - Palau Cars","isPartOf":{"@id":"https:\/\/palaucars.net\/#website"},"primaryImageOfPage":{"@id":"https:\/\/palaucars.net\/ca\/projects\/mercedes-mb100\/#primaryimage"},"image":{"@id":"https:\/\/palaucars.net\/ca\/projects\/mercedes-mb100\/#primaryimage"},"thumbnailUrl":"https:\/\/palaucars.net\/wp-content\/uploads\/2026\/03\/Mercedes-MB100-01.jpg","datePublished":"2026-03-13T15:24:39+00:00","dateModified":"2026-03-13T15:40:05+00:00","breadcrumb":{"@id":"https:\/\/palaucars.net\/ca\/projects\/mercedes-mb100\/#breadcrumb"},"inLanguage":"ca","potentialAction":[{"@type":"ReadAction","target":["https:\/\/palaucars.net\/ca\/projects\/mercedes-mb100\/"]}]},{"@type":"ImageObject","inLanguage":"ca","@id":"https:\/\/palaucars.net\/ca\/projects\/mercedes-mb100\/#primaryimage","url":"https:\/\/palaucars.net\/wp-content\/uploads\/2026\/03\/Mercedes-MB100-01.jpg","contentUrl":"https:\/\/palaucars.net\/wp-content\/uploads\/2026\/03\/Mercedes-MB100-01.jpg","width":1280,"height":960},{"@type":"BreadcrumbList","@id":"https:\/\/palaucars.net\/ca\/projects\/mercedes-mb100\/#breadcrumb","itemListElement":[{"@type":"ListItem","position":1,"name":"Portada","item":"https:\/\/palaucars.net\/ca\/"},{"@type":"ListItem","position":2,"name":"Portfolio","item":"https:\/\/palaucars.net\/projects\/"},{"@type":"ListItem","position":3,"name":"Mercedes MB100"}]},{"@type":"WebSite","@id":"https:\/\/palaucars.net\/#website","url":"https:\/\/palaucars.net\/","name":"Palau Cars","description":"Especialistas en mantenimiento, reparaci\u00f3n y restauraci\u00f3n de veh\u00edculos cl\u00e1sicos","potentialAction":[{"@type":"SearchAction","target":{"@type":"EntryPoint","urlTemplate":"https:\/\/palaucars.net\/?s={search_term_string}"},"query-input":{"@type":"PropertyValueSpecification","valueRequired":true,"valueName":"search_term_string"}}],"inLanguage":"ca"}]}},"_links":{"self":[{"href":"https:\/\/palaucars.net\/ca\/wp-json\/wp\/v2\/avada_portfolio\/4175","targetHints":{"allow":["GET"]}}],"collection":[{"href":"https:\/\/palaucars.net\/ca\/wp-json\/wp\/v2\/avada_portfolio"}],"about":[{"href":"https:\/\/palaucars.net\/ca\/wp-json\/wp\/v2\/types\/avada_portfolio"}],"author":[{"embeddable":true,"href":"https:\/\/palaucars.net\/ca\/wp-json\/wp\/v2\/users\/1"}],"replies":[{"embeddable":true,"href":"https:\/\/palaucars.net\/ca\/wp-json\/wp\/v2\/comments?post=4175"}],"version-history":[{"count":2,"href":"https:\/\/palaucars.net\/ca\/wp-json\/wp\/v2\/avada_portfolio\/4175\/revisions"}],"predecessor-version":[{"id":4184,"href":"https:\/\/palaucars.net\/ca\/wp-json\/wp\/v2\/avada_portfolio\/4175\/revisions\/4184"}],"wp:featuredmedia":[{"embeddable":true,"href":"https:\/\/palaucars.net\/ca\/wp-json\/wp\/v2\/media\/4142"}],"wp:attachment":[{"href":"https:\/\/palaucars.net\/ca\/wp-json\/wp\/v2\/media?parent=4175"}],"wp:term":[{"taxonomy":"portfolio_category","embeddable":true,"href":"https:\/\/palaucars.net\/ca\/wp-json\/wp\/v2\/portfolio_category?post=4175"},{"taxonomy":"portfolio_skills","embeddable":true,"href":"https:\/\/palaucars.net\/ca\/wp-json\/wp\/v2\/portfolio_skills?post=4175"},{"taxonomy":"portfolio_tags","embeddable":true,"href":"https:\/\/palaucars.net\/ca\/wp-json\/wp\/v2\/portfolio_tags?post=4175"}],"curies":[{"name":"wp","href":"https:\/\/api.w.org\/{rel}","templated":true}]}}