{"id":4181,"date":"2026-03-13T16:26:10","date_gmt":"2026-03-13T15:26:10","guid":{"rendered":"https:\/\/palaucars.net\/projects\/dresda-750-honda-four\/"},"modified":"2026-03-13T16:39:57","modified_gmt":"2026-03-13T15:39:57","slug":"dresda-750-honda-four","status":"publish","type":"avada_portfolio","link":"https:\/\/palaucars.net\/ca\/projects\/dresda-750-honda-four\/","title":{"rendered":"Dresda 750 Honda Four"},"content":{"rendered":"<div class=\"fusion-fullwidth fullwidth-box fusion-builder-row-1 fusion-flex-container nonhundred-percent-fullwidth non-hundred-percent-height-scrolling\" style=\"--awb-border-radius-top-left:0px;--awb-border-radius-top-right:0px;--awb-border-radius-bottom-right:0px;--awb-border-radius-bottom-left:0px;--awb-flex-wrap:wrap;\" ><div class=\"fusion-builder-row fusion-row fusion-flex-align-items-flex-start fusion-flex-content-wrap\" style=\"max-width:1248px;margin-left: calc(-4% \/ 2 );margin-right: calc(-4% \/ 2 );\"><div class=\"fusion-layout-column fusion_builder_column fusion-builder-column-0 fusion_builder_column_1_1 1_1 fusion-flex-column\" style=\"--awb-bg-size:cover;--awb-width-large:100%;--awb-margin-top-large:0px;--awb-spacing-right-large:1.92%;--awb-margin-bottom-large:0px;--awb-spacing-left-large:1.92%;--awb-width-medium:100%;--awb-spacing-right-medium:1.92%;--awb-spacing-left-medium:1.92%;--awb-width-small:100%;--awb-spacing-right-small:1.92%;--awb-spacing-left-small:1.92%;\"><div class=\"fusion-column-wrapper fusion-flex-justify-content-flex-start fusion-content-layout-column\"><div class=\"fusion-text fusion-text-1\"><p>La <strong>Dresda 750 Honda Four<\/strong> \u00e9s una motocicleta especial basada en la famosa <strong>Honda CB750 Four<\/strong>, un dels models m\u00e9s influents del motociclisme modern. Aquestes motos van ser modificades per <strong>Dresda Autos<\/strong>, un taller brit\u00e0nic fundat per l\u2019enginyer i pilot <strong>Dave Degens<\/strong>, conegut pels seus xassissos d\u2019alt rendiment per a competici\u00f3.<\/p>\n<p>Durant els <strong>anys 70<\/strong>, Dresda va desenvolupar <strong>xassissos especials i millores a la part cicle<\/strong> per a motors Honda de quatre cilindres. L\u2019objectiu era millorar el comportament din\u00e0mic de la CB750 original, que tot i ser potent, no sempre destacava pel seu maneig en conducci\u00f3 esportiva.<\/p>\n<p>Les <strong>Dresda 750 Honda Four<\/strong> utilitzaven el <strong>motor de quatre cilindres en l\u00ednia de 736 cc<\/strong> procedent de la Honda CB750, fam\u00f3s per la seva suavitat i pot\u00e8ncia. Tanmateix, la gran difer\u00e8ncia es trobava en el <strong>xass\u00eds Dresda<\/strong>, m\u00e9s r\u00edgid i lleuger, que millorava l\u2019estabilitat i el control a altes velocitats.<\/p>\n<p>Aquestes motos es van convertir en aut\u00e8ntiques <strong>caf\u00e9 racer d\u2019alt nivell<\/strong>, molt apreciades en el m\u00f3n de les preparacions i les curses de resist\u00e8ncia. La combinaci\u00f3 del potent motor japon\u00e8s amb l\u2019enginyeria brit\u00e0nica va donar lloc a motocicletes exclusives i molt respectades entre els aficionats.<\/p>\n<p>Avui dia, la <strong>Dresda 750 Honda Four<\/strong> \u00e9s considerada una <strong>pe\u00e7a molt especial del motociclisme cl\u00e0ssic<\/strong>, valorada tant per col\u00b7leccionistes com per amants de les motos preparades dels anys 70. Cada unitat representa una interessant barreja entre <strong>tecnologia japonesa i artesania brit\u00e0nica<\/strong>.<\/p>\n<\/div><div class=\"awb-gallery-wrapper awb-gallery-wrapper-1 button-span-no\" style=\"--more-btn-alignment:center;\"><div style=\"margin:-5px;--awb-aspect-ratio:3 \/ 2;--awb-bordersize:0px;\" class=\"fusion-gallery fusion-gallery-container fusion-grid-3 fusion-columns-total-10 fusion-gallery-layout-grid fusion-gallery-1 has-aspect-ratio\"><div style=\"padding:5px;\" class=\"fusion-grid-column fusion-gallery-column fusion-gallery-column-3 hover-type-none\"><div class=\"fusion-gallery-image\"><a href=\"https:\/\/palaucars.net\/wp-content\/uploads\/2026\/03\/dresda-750-honda-four-05.jpg\" rel=\"noreferrer\" data-rel=\"iLightbox[gallery_image_1]\" class=\"fusion-lightbox\" target=\"_self\"><img decoding=\"async\" src=\"https:\/\/palaucars.net\/wp-content\/uploads\/2026\/03\/dresda-750-honda-four-05.jpg\" width=\"1496\" height=\"844\" alt=\"\" title=\"dresda 750 honda four-05\" aria-label=\"dresda 750 honda four-05\" class=\"img-responsive wp-image-4086\" srcset=\"https:\/\/palaucars.net\/wp-content\/uploads\/2026\/03\/dresda-750-honda-four-05-200x113.jpg 200w, https:\/\/palaucars.net\/wp-content\/uploads\/2026\/03\/dresda-750-honda-four-05-400x226.jpg 400w, https:\/\/palaucars.net\/wp-content\/uploads\/2026\/03\/dresda-750-honda-four-05-600x339.jpg 600w, https:\/\/palaucars.net\/wp-content\/uploads\/2026\/03\/dresda-750-honda-four-05-800x451.jpg 800w, https:\/\/palaucars.net\/wp-content\/uploads\/2026\/03\/dresda-750-honda-four-05-1200x677.jpg 1200w, https:\/\/palaucars.net\/wp-content\/uploads\/2026\/03\/dresda-750-honda-four-05.jpg 1496w\" sizes=\"(min-width: 2200px) 100vw, (min-width: 784px) 397px, (min-width: 712px) 595px, (min-width: 640px) 712px, \" \/><\/a><\/div><\/div><div style=\"padding:5px;\" class=\"fusion-grid-column fusion-gallery-column fusion-gallery-column-3 hover-type-none\"><div class=\"fusion-gallery-image\"><a href=\"https:\/\/palaucars.net\/wp-content\/uploads\/2026\/03\/dresda-750-honda-four-06.jpg\" rel=\"noreferrer\" data-rel=\"iLightbox[gallery_image_1]\" class=\"fusion-lightbox\" target=\"_self\"><img decoding=\"async\" src=\"https:\/\/palaucars.net\/wp-content\/uploads\/2026\/03\/dresda-750-honda-four-06.jpg\" width=\"844\" height=\"1496\" alt=\"\" title=\"dresda 750 honda four-06\" aria-label=\"dresda 750 honda four-06\" class=\"img-responsive wp-image-4088\" srcset=\"https:\/\/palaucars.net\/wp-content\/uploads\/2026\/03\/dresda-750-honda-four-06-200x355.jpg 200w, https:\/\/palaucars.net\/wp-content\/uploads\/2026\/03\/dresda-750-honda-four-06-400x709.jpg 400w, https:\/\/palaucars.net\/wp-content\/uploads\/2026\/03\/dresda-750-honda-four-06-600x1064.jpg 600w, https:\/\/palaucars.net\/wp-content\/uploads\/2026\/03\/dresda-750-honda-four-06-800x1418.jpg 800w, https:\/\/palaucars.net\/wp-content\/uploads\/2026\/03\/dresda-750-honda-four-06.jpg 844w\" sizes=\"(min-width: 2200px) 100vw, (min-width: 784px) 397px, (min-width: 712px) 595px, (min-width: 640px) 712px, \" \/><\/a><\/div><\/div><div style=\"padding:5px;\" class=\"fusion-grid-column fusion-gallery-column fusion-gallery-column-3 hover-type-none\"><div class=\"fusion-gallery-image\"><a href=\"https:\/\/palaucars.net\/wp-content\/uploads\/2026\/03\/dresda-750-honda-four-07.jpg\" rel=\"noreferrer\" data-rel=\"iLightbox[gallery_image_1]\" class=\"fusion-lightbox\" target=\"_self\"><img decoding=\"async\" src=\"https:\/\/palaucars.net\/wp-content\/uploads\/2026\/03\/dresda-750-honda-four-07.jpg\" width=\"1496\" height=\"844\" alt=\"\" title=\"dresda 750 honda four-07\" aria-label=\"dresda 750 honda four-07\" class=\"img-responsive wp-image-4090\" srcset=\"https:\/\/palaucars.net\/wp-content\/uploads\/2026\/03\/dresda-750-honda-four-07-200x113.jpg 200w, https:\/\/palaucars.net\/wp-content\/uploads\/2026\/03\/dresda-750-honda-four-07-400x226.jpg 400w, https:\/\/palaucars.net\/wp-content\/uploads\/2026\/03\/dresda-750-honda-four-07-600x339.jpg 600w, https:\/\/palaucars.net\/wp-content\/uploads\/2026\/03\/dresda-750-honda-four-07-800x451.jpg 800w, https:\/\/palaucars.net\/wp-content\/uploads\/2026\/03\/dresda-750-honda-four-07-1200x677.jpg 1200w, https:\/\/palaucars.net\/wp-content\/uploads\/2026\/03\/dresda-750-honda-four-07.jpg 1496w\" sizes=\"(min-width: 2200px) 100vw, (min-width: 784px) 397px, (min-width: 712px) 595px, (min-width: 640px) 712px, \" \/><\/a><\/div><\/div><div class=\"clearfix\"><\/div><div style=\"padding:5px;\" class=\"fusion-grid-column fusion-gallery-column fusion-gallery-column-3 hover-type-none\"><div class=\"fusion-gallery-image\"><a href=\"https:\/\/palaucars.net\/wp-content\/uploads\/2026\/03\/dresda-750-honda-four-08.jpg\" rel=\"noreferrer\" data-rel=\"iLightbox[gallery_image_1]\" class=\"fusion-lightbox\" target=\"_self\"><img decoding=\"async\" src=\"https:\/\/palaucars.net\/wp-content\/uploads\/2026\/03\/dresda-750-honda-four-08.jpg\" width=\"1496\" height=\"844\" alt=\"\" title=\"dresda 750 honda four-08\" aria-label=\"dresda 750 honda four-08\" class=\"img-responsive wp-image-4092\" srcset=\"https:\/\/palaucars.net\/wp-content\/uploads\/2026\/03\/dresda-750-honda-four-08-200x113.jpg 200w, https:\/\/palaucars.net\/wp-content\/uploads\/2026\/03\/dresda-750-honda-four-08-400x226.jpg 400w, https:\/\/palaucars.net\/wp-content\/uploads\/2026\/03\/dresda-750-honda-four-08-600x339.jpg 600w, https:\/\/palaucars.net\/wp-content\/uploads\/2026\/03\/dresda-750-honda-four-08-800x451.jpg 800w, https:\/\/palaucars.net\/wp-content\/uploads\/2026\/03\/dresda-750-honda-four-08-1200x677.jpg 1200w, https:\/\/palaucars.net\/wp-content\/uploads\/2026\/03\/dresda-750-honda-four-08.jpg 1496w\" sizes=\"(min-width: 2200px) 100vw, (min-width: 784px) 397px, (min-width: 712px) 595px, (min-width: 640px) 712px, \" \/><\/a><\/div><\/div><div style=\"padding:5px;\" class=\"fusion-grid-column fusion-gallery-column fusion-gallery-column-3 hover-type-none\"><div class=\"fusion-gallery-image\"><a href=\"https:\/\/palaucars.net\/wp-content\/uploads\/2026\/03\/dresda-750-honda-four-09.jpg\" rel=\"noreferrer\" data-rel=\"iLightbox[gallery_image_1]\" class=\"fusion-lightbox\" target=\"_self\"><img decoding=\"async\" src=\"https:\/\/palaucars.net\/wp-content\/uploads\/2026\/03\/dresda-750-honda-four-09.jpg\" width=\"844\" height=\"1496\" alt=\"\" title=\"dresda 750 honda four-09\" aria-label=\"dresda 750 honda four-09\" class=\"img-responsive wp-image-4094\" srcset=\"https:\/\/palaucars.net\/wp-content\/uploads\/2026\/03\/dresda-750-honda-four-09-200x355.jpg 200w, https:\/\/palaucars.net\/wp-content\/uploads\/2026\/03\/dresda-750-honda-four-09-400x709.jpg 400w, https:\/\/palaucars.net\/wp-content\/uploads\/2026\/03\/dresda-750-honda-four-09-600x1064.jpg 600w, https:\/\/palaucars.net\/wp-content\/uploads\/2026\/03\/dresda-750-honda-four-09-800x1418.jpg 800w, https:\/\/palaucars.net\/wp-content\/uploads\/2026\/03\/dresda-750-honda-four-09.jpg 844w\" sizes=\"(min-width: 2200px) 100vw, (min-width: 784px) 397px, (min-width: 712px) 595px, (min-width: 640px) 712px, \" \/><\/a><\/div><\/div><div style=\"padding:5px;\" class=\"fusion-grid-column fusion-gallery-column fusion-gallery-column-3 hover-type-none\"><div class=\"fusion-gallery-image\"><a href=\"https:\/\/palaucars.net\/wp-content\/uploads\/2026\/03\/dresda-750-honda-four-10.jpg\" rel=\"noreferrer\" data-rel=\"iLightbox[gallery_image_1]\" class=\"fusion-lightbox\" target=\"_self\"><img decoding=\"async\" src=\"https:\/\/palaucars.net\/wp-content\/uploads\/2026\/03\/dresda-750-honda-four-10.jpg\" width=\"844\" height=\"1496\" alt=\"\" title=\"dresda 750 honda four-10\" aria-label=\"dresda 750 honda four-10\" class=\"img-responsive wp-image-4096\" srcset=\"https:\/\/palaucars.net\/wp-content\/uploads\/2026\/03\/dresda-750-honda-four-10-200x355.jpg 200w, https:\/\/palaucars.net\/wp-content\/uploads\/2026\/03\/dresda-750-honda-four-10-400x709.jpg 400w, https:\/\/palaucars.net\/wp-content\/uploads\/2026\/03\/dresda-750-honda-four-10-600x1064.jpg 600w, https:\/\/palaucars.net\/wp-content\/uploads\/2026\/03\/dresda-750-honda-four-10-800x1418.jpg 800w, https:\/\/palaucars.net\/wp-content\/uploads\/2026\/03\/dresda-750-honda-four-10.jpg 844w\" sizes=\"(min-width: 2200px) 100vw, (min-width: 784px) 397px, (min-width: 712px) 595px, (min-width: 640px) 712px, \" \/><\/a><\/div><\/div><div class=\"clearfix\"><\/div><div style=\"padding:5px;\" class=\"fusion-grid-column fusion-gallery-column fusion-gallery-column-3 hover-type-none\"><div class=\"fusion-gallery-image\"><a href=\"https:\/\/palaucars.net\/wp-content\/uploads\/2026\/03\/dresda-750-honda-four-01.jpg\" rel=\"noreferrer\" data-rel=\"iLightbox[gallery_image_1]\" class=\"fusion-lightbox\" target=\"_self\"><img decoding=\"async\" src=\"https:\/\/palaucars.net\/wp-content\/uploads\/2026\/03\/dresda-750-honda-four-01.jpg\" width=\"768\" height=\"1024\" alt=\"\" title=\"dresda 750 honda four-01\" aria-label=\"dresda 750 honda four-01\" class=\"img-responsive wp-image-4098\" srcset=\"https:\/\/palaucars.net\/wp-content\/uploads\/2026\/03\/dresda-750-honda-four-01-200x267.jpg 200w, https:\/\/palaucars.net\/wp-content\/uploads\/2026\/03\/dresda-750-honda-four-01-400x533.jpg 400w, https:\/\/palaucars.net\/wp-content\/uploads\/2026\/03\/dresda-750-honda-four-01-600x800.jpg 600w, https:\/\/palaucars.net\/wp-content\/uploads\/2026\/03\/dresda-750-honda-four-01.jpg 768w\" sizes=\"(min-width: 2200px) 100vw, (min-width: 784px) 397px, (min-width: 712px) 595px, (min-width: 640px) 712px, \" \/><\/a><\/div><\/div><div style=\"padding:5px;\" class=\"fusion-grid-column fusion-gallery-column fusion-gallery-column-3 hover-type-none\"><div class=\"fusion-gallery-image\"><a href=\"https:\/\/palaucars.net\/wp-content\/uploads\/2026\/03\/dresda-750-honda-four-02.jpg\" rel=\"noreferrer\" data-rel=\"iLightbox[gallery_image_1]\" class=\"fusion-lightbox\" target=\"_self\"><img decoding=\"async\" src=\"https:\/\/palaucars.net\/wp-content\/uploads\/2026\/03\/dresda-750-honda-four-02.jpg\" width=\"1280\" height=\"716\" alt=\"\" title=\"dresda 750 honda four-02\" aria-label=\"dresda 750 honda four-02\" class=\"img-responsive wp-image-4100\" srcset=\"https:\/\/palaucars.net\/wp-content\/uploads\/2026\/03\/dresda-750-honda-four-02-200x112.jpg 200w, https:\/\/palaucars.net\/wp-content\/uploads\/2026\/03\/dresda-750-honda-four-02-400x224.jpg 400w, https:\/\/palaucars.net\/wp-content\/uploads\/2026\/03\/dresda-750-honda-four-02-600x336.jpg 600w, https:\/\/palaucars.net\/wp-content\/uploads\/2026\/03\/dresda-750-honda-four-02-800x448.jpg 800w, https:\/\/palaucars.net\/wp-content\/uploads\/2026\/03\/dresda-750-honda-four-02-1200x671.jpg 1200w, https:\/\/palaucars.net\/wp-content\/uploads\/2026\/03\/dresda-750-honda-four-02.jpg 1280w\" sizes=\"(min-width: 2200px) 100vw, (min-width: 784px) 397px, (min-width: 712px) 595px, (min-width: 640px) 712px, \" \/><\/a><\/div><\/div><div style=\"padding:5px;\" class=\"fusion-grid-column fusion-gallery-column fusion-gallery-column-3 hover-type-none\"><div class=\"fusion-gallery-image\"><a href=\"https:\/\/palaucars.net\/wp-content\/uploads\/2026\/03\/dresda-750-honda-four-03.jpg\" rel=\"noreferrer\" data-rel=\"iLightbox[gallery_image_1]\" class=\"fusion-lightbox\" target=\"_self\"><img decoding=\"async\" src=\"https:\/\/palaucars.net\/wp-content\/uploads\/2026\/03\/dresda-750-honda-four-03.jpg\" width=\"768\" height=\"1024\" alt=\"\" title=\"dresda 750 honda four-03\" aria-label=\"dresda 750 honda four-03\" class=\"img-responsive wp-image-4102\" srcset=\"https:\/\/palaucars.net\/wp-content\/uploads\/2026\/03\/dresda-750-honda-four-03-200x267.jpg 200w, https:\/\/palaucars.net\/wp-content\/uploads\/2026\/03\/dresda-750-honda-four-03-400x533.jpg 400w, https:\/\/palaucars.net\/wp-content\/uploads\/2026\/03\/dresda-750-honda-four-03-600x800.jpg 600w, https:\/\/palaucars.net\/wp-content\/uploads\/2026\/03\/dresda-750-honda-four-03.jpg 768w\" sizes=\"(min-width: 2200px) 100vw, (min-width: 784px) 397px, (min-width: 712px) 595px, (min-width: 640px) 712px, \" \/><\/a><\/div><\/div><div class=\"clearfix\"><\/div><div style=\"padding:5px;\" class=\"fusion-grid-column fusion-gallery-column fusion-gallery-column-3 hover-type-none\"><div class=\"fusion-gallery-image\"><a href=\"https:\/\/palaucars.net\/wp-content\/uploads\/2026\/03\/dresda-750-honda-four-04.jpg\" rel=\"noreferrer\" data-rel=\"iLightbox[gallery_image_1]\" class=\"fusion-lightbox\" target=\"_self\"><img decoding=\"async\" src=\"https:\/\/palaucars.net\/wp-content\/uploads\/2026\/03\/dresda-750-honda-four-04.jpg\" width=\"844\" height=\"1496\" alt=\"\" title=\"dresda 750 honda four-04\" aria-label=\"dresda 750 honda four-04\" class=\"img-responsive wp-image-4104\" srcset=\"https:\/\/palaucars.net\/wp-content\/uploads\/2026\/03\/dresda-750-honda-four-04-200x355.jpg 200w, https:\/\/palaucars.net\/wp-content\/uploads\/2026\/03\/dresda-750-honda-four-04-400x709.jpg 400w, https:\/\/palaucars.net\/wp-content\/uploads\/2026\/03\/dresda-750-honda-four-04-600x1064.jpg 600w, https:\/\/palaucars.net\/wp-content\/uploads\/2026\/03\/dresda-750-honda-four-04-800x1418.jpg 800w, https:\/\/palaucars.net\/wp-content\/uploads\/2026\/03\/dresda-750-honda-four-04.jpg 844w\" sizes=\"(min-width: 2200px) 100vw, (min-width: 784px) 397px, (min-width: 712px) 595px, (min-width: 640px) 712px, \" \/><\/a><\/div><\/div><\/div><\/div><\/div><\/div><\/div><\/div>\n","protected":false},"excerpt":{"rendered":"","protected":false},"author":1,"featured_media":4100,"menu_order":0,"comment_status":"open","ping_status":"open","template":"","format":"standard","meta":{"footnotes":""},"portfolio_category":[],"portfolio_skills":[],"portfolio_tags":[],"class_list":["post-4181","avada_portfolio","type-avada_portfolio","status-publish","format-standard","has-post-thumbnail","hentry"],"yoast_head":"<!-- This site is optimized with the Yoast SEO plugin v26.0 - https:\/\/yoast.com\/wordpress\/plugins\/seo\/ -->\n<title>Dresda 750 Honda Four - Palau Cars<\/title>\n<meta name=\"robots\" content=\"index, follow, max-snippet:-1, max-image-preview:large, max-video-preview:-1\" \/>\n<link rel=\"canonical\" href=\"https:\/\/palaucars.net\/ca\/projects\/dresda-750-honda-four\/\" \/>\n<meta property=\"og:locale\" content=\"ca_ES\" \/>\n<meta property=\"og:type\" content=\"article\" \/>\n<meta property=\"og:title\" content=\"Dresda 750 Honda Four - Palau Cars\" \/>\n<meta property=\"og:url\" content=\"https:\/\/palaucars.net\/ca\/projects\/dresda-750-honda-four\/\" \/>\n<meta property=\"og:site_name\" content=\"Palau Cars\" \/>\n<meta property=\"article:modified_time\" content=\"2026-03-13T15:39:57+00:00\" \/>\n<meta property=\"og:image\" content=\"https:\/\/palaucars.net\/wp-content\/uploads\/2026\/03\/dresda-750-honda-four-02.jpg\" \/>\n\t<meta property=\"og:image:width\" content=\"1280\" \/>\n\t<meta property=\"og:image:height\" content=\"716\" \/>\n\t<meta property=\"og:image:type\" content=\"image\/jpeg\" \/>\n<meta name=\"twitter:card\" content=\"summary_large_image\" \/>\n<meta name=\"twitter:label1\" content=\"Temps estimat de lectura\" \/>\n\t<meta name=\"twitter:data1\" content=\"4 minuts\" \/>\n<script type=\"application\/ld+json\" class=\"yoast-schema-graph\">{\"@context\":\"https:\/\/schema.org\",\"@graph\":[{\"@type\":\"WebPage\",\"@id\":\"https:\/\/palaucars.net\/ca\/projects\/dresda-750-honda-four\/\",\"url\":\"https:\/\/palaucars.net\/ca\/projects\/dresda-750-honda-four\/\",\"name\":\"Dresda 750 Honda Four - Palau Cars\",\"isPartOf\":{\"@id\":\"https:\/\/palaucars.net\/#website\"},\"primaryImageOfPage\":{\"@id\":\"https:\/\/palaucars.net\/ca\/projects\/dresda-750-honda-four\/#primaryimage\"},\"image\":{\"@id\":\"https:\/\/palaucars.net\/ca\/projects\/dresda-750-honda-four\/#primaryimage\"},\"thumbnailUrl\":\"https:\/\/palaucars.net\/wp-content\/uploads\/2026\/03\/dresda-750-honda-four-02.jpg\",\"datePublished\":\"2026-03-13T15:26:10+00:00\",\"dateModified\":\"2026-03-13T15:39:57+00:00\",\"breadcrumb\":{\"@id\":\"https:\/\/palaucars.net\/ca\/projects\/dresda-750-honda-four\/#breadcrumb\"},\"inLanguage\":\"ca\",\"potentialAction\":[{\"@type\":\"ReadAction\",\"target\":[\"https:\/\/palaucars.net\/ca\/projects\/dresda-750-honda-four\/\"]}]},{\"@type\":\"ImageObject\",\"inLanguage\":\"ca\",\"@id\":\"https:\/\/palaucars.net\/ca\/projects\/dresda-750-honda-four\/#primaryimage\",\"url\":\"https:\/\/palaucars.net\/wp-content\/uploads\/2026\/03\/dresda-750-honda-four-02.jpg\",\"contentUrl\":\"https:\/\/palaucars.net\/wp-content\/uploads\/2026\/03\/dresda-750-honda-four-02.jpg\",\"width\":1280,\"height\":716},{\"@type\":\"BreadcrumbList\",\"@id\":\"https:\/\/palaucars.net\/ca\/projects\/dresda-750-honda-four\/#breadcrumb\",\"itemListElement\":[{\"@type\":\"ListItem\",\"position\":1,\"name\":\"Portada\",\"item\":\"https:\/\/palaucars.net\/ca\/\"},{\"@type\":\"ListItem\",\"position\":2,\"name\":\"Portfolio\",\"item\":\"https:\/\/palaucars.net\/projects\/\"},{\"@type\":\"ListItem\",\"position\":3,\"name\":\"Dresda 750 Honda Four\"}]},{\"@type\":\"WebSite\",\"@id\":\"https:\/\/palaucars.net\/#website\",\"url\":\"https:\/\/palaucars.net\/\",\"name\":\"Palau Cars\",\"description\":\"Especialistas en mantenimiento, reparaci\u00f3n y restauraci\u00f3n de veh\u00edculos cl\u00e1sicos\",\"potentialAction\":[{\"@type\":\"SearchAction\",\"target\":{\"@type\":\"EntryPoint\",\"urlTemplate\":\"https:\/\/palaucars.net\/?s={search_term_string}\"},\"query-input\":{\"@type\":\"PropertyValueSpecification\",\"valueRequired\":true,\"valueName\":\"search_term_string\"}}],\"inLanguage\":\"ca\"}]}<\/script>\n<!-- \/ Yoast SEO plugin. -->","yoast_head_json":{"title":"Dresda 750 Honda Four - Palau Cars","robots":{"index":"index","follow":"follow","max-snippet":"max-snippet:-1","max-image-preview":"max-image-preview:large","max-video-preview":"max-video-preview:-1"},"canonical":"https:\/\/palaucars.net\/ca\/projects\/dresda-750-honda-four\/","og_locale":"ca_ES","og_type":"article","og_title":"Dresda 750 Honda Four - Palau Cars","og_url":"https:\/\/palaucars.net\/ca\/projects\/dresda-750-honda-four\/","og_site_name":"Palau Cars","article_modified_time":"2026-03-13T15:39:57+00:00","og_image":[{"width":1280,"height":716,"url":"https:\/\/palaucars.net\/wp-content\/uploads\/2026\/03\/dresda-750-honda-four-02.jpg","type":"image\/jpeg"}],"twitter_card":"summary_large_image","twitter_misc":{"Temps estimat de lectura":"4 minuts"},"schema":{"@context":"https:\/\/schema.org","@graph":[{"@type":"WebPage","@id":"https:\/\/palaucars.net\/ca\/projects\/dresda-750-honda-four\/","url":"https:\/\/palaucars.net\/ca\/projects\/dresda-750-honda-four\/","name":"Dresda 750 Honda Four - Palau Cars","isPartOf":{"@id":"https:\/\/palaucars.net\/#website"},"primaryImageOfPage":{"@id":"https:\/\/palaucars.net\/ca\/projects\/dresda-750-honda-four\/#primaryimage"},"image":{"@id":"https:\/\/palaucars.net\/ca\/projects\/dresda-750-honda-four\/#primaryimage"},"thumbnailUrl":"https:\/\/palaucars.net\/wp-content\/uploads\/2026\/03\/dresda-750-honda-four-02.jpg","datePublished":"2026-03-13T15:26:10+00:00","dateModified":"2026-03-13T15:39:57+00:00","breadcrumb":{"@id":"https:\/\/palaucars.net\/ca\/projects\/dresda-750-honda-four\/#breadcrumb"},"inLanguage":"ca","potentialAction":[{"@type":"ReadAction","target":["https:\/\/palaucars.net\/ca\/projects\/dresda-750-honda-four\/"]}]},{"@type":"ImageObject","inLanguage":"ca","@id":"https:\/\/palaucars.net\/ca\/projects\/dresda-750-honda-four\/#primaryimage","url":"https:\/\/palaucars.net\/wp-content\/uploads\/2026\/03\/dresda-750-honda-four-02.jpg","contentUrl":"https:\/\/palaucars.net\/wp-content\/uploads\/2026\/03\/dresda-750-honda-four-02.jpg","width":1280,"height":716},{"@type":"BreadcrumbList","@id":"https:\/\/palaucars.net\/ca\/projects\/dresda-750-honda-four\/#breadcrumb","itemListElement":[{"@type":"ListItem","position":1,"name":"Portada","item":"https:\/\/palaucars.net\/ca\/"},{"@type":"ListItem","position":2,"name":"Portfolio","item":"https:\/\/palaucars.net\/projects\/"},{"@type":"ListItem","position":3,"name":"Dresda 750 Honda Four"}]},{"@type":"WebSite","@id":"https:\/\/palaucars.net\/#website","url":"https:\/\/palaucars.net\/","name":"Palau Cars","description":"Especialistas en mantenimiento, reparaci\u00f3n y restauraci\u00f3n de veh\u00edculos cl\u00e1sicos","potentialAction":[{"@type":"SearchAction","target":{"@type":"EntryPoint","urlTemplate":"https:\/\/palaucars.net\/?s={search_term_string}"},"query-input":{"@type":"PropertyValueSpecification","valueRequired":true,"valueName":"search_term_string"}}],"inLanguage":"ca"}]}},"_links":{"self":[{"href":"https:\/\/palaucars.net\/ca\/wp-json\/wp\/v2\/avada_portfolio\/4181","targetHints":{"allow":["GET"]}}],"collection":[{"href":"https:\/\/palaucars.net\/ca\/wp-json\/wp\/v2\/avada_portfolio"}],"about":[{"href":"https:\/\/palaucars.net\/ca\/wp-json\/wp\/v2\/types\/avada_portfolio"}],"author":[{"embeddable":true,"href":"https:\/\/palaucars.net\/ca\/wp-json\/wp\/v2\/users\/1"}],"replies":[{"embeddable":true,"href":"https:\/\/palaucars.net\/ca\/wp-json\/wp\/v2\/comments?post=4181"}],"version-history":[{"count":2,"href":"https:\/\/palaucars.net\/ca\/wp-json\/wp\/v2\/avada_portfolio\/4181\/revisions"}],"predecessor-version":[{"id":4187,"href":"https:\/\/palaucars.net\/ca\/wp-json\/wp\/v2\/avada_portfolio\/4181\/revisions\/4187"}],"wp:featuredmedia":[{"embeddable":true,"href":"https:\/\/palaucars.net\/ca\/wp-json\/wp\/v2\/media\/4100"}],"wp:attachment":[{"href":"https:\/\/palaucars.net\/ca\/wp-json\/wp\/v2\/media?parent=4181"}],"wp:term":[{"taxonomy":"portfolio_category","embeddable":true,"href":"https:\/\/palaucars.net\/ca\/wp-json\/wp\/v2\/portfolio_category?post=4181"},{"taxonomy":"portfolio_skills","embeddable":true,"href":"https:\/\/palaucars.net\/ca\/wp-json\/wp\/v2\/portfolio_skills?post=4181"},{"taxonomy":"portfolio_tags","embeddable":true,"href":"https:\/\/palaucars.net\/ca\/wp-json\/wp\/v2\/portfolio_tags?post=4181"}],"curies":[{"name":"wp","href":"https:\/\/api.w.org\/{rel}","templated":true}]}}