{"id":4208,"date":"2026-03-13T16:52:39","date_gmt":"2026-03-13T15:52:39","guid":{"rendered":"https:\/\/palaucars.net\/projects\/vespa-primavera\/"},"modified":"2026-03-13T16:53:39","modified_gmt":"2026-03-13T15:53:39","slug":"vespa-primavera","status":"publish","type":"avada_portfolio","link":"https:\/\/palaucars.net\/ca\/projects\/vespa-primavera\/","title":{"rendered":"Vespa primavera"},"content":{"rendered":"<div class=\"fusion-fullwidth fullwidth-box fusion-builder-row-1 fusion-flex-container nonhundred-percent-fullwidth non-hundred-percent-height-scrolling\" style=\"--awb-border-radius-top-left:0px;--awb-border-radius-top-right:0px;--awb-border-radius-bottom-right:0px;--awb-border-radius-bottom-left:0px;--awb-flex-wrap:wrap;\" ><div class=\"fusion-builder-row fusion-row fusion-flex-align-items-flex-start fusion-flex-content-wrap\" style=\"max-width:1248px;margin-left: calc(-4% \/ 2 );margin-right: calc(-4% \/ 2 );\"><div class=\"fusion-layout-column fusion_builder_column fusion-builder-column-0 fusion_builder_column_1_1 1_1 fusion-flex-column\" style=\"--awb-bg-size:cover;--awb-width-large:100%;--awb-margin-top-large:0px;--awb-spacing-right-large:1.92%;--awb-margin-bottom-large:0px;--awb-spacing-left-large:1.92%;--awb-width-medium:100%;--awb-spacing-right-medium:1.92%;--awb-spacing-left-medium:1.92%;--awb-width-small:100%;--awb-spacing-right-small:1.92%;--awb-spacing-left-small:1.92%;\"><div class=\"fusion-column-wrapper fusion-flex-justify-content-flex-start fusion-content-layout-column\"><div class=\"fusion-text fusion-text-1\"><p data-start=\"0\" data-end=\"309\">La <strong data-start=\"3\" data-end=\"22\">Vespa Primavera<\/strong> \u00e9s un dels scooters cl\u00e0ssics m\u00e9s emblem\u00e0tics fabricats per la marca italiana Piaggio. Aquest model va apar\u00e8ixer a finals dels <strong data-start=\"149\" data-end=\"160\">anys 60<\/strong>, concretament el <strong data-start=\"178\" data-end=\"186\">1968<\/strong>, i r\u00e0pidament es va convertir en un dels scooters m\u00e9s populars gr\u00e0cies al seu equilibri entre mida, prestacions i disseny.<\/p>\n<p data-start=\"311\" data-end=\"622\">La Primavera va ser dissenyada com una Vespa <strong data-start=\"356\" data-end=\"393\">lleugera, \u00e0gil i f\u00e0cil de conduir<\/strong>, pensada especialment per a l\u2019\u00fas urb\u00e0. La seva est\u00e8tica mantenia les l\u00ednies cl\u00e0ssiques de la marca, amb una carrosseria compacta d\u2019acer i un disseny elegant que amb el temps s\u2019ha convertit en un aut\u00e8ntic icona de l\u2019estil itali\u00e0.<\/p>\n<p data-start=\"624\" data-end=\"890\">Un dels models m\u00e9s coneguts va ser la <strong data-start=\"662\" data-end=\"685\">Vespa 125 Primavera<\/strong>, equipada amb un <strong data-start=\"703\" data-end=\"749\">motor monocil\u00edndric de dos temps de 125 cc<\/strong>. Aquest motor oferia bones prestacions per a la seva mida, permetent una conducci\u00f3 \u00e0gil tant a la ciutat com en trajectes interurbans curts.<\/p>\n<p data-start=\"892\" data-end=\"1122\">A m\u00e9s de la seva fiabilitat mec\u00e0nica, la Vespa Primavera destacava per la seva <strong data-start=\"971\" data-end=\"1009\">gran maniobrabilitat i baix consum<\/strong>, qualitats que la van convertir en un mitj\u00e0 de transport molt pr\u00e0ctic per a joves i treballadors durant d\u00e8cades.<\/p>\n<p data-start=\"1124\" data-end=\"1364\" data-is-last-node=\"\" data-is-only-node=\"\">Avui dia, la <strong data-start=\"1137\" data-end=\"1156\">Vespa Primavera<\/strong> \u00e9s considerada <strong data-start=\"1172\" data-end=\"1222\">un dels scooters cl\u00e0ssics m\u00e9s estimats del m\u00f3n<\/strong>. Moltes unitats han estat restaurades i encara circulen, mantenint viu l\u2019esperit de mobilitat urbana elegant que caracteritza la marca Vespa.<\/p>\n<\/div><div class=\"awb-gallery-wrapper awb-gallery-wrapper-1 button-span-no\" style=\"--more-btn-alignment:center;\"><div style=\"margin:-5px;--awb-aspect-ratio:3 \/ 2;--awb-bordersize:0px;\" class=\"fusion-gallery fusion-gallery-container fusion-grid-3 fusion-columns-total-6 fusion-gallery-layout-grid fusion-gallery-1 has-aspect-ratio\"><div style=\"padding:5px;\" class=\"fusion-grid-column fusion-gallery-column fusion-gallery-column-3 hover-type-none\"><div class=\"fusion-gallery-image\"><a href=\"https:\/\/palaucars.net\/wp-content\/uploads\/2026\/03\/vespa-primavera-02.jpg\" rel=\"noreferrer\" data-rel=\"iLightbox[gallery_image_1]\" class=\"fusion-lightbox\" target=\"_self\"><img decoding=\"async\" src=\"https:\/\/palaucars.net\/wp-content\/uploads\/2026\/03\/vespa-primavera-02.jpg\" width=\"1280\" height=\"960\" alt=\"\" title=\"vespa-primavera-02\" aria-label=\"vespa-primavera-02\" class=\"img-responsive wp-image-4196\" srcset=\"https:\/\/palaucars.net\/wp-content\/uploads\/2026\/03\/vespa-primavera-02-200x150.jpg 200w, https:\/\/palaucars.net\/wp-content\/uploads\/2026\/03\/vespa-primavera-02-400x300.jpg 400w, https:\/\/palaucars.net\/wp-content\/uploads\/2026\/03\/vespa-primavera-02-600x450.jpg 600w, https:\/\/palaucars.net\/wp-content\/uploads\/2026\/03\/vespa-primavera-02-800x600.jpg 800w, https:\/\/palaucars.net\/wp-content\/uploads\/2026\/03\/vespa-primavera-02-1200x900.jpg 1200w, https:\/\/palaucars.net\/wp-content\/uploads\/2026\/03\/vespa-primavera-02.jpg 1280w\" sizes=\"(min-width: 2200px) 100vw, (min-width: 784px) 397px, (min-width: 712px) 595px, (min-width: 640px) 712px, \" \/><\/a><\/div><\/div><div style=\"padding:5px;\" class=\"fusion-grid-column fusion-gallery-column fusion-gallery-column-3 hover-type-none\"><div class=\"fusion-gallery-image\"><a href=\"https:\/\/palaucars.net\/wp-content\/uploads\/2026\/03\/vespa-primavera-03.jpg\" rel=\"noreferrer\" data-rel=\"iLightbox[gallery_image_1]\" class=\"fusion-lightbox\" target=\"_self\"><img decoding=\"async\" src=\"https:\/\/palaucars.net\/wp-content\/uploads\/2026\/03\/vespa-primavera-03.jpg\" width=\"768\" height=\"1024\" alt=\"\" title=\"vespa-primavera-03\" aria-label=\"vespa-primavera-03\" class=\"img-responsive wp-image-4198\" srcset=\"https:\/\/palaucars.net\/wp-content\/uploads\/2026\/03\/vespa-primavera-03-200x267.jpg 200w, https:\/\/palaucars.net\/wp-content\/uploads\/2026\/03\/vespa-primavera-03-400x533.jpg 400w, https:\/\/palaucars.net\/wp-content\/uploads\/2026\/03\/vespa-primavera-03-600x800.jpg 600w, https:\/\/palaucars.net\/wp-content\/uploads\/2026\/03\/vespa-primavera-03.jpg 768w\" sizes=\"(min-width: 2200px) 100vw, (min-width: 784px) 397px, (min-width: 712px) 595px, (min-width: 640px) 712px, \" \/><\/a><\/div><\/div><div style=\"padding:5px;\" class=\"fusion-grid-column fusion-gallery-column fusion-gallery-column-3 hover-type-none\"><div class=\"fusion-gallery-image\"><a href=\"https:\/\/palaucars.net\/wp-content\/uploads\/2026\/03\/vespa-primavera-04.jpg\" rel=\"noreferrer\" data-rel=\"iLightbox[gallery_image_1]\" class=\"fusion-lightbox\" target=\"_self\"><img decoding=\"async\" src=\"https:\/\/palaucars.net\/wp-content\/uploads\/2026\/03\/vespa-primavera-04.jpg\" width=\"844\" height=\"1496\" alt=\"\" title=\"vespa-primavera-04\" aria-label=\"vespa-primavera-04\" class=\"img-responsive wp-image-4200\" srcset=\"https:\/\/palaucars.net\/wp-content\/uploads\/2026\/03\/vespa-primavera-04-200x355.jpg 200w, https:\/\/palaucars.net\/wp-content\/uploads\/2026\/03\/vespa-primavera-04-400x709.jpg 400w, https:\/\/palaucars.net\/wp-content\/uploads\/2026\/03\/vespa-primavera-04-600x1064.jpg 600w, https:\/\/palaucars.net\/wp-content\/uploads\/2026\/03\/vespa-primavera-04-800x1418.jpg 800w, https:\/\/palaucars.net\/wp-content\/uploads\/2026\/03\/vespa-primavera-04.jpg 844w\" sizes=\"(min-width: 2200px) 100vw, (min-width: 784px) 397px, (min-width: 712px) 595px, (min-width: 640px) 712px, \" \/><\/a><\/div><\/div><div class=\"clearfix\"><\/div><div style=\"padding:5px;\" class=\"fusion-grid-column fusion-gallery-column fusion-gallery-column-3 hover-type-none\"><div class=\"fusion-gallery-image\"><a href=\"https:\/\/palaucars.net\/wp-content\/uploads\/2026\/03\/vespa-primavera-05.jpg\" rel=\"noreferrer\" data-rel=\"iLightbox[gallery_image_1]\" class=\"fusion-lightbox\" target=\"_self\"><img decoding=\"async\" src=\"https:\/\/palaucars.net\/wp-content\/uploads\/2026\/03\/vespa-primavera-05.jpg\" width=\"844\" height=\"1496\" alt=\"\" title=\"vespa-primavera-05\" aria-label=\"vespa-primavera-05\" class=\"img-responsive wp-image-4202\" srcset=\"https:\/\/palaucars.net\/wp-content\/uploads\/2026\/03\/vespa-primavera-05-200x355.jpg 200w, https:\/\/palaucars.net\/wp-content\/uploads\/2026\/03\/vespa-primavera-05-400x709.jpg 400w, https:\/\/palaucars.net\/wp-content\/uploads\/2026\/03\/vespa-primavera-05-600x1064.jpg 600w, https:\/\/palaucars.net\/wp-content\/uploads\/2026\/03\/vespa-primavera-05-800x1418.jpg 800w, https:\/\/palaucars.net\/wp-content\/uploads\/2026\/03\/vespa-primavera-05.jpg 844w\" sizes=\"(min-width: 2200px) 100vw, (min-width: 784px) 397px, (min-width: 712px) 595px, (min-width: 640px) 712px, \" \/><\/a><\/div><\/div><div style=\"padding:5px;\" class=\"fusion-grid-column fusion-gallery-column fusion-gallery-column-3 hover-type-none\"><div class=\"fusion-gallery-image\"><a href=\"https:\/\/palaucars.net\/wp-content\/uploads\/2026\/03\/vespa-primavera-06.jpg\" rel=\"noreferrer\" data-rel=\"iLightbox[gallery_image_1]\" class=\"fusion-lightbox\" target=\"_self\"><img decoding=\"async\" src=\"https:\/\/palaucars.net\/wp-content\/uploads\/2026\/03\/vespa-primavera-06.jpg\" width=\"844\" height=\"1496\" alt=\"\" title=\"vespa-primavera-06\" aria-label=\"vespa-primavera-06\" class=\"img-responsive wp-image-4204\" srcset=\"https:\/\/palaucars.net\/wp-content\/uploads\/2026\/03\/vespa-primavera-06-200x355.jpg 200w, https:\/\/palaucars.net\/wp-content\/uploads\/2026\/03\/vespa-primavera-06-400x709.jpg 400w, https:\/\/palaucars.net\/wp-content\/uploads\/2026\/03\/vespa-primavera-06-600x1064.jpg 600w, https:\/\/palaucars.net\/wp-content\/uploads\/2026\/03\/vespa-primavera-06-800x1418.jpg 800w, https:\/\/palaucars.net\/wp-content\/uploads\/2026\/03\/vespa-primavera-06.jpg 844w\" sizes=\"(min-width: 2200px) 100vw, (min-width: 784px) 397px, (min-width: 712px) 595px, (min-width: 640px) 712px, \" \/><\/a><\/div><\/div><div style=\"padding:5px;\" class=\"fusion-grid-column fusion-gallery-column fusion-gallery-column-3 hover-type-none\"><div class=\"fusion-gallery-image\"><a href=\"https:\/\/palaucars.net\/wp-content\/uploads\/2026\/03\/vespa-primavera-07.jpg\" rel=\"noreferrer\" data-rel=\"iLightbox[gallery_image_1]\" class=\"fusion-lightbox\" target=\"_self\"><img decoding=\"async\" src=\"https:\/\/palaucars.net\/wp-content\/uploads\/2026\/03\/vespa-primavera-07.jpg\" width=\"844\" height=\"1496\" alt=\"\" title=\"vespa-primavera-07\" aria-label=\"vespa-primavera-07\" class=\"img-responsive wp-image-4206\" srcset=\"https:\/\/palaucars.net\/wp-content\/uploads\/2026\/03\/vespa-primavera-07-200x355.jpg 200w, https:\/\/palaucars.net\/wp-content\/uploads\/2026\/03\/vespa-primavera-07-400x709.jpg 400w, https:\/\/palaucars.net\/wp-content\/uploads\/2026\/03\/vespa-primavera-07-600x1064.jpg 600w, https:\/\/palaucars.net\/wp-content\/uploads\/2026\/03\/vespa-primavera-07-800x1418.jpg 800w, https:\/\/palaucars.net\/wp-content\/uploads\/2026\/03\/vespa-primavera-07.jpg 844w\" sizes=\"(min-width: 2200px) 100vw, (min-width: 784px) 397px, (min-width: 712px) 595px, (min-width: 640px) 712px, \" \/><\/a><\/div><\/div><div class=\"clearfix\"><\/div><\/div><\/div><\/div><\/div><\/div><\/div>\n","protected":false},"excerpt":{"rendered":"","protected":false},"author":1,"featured_media":4202,"menu_order":0,"comment_status":"open","ping_status":"open","template":"","format":"standard","meta":{"footnotes":""},"portfolio_category":[],"portfolio_skills":[],"portfolio_tags":[],"class_list":["post-4208","avada_portfolio","type-avada_portfolio","status-publish","format-standard","has-post-thumbnail","hentry"],"yoast_head":"<!-- This site is optimized with the Yoast SEO plugin v26.0 - https:\/\/yoast.com\/wordpress\/plugins\/seo\/ -->\n<title>Vespa primavera - Palau Cars<\/title>\n<meta name=\"robots\" content=\"index, follow, max-snippet:-1, max-image-preview:large, max-video-preview:-1\" \/>\n<link rel=\"canonical\" href=\"https:\/\/palaucars.net\/ca\/projects\/vespa-primavera\/\" \/>\n<meta property=\"og:locale\" content=\"ca_ES\" \/>\n<meta property=\"og:type\" content=\"article\" \/>\n<meta property=\"og:title\" content=\"Vespa primavera - Palau Cars\" \/>\n<meta property=\"og:url\" content=\"https:\/\/palaucars.net\/ca\/projects\/vespa-primavera\/\" \/>\n<meta property=\"og:site_name\" content=\"Palau Cars\" \/>\n<meta property=\"article:modified_time\" content=\"2026-03-13T15:53:39+00:00\" \/>\n<meta property=\"og:image\" content=\"https:\/\/palaucars.net\/wp-content\/uploads\/2026\/03\/vespa-primavera-05.jpg\" \/>\n\t<meta property=\"og:image:width\" content=\"844\" \/>\n\t<meta property=\"og:image:height\" content=\"1496\" \/>\n\t<meta property=\"og:image:type\" content=\"image\/jpeg\" \/>\n<meta name=\"twitter:card\" content=\"summary_large_image\" \/>\n<meta name=\"twitter:label1\" content=\"Temps estimat de lectura\" \/>\n\t<meta name=\"twitter:data1\" content=\"3 minuts\" \/>\n<script type=\"application\/ld+json\" class=\"yoast-schema-graph\">{\"@context\":\"https:\/\/schema.org\",\"@graph\":[{\"@type\":\"WebPage\",\"@id\":\"https:\/\/palaucars.net\/ca\/projects\/vespa-primavera\/\",\"url\":\"https:\/\/palaucars.net\/ca\/projects\/vespa-primavera\/\",\"name\":\"Vespa primavera - Palau Cars\",\"isPartOf\":{\"@id\":\"https:\/\/palaucars.net\/#website\"},\"primaryImageOfPage\":{\"@id\":\"https:\/\/palaucars.net\/ca\/projects\/vespa-primavera\/#primaryimage\"},\"image\":{\"@id\":\"https:\/\/palaucars.net\/ca\/projects\/vespa-primavera\/#primaryimage\"},\"thumbnailUrl\":\"https:\/\/palaucars.net\/wp-content\/uploads\/2026\/03\/vespa-primavera-05.jpg\",\"datePublished\":\"2026-03-13T15:52:39+00:00\",\"dateModified\":\"2026-03-13T15:53:39+00:00\",\"breadcrumb\":{\"@id\":\"https:\/\/palaucars.net\/ca\/projects\/vespa-primavera\/#breadcrumb\"},\"inLanguage\":\"ca\",\"potentialAction\":[{\"@type\":\"ReadAction\",\"target\":[\"https:\/\/palaucars.net\/ca\/projects\/vespa-primavera\/\"]}]},{\"@type\":\"ImageObject\",\"inLanguage\":\"ca\",\"@id\":\"https:\/\/palaucars.net\/ca\/projects\/vespa-primavera\/#primaryimage\",\"url\":\"https:\/\/palaucars.net\/wp-content\/uploads\/2026\/03\/vespa-primavera-05.jpg\",\"contentUrl\":\"https:\/\/palaucars.net\/wp-content\/uploads\/2026\/03\/vespa-primavera-05.jpg\",\"width\":844,\"height\":1496},{\"@type\":\"BreadcrumbList\",\"@id\":\"https:\/\/palaucars.net\/ca\/projects\/vespa-primavera\/#breadcrumb\",\"itemListElement\":[{\"@type\":\"ListItem\",\"position\":1,\"name\":\"Portada\",\"item\":\"https:\/\/palaucars.net\/ca\/\"},{\"@type\":\"ListItem\",\"position\":2,\"name\":\"Portfolio\",\"item\":\"https:\/\/palaucars.net\/projects\/\"},{\"@type\":\"ListItem\",\"position\":3,\"name\":\"Vespa primavera\"}]},{\"@type\":\"WebSite\",\"@id\":\"https:\/\/palaucars.net\/#website\",\"url\":\"https:\/\/palaucars.net\/\",\"name\":\"Palau Cars\",\"description\":\"Especialistas en mantenimiento, reparaci\u00f3n y restauraci\u00f3n de veh\u00edculos cl\u00e1sicos\",\"potentialAction\":[{\"@type\":\"SearchAction\",\"target\":{\"@type\":\"EntryPoint\",\"urlTemplate\":\"https:\/\/palaucars.net\/?s={search_term_string}\"},\"query-input\":{\"@type\":\"PropertyValueSpecification\",\"valueRequired\":true,\"valueName\":\"search_term_string\"}}],\"inLanguage\":\"ca\"}]}<\/script>\n<!-- \/ Yoast SEO plugin. -->","yoast_head_json":{"title":"Vespa primavera - Palau Cars","robots":{"index":"index","follow":"follow","max-snippet":"max-snippet:-1","max-image-preview":"max-image-preview:large","max-video-preview":"max-video-preview:-1"},"canonical":"https:\/\/palaucars.net\/ca\/projects\/vespa-primavera\/","og_locale":"ca_ES","og_type":"article","og_title":"Vespa primavera - Palau Cars","og_url":"https:\/\/palaucars.net\/ca\/projects\/vespa-primavera\/","og_site_name":"Palau Cars","article_modified_time":"2026-03-13T15:53:39+00:00","og_image":[{"width":844,"height":1496,"url":"https:\/\/palaucars.net\/wp-content\/uploads\/2026\/03\/vespa-primavera-05.jpg","type":"image\/jpeg"}],"twitter_card":"summary_large_image","twitter_misc":{"Temps estimat de lectura":"3 minuts"},"schema":{"@context":"https:\/\/schema.org","@graph":[{"@type":"WebPage","@id":"https:\/\/palaucars.net\/ca\/projects\/vespa-primavera\/","url":"https:\/\/palaucars.net\/ca\/projects\/vespa-primavera\/","name":"Vespa primavera - Palau Cars","isPartOf":{"@id":"https:\/\/palaucars.net\/#website"},"primaryImageOfPage":{"@id":"https:\/\/palaucars.net\/ca\/projects\/vespa-primavera\/#primaryimage"},"image":{"@id":"https:\/\/palaucars.net\/ca\/projects\/vespa-primavera\/#primaryimage"},"thumbnailUrl":"https:\/\/palaucars.net\/wp-content\/uploads\/2026\/03\/vespa-primavera-05.jpg","datePublished":"2026-03-13T15:52:39+00:00","dateModified":"2026-03-13T15:53:39+00:00","breadcrumb":{"@id":"https:\/\/palaucars.net\/ca\/projects\/vespa-primavera\/#breadcrumb"},"inLanguage":"ca","potentialAction":[{"@type":"ReadAction","target":["https:\/\/palaucars.net\/ca\/projects\/vespa-primavera\/"]}]},{"@type":"ImageObject","inLanguage":"ca","@id":"https:\/\/palaucars.net\/ca\/projects\/vespa-primavera\/#primaryimage","url":"https:\/\/palaucars.net\/wp-content\/uploads\/2026\/03\/vespa-primavera-05.jpg","contentUrl":"https:\/\/palaucars.net\/wp-content\/uploads\/2026\/03\/vespa-primavera-05.jpg","width":844,"height":1496},{"@type":"BreadcrumbList","@id":"https:\/\/palaucars.net\/ca\/projects\/vespa-primavera\/#breadcrumb","itemListElement":[{"@type":"ListItem","position":1,"name":"Portada","item":"https:\/\/palaucars.net\/ca\/"},{"@type":"ListItem","position":2,"name":"Portfolio","item":"https:\/\/palaucars.net\/projects\/"},{"@type":"ListItem","position":3,"name":"Vespa primavera"}]},{"@type":"WebSite","@id":"https:\/\/palaucars.net\/#website","url":"https:\/\/palaucars.net\/","name":"Palau Cars","description":"Especialistas en mantenimiento, reparaci\u00f3n y restauraci\u00f3n de veh\u00edculos cl\u00e1sicos","potentialAction":[{"@type":"SearchAction","target":{"@type":"EntryPoint","urlTemplate":"https:\/\/palaucars.net\/?s={search_term_string}"},"query-input":{"@type":"PropertyValueSpecification","valueRequired":true,"valueName":"search_term_string"}}],"inLanguage":"ca"}]}},"_links":{"self":[{"href":"https:\/\/palaucars.net\/ca\/wp-json\/wp\/v2\/avada_portfolio\/4208","targetHints":{"allow":["GET"]}}],"collection":[{"href":"https:\/\/palaucars.net\/ca\/wp-json\/wp\/v2\/avada_portfolio"}],"about":[{"href":"https:\/\/palaucars.net\/ca\/wp-json\/wp\/v2\/types\/avada_portfolio"}],"author":[{"embeddable":true,"href":"https:\/\/palaucars.net\/ca\/wp-json\/wp\/v2\/users\/1"}],"replies":[{"embeddable":true,"href":"https:\/\/palaucars.net\/ca\/wp-json\/wp\/v2\/comments?post=4208"}],"version-history":[{"count":2,"href":"https:\/\/palaucars.net\/ca\/wp-json\/wp\/v2\/avada_portfolio\/4208\/revisions"}],"predecessor-version":[{"id":4210,"href":"https:\/\/palaucars.net\/ca\/wp-json\/wp\/v2\/avada_portfolio\/4208\/revisions\/4210"}],"wp:featuredmedia":[{"embeddable":true,"href":"https:\/\/palaucars.net\/ca\/wp-json\/wp\/v2\/media\/4202"}],"wp:attachment":[{"href":"https:\/\/palaucars.net\/ca\/wp-json\/wp\/v2\/media?parent=4208"}],"wp:term":[{"taxonomy":"portfolio_category","embeddable":true,"href":"https:\/\/palaucars.net\/ca\/wp-json\/wp\/v2\/portfolio_category?post=4208"},{"taxonomy":"portfolio_skills","embeddable":true,"href":"https:\/\/palaucars.net\/ca\/wp-json\/wp\/v2\/portfolio_skills?post=4208"},{"taxonomy":"portfolio_tags","embeddable":true,"href":"https:\/\/palaucars.net\/ca\/wp-json\/wp\/v2\/portfolio_tags?post=4208"}],"curies":[{"name":"wp","href":"https:\/\/api.w.org\/{rel}","templated":true}]}}