{"id":4236,"date":"2026-03-13T16:56:53","date_gmt":"2026-03-13T15:56:53","guid":{"rendered":"https:\/\/palaucars.net\/projects\/mondial-ex-24-hores-montjuic-250\/"},"modified":"2026-03-13T17:01:18","modified_gmt":"2026-03-13T16:01:18","slug":"mondial-ex-24-hores-montjuic-250","status":"publish","type":"avada_portfolio","link":"https:\/\/palaucars.net\/ca\/projects\/mondial-ex-24-hores-montjuic-250\/","title":{"rendered":"Mondial ex 24 hores Montjuic 250"},"content":{"rendered":"<div class=\"fusion-fullwidth fullwidth-box fusion-builder-row-1 fusion-flex-container nonhundred-percent-fullwidth non-hundred-percent-height-scrolling\" style=\"--awb-border-radius-top-left:0px;--awb-border-radius-top-right:0px;--awb-border-radius-bottom-right:0px;--awb-border-radius-bottom-left:0px;--awb-flex-wrap:wrap;\" ><div class=\"fusion-builder-row fusion-row fusion-flex-align-items-flex-start fusion-flex-content-wrap\" style=\"max-width:1248px;margin-left: calc(-4% \/ 2 );margin-right: calc(-4% \/ 2 );\"><div class=\"fusion-layout-column fusion_builder_column fusion-builder-column-0 fusion_builder_column_1_1 1_1 fusion-flex-column\" style=\"--awb-bg-size:cover;--awb-width-large:100%;--awb-margin-top-large:0px;--awb-spacing-right-large:1.92%;--awb-margin-bottom-large:0px;--awb-spacing-left-large:1.92%;--awb-width-medium:100%;--awb-spacing-right-medium:1.92%;--awb-spacing-left-medium:1.92%;--awb-width-small:100%;--awb-spacing-right-small:1.92%;--awb-spacing-left-small:1.92%;\"><div class=\"fusion-column-wrapper fusion-flex-justify-content-flex-start fusion-content-layout-column\"><div class=\"fusion-text fusion-text-1\"><p data-start=\"1702\" data-end=\"2075\">La <strong data-start=\"1705\" data-end=\"1741\">Mondial EX 24 Hores Montju\u00efc 250<\/strong> \u00e9s una motocicleta de competici\u00f3 vinculada a les hist\u00f2riques <strong data-start=\"1803\" data-end=\"1827\">24 Hores de Montju\u00efc<\/strong>, una de les curses de resist\u00e8ncia m\u00e9s importants celebrades a Barcelona durant el segle XX. Aquestes motos estaven dissenyades espec\u00edficament per competir en proves de llarga durada, on la fiabilitat, l\u2019estabilitat i el rendiment eren fonamentals.<\/p>\n<p data-start=\"2077\" data-end=\"2436\">La marca italiana <strong data-start=\"2095\" data-end=\"2109\">FB Mondial<\/strong>, coneguda pel seu \u00e8xit en competici\u00f3 durant els anys 50, va desenvolupar motors monocil\u00edndrics d\u2019alt rendiment que tamb\u00e9 es van utilitzar en diferents preparacions i motos de curses privades. En el cas de la Mondial EX 250, l\u2019objectiu era oferir una moto lleugera i efica\u00e7 per a competicions de resist\u00e8ncia com la de Montju\u00efc.<\/p>\n<p data-start=\"2438\" data-end=\"2791\">Aquest tipus de motocicletes solien muntar <strong data-start=\"2481\" data-end=\"2532\">motors monocil\u00edndrics de quatre temps de 250 cc<\/strong>, capa\u00e7os d\u2019oferir bones prestacions mantenint una gran resist\u00e8ncia mec\u00e0nica durant llargues hores de competici\u00f3. A m\u00e9s, comptaven amb xassissos lleugers, suspensions preparades per a circuit i dip\u00f2sits de major capacitat per suportar curses de llarga durada.<\/p>\n<p data-start=\"2793\" data-end=\"3048\">Les <strong data-start=\"2797\" data-end=\"2821\">24 Hores de Montju\u00efc<\/strong> van ser durant d\u00e8cades un referent del motociclisme europeu, atraient fabricants, equips privats i pilots de gran nivell. Les motos preparades per a aquesta prova van formar part d\u2019una \u00e8poca daurada del motociclisme a Espanya.<\/p>\n<p data-start=\"3050\" data-end=\"3295\" data-is-last-node=\"\" data-is-only-node=\"\">Avui dia, la Mondial EX 24 Hores Montju\u00efc 250 \u00e9s una motocicleta molt valorada per col\u00b7leccionistes i aficionats al motociclisme cl\u00e0ssic, especialment per la seva relaci\u00f3 amb una de les curses m\u00e9s m\u00edtiques celebrades al circuit urb\u00e0 de Montju\u00efc.<\/p>\n<\/div><div class=\"awb-gallery-wrapper awb-gallery-wrapper-1 button-span-no\" style=\"--more-btn-alignment:center;\"><div style=\"margin:-5px;--awb-aspect-ratio:3 \/ 2;--awb-bordersize:0px;\" class=\"fusion-gallery fusion-gallery-container fusion-grid-3 fusion-columns-total-7 fusion-gallery-layout-grid fusion-gallery-1 has-aspect-ratio\"><div style=\"padding:5px;\" class=\"fusion-grid-column fusion-gallery-column fusion-gallery-column-3 hover-type-none\"><div class=\"fusion-gallery-image\"><a href=\"https:\/\/palaucars.net\/wp-content\/uploads\/2026\/03\/mondial-ex-24-hores-montjuic-250-05.jpg\" rel=\"noreferrer\" data-rel=\"iLightbox[gallery_image_1]\" class=\"fusion-lightbox\" target=\"_self\"><img decoding=\"async\" src=\"https:\/\/palaucars.net\/wp-content\/uploads\/2026\/03\/mondial-ex-24-hores-montjuic-250-05.jpg\" width=\"844\" height=\"1496\" alt=\"\" title=\"mondial ex 24 hores montjuic 250 05\" aria-label=\"mondial ex 24 hores montjuic 250 05\" class=\"img-responsive wp-image-4218\" srcset=\"https:\/\/palaucars.net\/wp-content\/uploads\/2026\/03\/mondial-ex-24-hores-montjuic-250-05-200x355.jpg 200w, https:\/\/palaucars.net\/wp-content\/uploads\/2026\/03\/mondial-ex-24-hores-montjuic-250-05-400x709.jpg 400w, https:\/\/palaucars.net\/wp-content\/uploads\/2026\/03\/mondial-ex-24-hores-montjuic-250-05-600x1064.jpg 600w, https:\/\/palaucars.net\/wp-content\/uploads\/2026\/03\/mondial-ex-24-hores-montjuic-250-05-800x1418.jpg 800w, https:\/\/palaucars.net\/wp-content\/uploads\/2026\/03\/mondial-ex-24-hores-montjuic-250-05.jpg 844w\" sizes=\"(min-width: 2200px) 100vw, (min-width: 784px) 397px, (min-width: 712px) 595px, (min-width: 640px) 712px, \" \/><\/a><\/div><\/div><div style=\"padding:5px;\" class=\"fusion-grid-column fusion-gallery-column fusion-gallery-column-3 hover-type-none\"><div class=\"fusion-gallery-image\"><a href=\"https:\/\/palaucars.net\/wp-content\/uploads\/2026\/03\/mondial-ex-24-hores-montjuic-250-07.jpg\" rel=\"noreferrer\" data-rel=\"iLightbox[gallery_image_1]\" class=\"fusion-lightbox\" target=\"_self\"><img decoding=\"async\" src=\"https:\/\/palaucars.net\/wp-content\/uploads\/2026\/03\/mondial-ex-24-hores-montjuic-250-07.jpg\" width=\"844\" height=\"1496\" alt=\"\" title=\"mondial ex 24 hores montjuic 250 07\" aria-label=\"mondial ex 24 hores montjuic 250 07\" class=\"img-responsive wp-image-4222\" srcset=\"https:\/\/palaucars.net\/wp-content\/uploads\/2026\/03\/mondial-ex-24-hores-montjuic-250-07-200x355.jpg 200w, https:\/\/palaucars.net\/wp-content\/uploads\/2026\/03\/mondial-ex-24-hores-montjuic-250-07-400x709.jpg 400w, https:\/\/palaucars.net\/wp-content\/uploads\/2026\/03\/mondial-ex-24-hores-montjuic-250-07-600x1064.jpg 600w, https:\/\/palaucars.net\/wp-content\/uploads\/2026\/03\/mondial-ex-24-hores-montjuic-250-07-800x1418.jpg 800w, https:\/\/palaucars.net\/wp-content\/uploads\/2026\/03\/mondial-ex-24-hores-montjuic-250-07.jpg 844w\" sizes=\"(min-width: 2200px) 100vw, (min-width: 784px) 397px, (min-width: 712px) 595px, (min-width: 640px) 712px, \" \/><\/a><\/div><\/div><div style=\"padding:5px;\" class=\"fusion-grid-column fusion-gallery-column fusion-gallery-column-3 hover-type-none\"><div class=\"fusion-gallery-image\"><a href=\"https:\/\/palaucars.net\/wp-content\/uploads\/2026\/03\/mondial-ex-24-hores-montjuic-250-09.jpg\" rel=\"noreferrer\" data-rel=\"iLightbox[gallery_image_1]\" class=\"fusion-lightbox\" target=\"_self\"><img decoding=\"async\" src=\"https:\/\/palaucars.net\/wp-content\/uploads\/2026\/03\/mondial-ex-24-hores-montjuic-250-09.jpg\" width=\"844\" height=\"1496\" alt=\"\" title=\"mondial ex 24 hores montjuic 250 09\" aria-label=\"mondial ex 24 hores montjuic 250 09\" class=\"img-responsive wp-image-4226\" srcset=\"https:\/\/palaucars.net\/wp-content\/uploads\/2026\/03\/mondial-ex-24-hores-montjuic-250-09-200x355.jpg 200w, https:\/\/palaucars.net\/wp-content\/uploads\/2026\/03\/mondial-ex-24-hores-montjuic-250-09-400x709.jpg 400w, https:\/\/palaucars.net\/wp-content\/uploads\/2026\/03\/mondial-ex-24-hores-montjuic-250-09-600x1064.jpg 600w, https:\/\/palaucars.net\/wp-content\/uploads\/2026\/03\/mondial-ex-24-hores-montjuic-250-09-800x1418.jpg 800w, https:\/\/palaucars.net\/wp-content\/uploads\/2026\/03\/mondial-ex-24-hores-montjuic-250-09.jpg 844w\" sizes=\"(min-width: 2200px) 100vw, (min-width: 784px) 397px, (min-width: 712px) 595px, (min-width: 640px) 712px, \" \/><\/a><\/div><\/div><div class=\"clearfix\"><\/div><div style=\"padding:5px;\" class=\"fusion-grid-column fusion-gallery-column fusion-gallery-column-3 hover-type-none\"><div class=\"fusion-gallery-image\"><a href=\"https:\/\/palaucars.net\/wp-content\/uploads\/2026\/03\/mondial-ex-24-hores-montjuic-250-01.jpg\" rel=\"noreferrer\" data-rel=\"iLightbox[gallery_image_1]\" class=\"fusion-lightbox\" target=\"_self\"><img decoding=\"async\" src=\"https:\/\/palaucars.net\/wp-content\/uploads\/2026\/03\/mondial-ex-24-hores-montjuic-250-01.jpg\" width=\"768\" height=\"1024\" alt=\"\" title=\"mondial ex 24 hores montjuic 250 01\" aria-label=\"mondial ex 24 hores montjuic 250 01\" class=\"img-responsive wp-image-4228\" srcset=\"https:\/\/palaucars.net\/wp-content\/uploads\/2026\/03\/mondial-ex-24-hores-montjuic-250-01-200x267.jpg 200w, https:\/\/palaucars.net\/wp-content\/uploads\/2026\/03\/mondial-ex-24-hores-montjuic-250-01-400x533.jpg 400w, https:\/\/palaucars.net\/wp-content\/uploads\/2026\/03\/mondial-ex-24-hores-montjuic-250-01-600x800.jpg 600w, https:\/\/palaucars.net\/wp-content\/uploads\/2026\/03\/mondial-ex-24-hores-montjuic-250-01.jpg 768w\" sizes=\"(min-width: 2200px) 100vw, (min-width: 784px) 397px, (min-width: 712px) 595px, (min-width: 640px) 712px, \" \/><\/a><\/div><\/div><div style=\"padding:5px;\" class=\"fusion-grid-column fusion-gallery-column fusion-gallery-column-3 hover-type-none\"><div class=\"fusion-gallery-image\"><a href=\"https:\/\/palaucars.net\/wp-content\/uploads\/2026\/03\/mondial-ex-24-hores-montjuic-250-02.jpg\" rel=\"noreferrer\" data-rel=\"iLightbox[gallery_image_1]\" class=\"fusion-lightbox\" target=\"_self\"><img decoding=\"async\" src=\"https:\/\/palaucars.net\/wp-content\/uploads\/2026\/03\/mondial-ex-24-hores-montjuic-250-02.jpg\" width=\"768\" height=\"1024\" alt=\"\" title=\"mondial ex 24 hores montjuic 250 02\" aria-label=\"mondial ex 24 hores montjuic 250 02\" class=\"img-responsive wp-image-4230\" srcset=\"https:\/\/palaucars.net\/wp-content\/uploads\/2026\/03\/mondial-ex-24-hores-montjuic-250-02-200x267.jpg 200w, https:\/\/palaucars.net\/wp-content\/uploads\/2026\/03\/mondial-ex-24-hores-montjuic-250-02-400x533.jpg 400w, https:\/\/palaucars.net\/wp-content\/uploads\/2026\/03\/mondial-ex-24-hores-montjuic-250-02-600x800.jpg 600w, https:\/\/palaucars.net\/wp-content\/uploads\/2026\/03\/mondial-ex-24-hores-montjuic-250-02.jpg 768w\" sizes=\"(min-width: 2200px) 100vw, (min-width: 784px) 397px, (min-width: 712px) 595px, (min-width: 640px) 712px, \" \/><\/a><\/div><\/div><div style=\"padding:5px;\" class=\"fusion-grid-column fusion-gallery-column fusion-gallery-column-3 hover-type-none\"><div class=\"fusion-gallery-image\"><a href=\"https:\/\/palaucars.net\/wp-content\/uploads\/2026\/03\/mondial-ex-24-hores-montjuic-250-03.jpg\" rel=\"noreferrer\" data-rel=\"iLightbox[gallery_image_1]\" class=\"fusion-lightbox\" target=\"_self\"><img decoding=\"async\" src=\"https:\/\/palaucars.net\/wp-content\/uploads\/2026\/03\/mondial-ex-24-hores-montjuic-250-03.jpg\" width=\"1280\" height=\"894\" alt=\"\" title=\"mondial ex 24 hores montjuic 250 03\" aria-label=\"mondial ex 24 hores montjuic 250 03\" class=\"img-responsive wp-image-4232\" srcset=\"https:\/\/palaucars.net\/wp-content\/uploads\/2026\/03\/mondial-ex-24-hores-montjuic-250-03-200x140.jpg 200w, https:\/\/palaucars.net\/wp-content\/uploads\/2026\/03\/mondial-ex-24-hores-montjuic-250-03-400x279.jpg 400w, https:\/\/palaucars.net\/wp-content\/uploads\/2026\/03\/mondial-ex-24-hores-montjuic-250-03-600x419.jpg 600w, https:\/\/palaucars.net\/wp-content\/uploads\/2026\/03\/mondial-ex-24-hores-montjuic-250-03-800x559.jpg 800w, https:\/\/palaucars.net\/wp-content\/uploads\/2026\/03\/mondial-ex-24-hores-montjuic-250-03-1200x838.jpg 1200w, https:\/\/palaucars.net\/wp-content\/uploads\/2026\/03\/mondial-ex-24-hores-montjuic-250-03.jpg 1280w\" sizes=\"(min-width: 2200px) 100vw, (min-width: 784px) 397px, (min-width: 712px) 595px, (min-width: 640px) 712px, \" \/><\/a><\/div><\/div><div class=\"clearfix\"><\/div><div style=\"padding:5px;\" class=\"fusion-grid-column fusion-gallery-column fusion-gallery-column-3 hover-type-none\"><div class=\"fusion-gallery-image\"><a href=\"https:\/\/palaucars.net\/wp-content\/uploads\/2026\/03\/mondial-ex-24-hores-montjuic-250-04.jpg\" rel=\"noreferrer\" data-rel=\"iLightbox[gallery_image_1]\" class=\"fusion-lightbox\" target=\"_self\"><img decoding=\"async\" src=\"https:\/\/palaucars.net\/wp-content\/uploads\/2026\/03\/mondial-ex-24-hores-montjuic-250-04.jpg\" width=\"844\" height=\"1496\" alt=\"\" title=\"mondial ex 24 hores montjuic 250 04\" aria-label=\"mondial ex 24 hores montjuic 250 04\" class=\"img-responsive wp-image-4234\" srcset=\"https:\/\/palaucars.net\/wp-content\/uploads\/2026\/03\/mondial-ex-24-hores-montjuic-250-04-200x355.jpg 200w, https:\/\/palaucars.net\/wp-content\/uploads\/2026\/03\/mondial-ex-24-hores-montjuic-250-04-400x709.jpg 400w, https:\/\/palaucars.net\/wp-content\/uploads\/2026\/03\/mondial-ex-24-hores-montjuic-250-04-600x1064.jpg 600w, https:\/\/palaucars.net\/wp-content\/uploads\/2026\/03\/mondial-ex-24-hores-montjuic-250-04-800x1418.jpg 800w, https:\/\/palaucars.net\/wp-content\/uploads\/2026\/03\/mondial-ex-24-hores-montjuic-250-04.jpg 844w\" sizes=\"(min-width: 2200px) 100vw, (min-width: 784px) 397px, (min-width: 712px) 595px, (min-width: 640px) 712px, \" \/><\/a><\/div><\/div><\/div><\/div><\/div><\/div><\/div><\/div>\n","protected":false},"excerpt":{"rendered":"","protected":false},"author":1,"featured_media":4230,"menu_order":0,"comment_status":"open","ping_status":"open","template":"","format":"standard","meta":{"footnotes":""},"portfolio_category":[],"portfolio_skills":[],"portfolio_tags":[],"class_list":["post-4236","avada_portfolio","type-avada_portfolio","status-publish","format-standard","has-post-thumbnail","hentry"],"yoast_head":"<!-- This site is optimized with the Yoast SEO plugin v26.0 - https:\/\/yoast.com\/wordpress\/plugins\/seo\/ -->\n<title>Mondial ex 24 hores Montjuic 250 - Palau Cars<\/title>\n<meta name=\"robots\" content=\"index, follow, max-snippet:-1, max-image-preview:large, max-video-preview:-1\" \/>\n<link rel=\"canonical\" href=\"https:\/\/palaucars.net\/ca\/projects\/mondial-ex-24-hores-montjuic-250\/\" \/>\n<meta property=\"og:locale\" content=\"ca_ES\" \/>\n<meta property=\"og:type\" content=\"article\" \/>\n<meta property=\"og:title\" content=\"Mondial ex 24 hores Montjuic 250 - Palau Cars\" \/>\n<meta property=\"og:url\" content=\"https:\/\/palaucars.net\/ca\/projects\/mondial-ex-24-hores-montjuic-250\/\" \/>\n<meta property=\"og:site_name\" content=\"Palau Cars\" \/>\n<meta property=\"article:modified_time\" content=\"2026-03-13T16:01:18+00:00\" \/>\n<meta property=\"og:image\" content=\"https:\/\/palaucars.net\/wp-content\/uploads\/2026\/03\/mondial-ex-24-hores-montjuic-250-02.jpg\" \/>\n\t<meta property=\"og:image:width\" content=\"768\" \/>\n\t<meta property=\"og:image:height\" content=\"1024\" \/>\n\t<meta property=\"og:image:type\" content=\"image\/jpeg\" \/>\n<meta name=\"twitter:card\" content=\"summary_large_image\" \/>\n<meta name=\"twitter:label1\" content=\"Temps estimat de lectura\" \/>\n\t<meta name=\"twitter:data1\" content=\"3 minuts\" \/>\n<script type=\"application\/ld+json\" class=\"yoast-schema-graph\">{\"@context\":\"https:\/\/schema.org\",\"@graph\":[{\"@type\":\"WebPage\",\"@id\":\"https:\/\/palaucars.net\/ca\/projects\/mondial-ex-24-hores-montjuic-250\/\",\"url\":\"https:\/\/palaucars.net\/ca\/projects\/mondial-ex-24-hores-montjuic-250\/\",\"name\":\"Mondial ex 24 hores Montjuic 250 - Palau Cars\",\"isPartOf\":{\"@id\":\"https:\/\/palaucars.net\/#website\"},\"primaryImageOfPage\":{\"@id\":\"https:\/\/palaucars.net\/ca\/projects\/mondial-ex-24-hores-montjuic-250\/#primaryimage\"},\"image\":{\"@id\":\"https:\/\/palaucars.net\/ca\/projects\/mondial-ex-24-hores-montjuic-250\/#primaryimage\"},\"thumbnailUrl\":\"https:\/\/palaucars.net\/wp-content\/uploads\/2026\/03\/mondial-ex-24-hores-montjuic-250-02.jpg\",\"datePublished\":\"2026-03-13T15:56:53+00:00\",\"dateModified\":\"2026-03-13T16:01:18+00:00\",\"breadcrumb\":{\"@id\":\"https:\/\/palaucars.net\/ca\/projects\/mondial-ex-24-hores-montjuic-250\/#breadcrumb\"},\"inLanguage\":\"ca\",\"potentialAction\":[{\"@type\":\"ReadAction\",\"target\":[\"https:\/\/palaucars.net\/ca\/projects\/mondial-ex-24-hores-montjuic-250\/\"]}]},{\"@type\":\"ImageObject\",\"inLanguage\":\"ca\",\"@id\":\"https:\/\/palaucars.net\/ca\/projects\/mondial-ex-24-hores-montjuic-250\/#primaryimage\",\"url\":\"https:\/\/palaucars.net\/wp-content\/uploads\/2026\/03\/mondial-ex-24-hores-montjuic-250-02.jpg\",\"contentUrl\":\"https:\/\/palaucars.net\/wp-content\/uploads\/2026\/03\/mondial-ex-24-hores-montjuic-250-02.jpg\",\"width\":768,\"height\":1024},{\"@type\":\"BreadcrumbList\",\"@id\":\"https:\/\/palaucars.net\/ca\/projects\/mondial-ex-24-hores-montjuic-250\/#breadcrumb\",\"itemListElement\":[{\"@type\":\"ListItem\",\"position\":1,\"name\":\"Portada\",\"item\":\"https:\/\/palaucars.net\/ca\/\"},{\"@type\":\"ListItem\",\"position\":2,\"name\":\"Portfolio\",\"item\":\"https:\/\/palaucars.net\/projects\/\"},{\"@type\":\"ListItem\",\"position\":3,\"name\":\"Mondial ex 24 hores Montjuic 250\"}]},{\"@type\":\"WebSite\",\"@id\":\"https:\/\/palaucars.net\/#website\",\"url\":\"https:\/\/palaucars.net\/\",\"name\":\"Palau Cars\",\"description\":\"Especialistas en mantenimiento, reparaci\u00f3n y restauraci\u00f3n de veh\u00edculos cl\u00e1sicos\",\"potentialAction\":[{\"@type\":\"SearchAction\",\"target\":{\"@type\":\"EntryPoint\",\"urlTemplate\":\"https:\/\/palaucars.net\/?s={search_term_string}\"},\"query-input\":{\"@type\":\"PropertyValueSpecification\",\"valueRequired\":true,\"valueName\":\"search_term_string\"}}],\"inLanguage\":\"ca\"}]}<\/script>\n<!-- \/ Yoast SEO plugin. -->","yoast_head_json":{"title":"Mondial ex 24 hores Montjuic 250 - Palau Cars","robots":{"index":"index","follow":"follow","max-snippet":"max-snippet:-1","max-image-preview":"max-image-preview:large","max-video-preview":"max-video-preview:-1"},"canonical":"https:\/\/palaucars.net\/ca\/projects\/mondial-ex-24-hores-montjuic-250\/","og_locale":"ca_ES","og_type":"article","og_title":"Mondial ex 24 hores Montjuic 250 - Palau Cars","og_url":"https:\/\/palaucars.net\/ca\/projects\/mondial-ex-24-hores-montjuic-250\/","og_site_name":"Palau Cars","article_modified_time":"2026-03-13T16:01:18+00:00","og_image":[{"width":768,"height":1024,"url":"https:\/\/palaucars.net\/wp-content\/uploads\/2026\/03\/mondial-ex-24-hores-montjuic-250-02.jpg","type":"image\/jpeg"}],"twitter_card":"summary_large_image","twitter_misc":{"Temps estimat de lectura":"3 minuts"},"schema":{"@context":"https:\/\/schema.org","@graph":[{"@type":"WebPage","@id":"https:\/\/palaucars.net\/ca\/projects\/mondial-ex-24-hores-montjuic-250\/","url":"https:\/\/palaucars.net\/ca\/projects\/mondial-ex-24-hores-montjuic-250\/","name":"Mondial ex 24 hores Montjuic 250 - Palau Cars","isPartOf":{"@id":"https:\/\/palaucars.net\/#website"},"primaryImageOfPage":{"@id":"https:\/\/palaucars.net\/ca\/projects\/mondial-ex-24-hores-montjuic-250\/#primaryimage"},"image":{"@id":"https:\/\/palaucars.net\/ca\/projects\/mondial-ex-24-hores-montjuic-250\/#primaryimage"},"thumbnailUrl":"https:\/\/palaucars.net\/wp-content\/uploads\/2026\/03\/mondial-ex-24-hores-montjuic-250-02.jpg","datePublished":"2026-03-13T15:56:53+00:00","dateModified":"2026-03-13T16:01:18+00:00","breadcrumb":{"@id":"https:\/\/palaucars.net\/ca\/projects\/mondial-ex-24-hores-montjuic-250\/#breadcrumb"},"inLanguage":"ca","potentialAction":[{"@type":"ReadAction","target":["https:\/\/palaucars.net\/ca\/projects\/mondial-ex-24-hores-montjuic-250\/"]}]},{"@type":"ImageObject","inLanguage":"ca","@id":"https:\/\/palaucars.net\/ca\/projects\/mondial-ex-24-hores-montjuic-250\/#primaryimage","url":"https:\/\/palaucars.net\/wp-content\/uploads\/2026\/03\/mondial-ex-24-hores-montjuic-250-02.jpg","contentUrl":"https:\/\/palaucars.net\/wp-content\/uploads\/2026\/03\/mondial-ex-24-hores-montjuic-250-02.jpg","width":768,"height":1024},{"@type":"BreadcrumbList","@id":"https:\/\/palaucars.net\/ca\/projects\/mondial-ex-24-hores-montjuic-250\/#breadcrumb","itemListElement":[{"@type":"ListItem","position":1,"name":"Portada","item":"https:\/\/palaucars.net\/ca\/"},{"@type":"ListItem","position":2,"name":"Portfolio","item":"https:\/\/palaucars.net\/projects\/"},{"@type":"ListItem","position":3,"name":"Mondial ex 24 hores Montjuic 250"}]},{"@type":"WebSite","@id":"https:\/\/palaucars.net\/#website","url":"https:\/\/palaucars.net\/","name":"Palau Cars","description":"Especialistas en mantenimiento, reparaci\u00f3n y restauraci\u00f3n de veh\u00edculos cl\u00e1sicos","potentialAction":[{"@type":"SearchAction","target":{"@type":"EntryPoint","urlTemplate":"https:\/\/palaucars.net\/?s={search_term_string}"},"query-input":{"@type":"PropertyValueSpecification","valueRequired":true,"valueName":"search_term_string"}}],"inLanguage":"ca"}]}},"_links":{"self":[{"href":"https:\/\/palaucars.net\/ca\/wp-json\/wp\/v2\/avada_portfolio\/4236","targetHints":{"allow":["GET"]}}],"collection":[{"href":"https:\/\/palaucars.net\/ca\/wp-json\/wp\/v2\/avada_portfolio"}],"about":[{"href":"https:\/\/palaucars.net\/ca\/wp-json\/wp\/v2\/types\/avada_portfolio"}],"author":[{"embeddable":true,"href":"https:\/\/palaucars.net\/ca\/wp-json\/wp\/v2\/users\/1"}],"replies":[{"embeddable":true,"href":"https:\/\/palaucars.net\/ca\/wp-json\/wp\/v2\/comments?post=4236"}],"version-history":[{"count":2,"href":"https:\/\/palaucars.net\/ca\/wp-json\/wp\/v2\/avada_portfolio\/4236\/revisions"}],"predecessor-version":[{"id":4238,"href":"https:\/\/palaucars.net\/ca\/wp-json\/wp\/v2\/avada_portfolio\/4236\/revisions\/4238"}],"wp:featuredmedia":[{"embeddable":true,"href":"https:\/\/palaucars.net\/ca\/wp-json\/wp\/v2\/media\/4230"}],"wp:attachment":[{"href":"https:\/\/palaucars.net\/ca\/wp-json\/wp\/v2\/media?parent=4236"}],"wp:term":[{"taxonomy":"portfolio_category","embeddable":true,"href":"https:\/\/palaucars.net\/ca\/wp-json\/wp\/v2\/portfolio_category?post=4236"},{"taxonomy":"portfolio_skills","embeddable":true,"href":"https:\/\/palaucars.net\/ca\/wp-json\/wp\/v2\/portfolio_skills?post=4236"},{"taxonomy":"portfolio_tags","embeddable":true,"href":"https:\/\/palaucars.net\/ca\/wp-json\/wp\/v2\/portfolio_tags?post=4236"}],"curies":[{"name":"wp","href":"https:\/\/api.w.org\/{rel}","templated":true}]}}