{"id":2950,"date":"2023-10-06T18:24:56","date_gmt":"2023-10-06T16:24:56","guid":{"rendered":"https:\/\/palaucars.compsaonline.cat\/serveis\/cataleg-de-la-colleccio-privada-de-vehicles-classics\/"},"modified":"2025-08-29T10:22:01","modified_gmt":"2025-08-29T08:22:01","slug":"cataleg-de-la-colleccio-privada-de-vehicles-classics","status":"publish","type":"page","link":"https:\/\/palaucars.net\/ca\/serveis\/cataleg-de-la-colleccio-privada-de-vehicles-classics\/","title":{"rendered":"Cat\u00e0leg de la col\u00b7lecci\u00f3 privada de vehicles cl\u00e0ssics"},"content":{"rendered":"<p><div class=\"fusion-fullwidth fullwidth-box fusion-builder-row-1 fusion-flex-container has-pattern-background has-mask-background nonhundred-percent-fullwidth non-hundred-percent-height-scrolling\" style=\"--awb-border-radius-top-left:0px;--awb-border-radius-top-right:0px;--awb-border-radius-bottom-right:0px;--awb-border-radius-bottom-left:0px;--awb-padding-bottom:80px;--awb-flex-wrap:wrap;\" ><div class=\"fusion-builder-row fusion-row fusion-flex-align-items-flex-start fusion-flex-content-wrap\" style=\"max-width:1248px;margin-left: calc(-4% \/ 2 );margin-right: calc(-4% \/ 2 );\"><div class=\"fusion-layout-column fusion_builder_column fusion-builder-column-0 fusion_builder_column_1_1 1_1 fusion-flex-column\" style=\"--awb-padding-top:56px;--awb-padding-right:110px;--awb-padding-bottom:80px;--awb-padding-left:110px;--awb-bg-color:var(--awb-color1);--awb-bg-color-hover:var(--awb-color1);--awb-bg-size:cover;--awb-width-large:100%;--awb-margin-top-large:-100px;--awb-spacing-right-large:1.92%;--awb-margin-bottom-large:0px;--awb-spacing-left-large:1.92%;--awb-width-medium:100%;--awb-order-medium:0;--awb-spacing-right-medium:1.92%;--awb-spacing-left-medium:1.92%;--awb-width-small:100%;--awb-order-small:0;--awb-spacing-right-small:1.92%;--awb-spacing-left-small:1.92%;\"><div class=\"fusion-column-wrapper fusion-column-has-shadow fusion-flex-justify-content-flex-start fusion-content-layout-column\"><div class=\"fusion-title title fusion-title-1 fusion-sep-none fusion-title-center fusion-title-text fusion-title-size-two\" style=\"--awb-font-size:30px;\"><h2 class=\"fusion-title-heading title-heading-center\" style=\"margin:0;font-size:1em;text-transform:none;\">Descobreix una acurada selecci\u00f3 de vehicles cl\u00e0ssics restaurats amb passi\u00f3, precisi\u00f3 i respecte per la seva hist\u00f2ria.<\/h2><\/div><\/div><\/div><div class=\"fusion-layout-column fusion_builder_column fusion-builder-column-1 fusion-flex-column fusion-flex-align-self-center\" style=\"--awb-bg-size:cover;--awb-width-large:66%;--awb-spacing-right-large:2.9090909090909%;--awb-margin-bottom-large:0px;--awb-spacing-left-large:2.9090909090909%;--awb-width-medium:66%;--awb-order-medium:0;--awb-spacing-right-medium:2.9090909090909%;--awb-spacing-left-medium:2.9090909090909%;--awb-width-small:100%;--awb-order-small:0;--awb-spacing-right-small:1.92%;--awb-spacing-left-small:1.92%;\"><div class=\"fusion-column-wrapper fusion-column-has-shadow fusion-flex-justify-content-flex-start fusion-content-layout-column\"><div class=\"fusion-image-element \" style=\"--awb-aspect-ratio: 100 \/ 70;--awb-object-position:42% 29%;--awb-caption-title-font-family:var(--h2_typography-font-family);--awb-caption-title-font-weight:var(--h2_typography-font-weight);--awb-caption-title-font-style:var(--h2_typography-font-style);--awb-caption-title-size:var(--h2_typography-font-size);--awb-caption-title-transform:var(--h2_typography-text-transform);--awb-caption-title-line-height:var(--h2_typography-line-height);--awb-caption-title-letter-spacing:var(--h2_typography-letter-spacing);\"><span class=\" fusion-imageframe imageframe-none imageframe-1 hover-type-none has-aspect-ratio\"><img decoding=\"async\" width=\"2560\" height=\"1707\" alt=\"Ferrari Mondial T Cabrio, \" title=\"ferrari-mondial-t-cabrio-03\" src=\"https:\/\/palaucars.net\/wp-content\/uploads\/2023\/09\/ferrari-mondial-t-cabrio-03.jpg\" class=\"img-responsive wp-image-2927 img-with-aspect-ratio\" data-parent-fit=\"cover\" data-parent-container=\".fusion-image-element\" srcset=\"https:\/\/palaucars.net\/wp-content\/uploads\/2023\/09\/ferrari-mondial-t-cabrio-03-200x133.jpg 200w, https:\/\/palaucars.net\/wp-content\/uploads\/2023\/09\/ferrari-mondial-t-cabrio-03-400x267.jpg 400w, https:\/\/palaucars.net\/wp-content\/uploads\/2023\/09\/ferrari-mondial-t-cabrio-03-600x400.jpg 600w, https:\/\/palaucars.net\/wp-content\/uploads\/2023\/09\/ferrari-mondial-t-cabrio-03-800x533.jpg 800w, https:\/\/palaucars.net\/wp-content\/uploads\/2023\/09\/ferrari-mondial-t-cabrio-03-1200x800.jpg 1200w, https:\/\/palaucars.net\/wp-content\/uploads\/2023\/09\/ferrari-mondial-t-cabrio-03.jpg 2560w\" sizes=\"(max-width: 810px) 100vw, 800px\" \/><\/span><\/div><\/div><\/div><div class=\"fusion-layout-column fusion_builder_column fusion-builder-column-2 fusion-flex-column fusion-flex-align-self-center\" style=\"--awb-z-index:9999;--awb-padding-top:56px;--awb-padding-right:48px;--awb-padding-bottom:56px;--awb-padding-left:48px;--awb-bg-color:var(--awb-color1);--awb-bg-color-hover:var(--awb-color1);--awb-bg-size:cover;--awb-box-shadow:10px 10px 25px 5px hsla(var(--awb-color8-h),var(--awb-color8-s),var(--awb-color8-l),calc(var(--awb-color8-a) - 90%));;--awb-border-color:var(--awb-color4);--awb-border-color-hover:var(--awb-custom_color_3);--awb-border-top:0px;--awb-border-right:0px;--awb-border-bottom:0px;--awb-border-left:4px;--awb-border-style:solid;--awb-width-large:34%;--awb-spacing-right-large:5.6470588235294%;--awb-margin-bottom-large:0px;--awb-spacing-left-large:-80px;--awb-width-medium:34%;--awb-order-medium:0;--awb-spacing-right-medium:5.6470588235294%;--awb-spacing-left-medium:0px;--awb-width-small:100%;--awb-order-small:0;--awb-spacing-right-small:1.92%;--awb-spacing-left-small:1.92%;\"><div class=\"fusion-column-wrapper fusion-column-has-shadow fusion-flex-justify-content-flex-start fusion-content-layout-column\"><div class=\"fusion-title title fusion-title-2 fusion-sep-none fusion-title-text fusion-title-size-three\" style=\"--awb-margin-top:0px;--awb-margin-bottom:8px;--awb-font-size:25px;\"><h3 class=\"fusion-title-heading title-heading-left\" style=\"margin:0;font-size:1em;\">Joies sobre rodes<\/h3><\/div><div class=\"fusion-text fusion-text-1 fusion-text-no-margin\" style=\"--awb-margin-bottom:0px;\"><p>Cada vehicle d\u2019aquesta col\u00b7lecci\u00f3 ha estat restaurat amb precisi\u00f3 artesanal, mantenint la seva ess\u00e8ncia original. Una mostra \u00fanica del llegat automobil\u00edstic.<\/p>\n<\/div><\/div><\/div><\/div><\/div><div class=\"fusion-fullwidth fullwidth-box fusion-builder-row-2 fusion-flex-container has-pattern-background has-mask-background nonhundred-percent-fullwidth non-hundred-percent-height-scrolling\" style=\"--awb-border-radius-top-left:0px;--awb-border-radius-top-right:0px;--awb-border-radius-bottom-right:0px;--awb-border-radius-bottom-left:0px;--awb-padding-bottom:80px;--awb-flex-wrap:wrap;\" ><div class=\"fusion-builder-row fusion-row fusion-flex-align-items-flex-start fusion-flex-content-wrap\" style=\"max-width:1248px;margin-left: calc(-4% \/ 2 );margin-right: calc(-4% \/ 2 );\"><div class=\"fusion-layout-column fusion_builder_column fusion-builder-column-3 fusion_builder_column_1_1 1_1 fusion-flex-column\" style=\"--awb-padding-bottom:24px;--awb-bg-size:cover;--awb-width-large:100%;--awb-spacing-right-large:1.92%;--awb-margin-bottom-large:0px;--awb-spacing-left-large:1.92%;--awb-width-medium:100%;--awb-order-medium:0;--awb-spacing-right-medium:1.92%;--awb-spacing-left-medium:1.92%;--awb-width-small:100%;--awb-order-small:0;--awb-spacing-right-small:1.92%;--awb-spacing-left-small:1.92%;\"><div class=\"fusion-column-wrapper fusion-column-has-shadow fusion-flex-justify-content-flex-start fusion-content-layout-column\"><div class=\"fusion-text fusion-text-2\"><p>Et convidem a explorar la nostra exclusiva col\u00b7lecci\u00f3 privada de vehicles cl\u00e0ssics, acuradament restaurats per preservar la seva autenticitat i valor hist\u00f2ric. Cada autom\u00f2bil \u00e9s el resultat d\u2019un meticul\u00f3s proc\u00e9s de restauraci\u00f3, on combinem t\u00e8cnica especialitzada i passi\u00f3 pels detalls.<\/p>\n<p>Aquesta selecci\u00f3 reuneix models emblem\u00e0tics de diferents \u00e8poques i proced\u00e8ncies, que representen l\u2019esperit d\u2019una era i l\u2019evoluci\u00f3 del disseny i la enginyeria automobil\u00edstica.<\/p>\n<p>Una mostra viva de la hist\u00f2ria del motor, conservada amb el m\u00e0xim respecte i dedicaci\u00f3.<\/p>\n<\/div><\/div><\/div><div class=\"fusion-layout-column fusion_builder_column fusion-builder-column-4 fusion_builder_column_1_1 1_1 fusion-flex-column fusion-animated\" style=\"--awb-bg-color-hover:hsla(var(--awb-color4-h),var(--awb-color4-s),var(--awb-color4-l),calc(var(--awb-color4-a) - 75%));--awb-bg-image:linear-gradient(180deg, var(--awb-color4) 0%,rgba(245,240,225,0.82) 100%),url(https:\/\/palaucars.net\/wp-content\/uploads\/2025\/07\/bg-qui-som-palau-cars-01.jpg);;--awb-bg-position:center center;--awb-bg-size:cover;--awb-width-large:100%;--awb-spacing-right-large:1.92%;--awb-margin-bottom-large:0px;--awb-spacing-left-large:1.92%;--awb-width-medium:100%;--awb-order-medium:0;--awb-spacing-right-medium:1.92%;--awb-spacing-left-medium:1.92%;--awb-width-small:100%;--awb-order-small:0;--awb-spacing-right-small:1.92%;--awb-spacing-left-small:1.92%;\" data-animationType=\"fadeInUp\" data-animationDuration=\"1.4\" data-animationOffset=\"top-into-view\"><div class=\"fusion-column-wrapper fusion-column-has-shadow fusion-flex-justify-content-flex-start fusion-content-layout-column fusion-column-has-bg-image\" data-bg-url=\"https:\/\/palaucars.net\/wp-content\/uploads\/2025\/07\/bg-qui-som-palau-cars-01.jpg\"><div class=\"fusion-builder-row fusion-builder-row-inner fusion-row fusion-flex-align-items-flex-start fusion-flex-content-wrap\" style=\"width:104% !important;max-width:104% !important;margin-left: calc(-4% \/ 2 );margin-right: calc(-4% \/ 2 );\"><div class=\"fusion-layout-column fusion_builder_column_inner fusion-builder-nested-column-0 fusion_builder_column_inner_2_3 2_3 fusion-flex-column\" style=\"--awb-padding-top:40px;--awb-padding-right:80px;--awb-padding-bottom:40px;--awb-padding-left:80px;--awb-bg-size:cover;--awb-width-large:66.666666666667%;--awb-spacing-right-large:2.88%;--awb-margin-bottom-large:0px;--awb-spacing-left-large:2.88%;--awb-width-medium:100%;--awb-order-medium:0;--awb-spacing-right-medium:1.92%;--awb-spacing-left-medium:1.92%;--awb-width-small:100%;--awb-order-small:0;--awb-spacing-right-small:1.92%;--awb-spacing-left-small:1.92%;\"><div class=\"fusion-column-wrapper fusion-column-has-shadow fusion-flex-justify-content-flex-start fusion-content-layout-column\"><div class=\"fusion-title title fusion-title-3 fusion-sep-none fusion-title-text fusion-title-size-four\"><h4 class=\"fusion-title-heading title-heading-left md-text-align-center sm-text-align-center\" style=\"margin:0;\">Torna l\u2019ess\u00e8ncia original al teu cotxe cl\u00e0ssic amb una restauraci\u00f3 experta<\/h4><\/div><\/div><\/div><div class=\"fusion-layout-column fusion_builder_column_inner fusion-builder-nested-column-1 fusion_builder_column_inner_1_3 1_3 fusion-flex-column fusion-flex-align-self-center\" style=\"--awb-padding-right:80px;--awb-padding-right-medium:0px;--awb-bg-size:cover;--awb-width-large:33.333333333333%;--awb-spacing-right-large:5.76%;--awb-margin-bottom-large:0px;--awb-spacing-left-large:5.76%;--awb-width-medium:100%;--awb-order-medium:0;--awb-spacing-right-medium:1.92%;--awb-spacing-left-medium:1.92%;--awb-width-small:100%;--awb-order-small:0;--awb-spacing-right-small:1.92%;--awb-spacing-left-small:1.92%;\"><div class=\"fusion-column-wrapper fusion-column-has-shadow fusion-flex-justify-content-flex-start fusion-content-layout-column\"><div class=\"md-text-align-center\"><a class=\"fusion-button button-flat fusion-button-default-size button-custom fusion-button-default button-1 fusion-button-span-yes fusion-button-default-type\" style=\"--button_accent_color:var(--awb-color1);--button_accent_hover_color:var(--awb-color1);--button_border_hover_color:var(--awb-color1);--button_gradient_top_color:var(--awb-custom_color_3);--button_gradient_bottom_color:var(--awb-custom_color_3);--button_gradient_top_color_hover:hsla(var(--awb-custom_color_1-h),var(--awb-custom_color_1-s),calc(var(--awb-custom_color_1-l) + 10%),var(--awb-custom_color_1-a));--button_gradient_bottom_color_hover:hsla(var(--awb-custom_color_1-h),var(--awb-custom_color_1-s),calc(var(--awb-custom_color_1-l) + 10%),var(--awb-custom_color_1-a));--button_padding-top:24px;--button_padding-bottom:26px;\" target=\"_self\" data-hover=\"text_slide_up\" href=\"https:\/\/palaucars.net\/ca\/contacte\/\"><div class=\"awb-button-text-transition  awb-button__hover-content--centered\"><span class=\"fusion-button-text awb-button__text awb-button__text--default\">Sol\u00b7licitar pressupost<\/span><span class=\"fusion-button-text awb-button__text awb-button__text--default\">Sol\u00b7licitar pressupost<\/span><\/div><\/a><\/div><\/div><\/div><\/div><\/div><\/div><\/div><\/div><\/p>\n","protected":false},"excerpt":{"rendered":"","protected":false},"author":1,"featured_media":2927,"parent":2941,"menu_order":0,"comment_status":"closed","ping_status":"closed","template":"100-width.php","meta":{"footnotes":""},"class_list":["post-2950","page","type-page","status-publish","has-post-thumbnail","hentry"],"yoast_head":"<!-- This site is optimized with the Yoast SEO plugin v26.0 - https:\/\/yoast.com\/wordpress\/plugins\/seo\/ -->\n<title>Cat\u00e0leg de la col\u00b7lecci\u00f3 privada de vehicles cl\u00e0ssics - Palau Cars<\/title>\n<meta name=\"description\" content=\"Descobreix la nostra col\u00b7lecci\u00f3 privada de vehicles cl\u00e0ssics restaurats amb passi\u00f3, precisi\u00f3 i respecte per la hist\u00f2ria.\" \/>\n<meta name=\"robots\" content=\"index, follow, max-snippet:-1, max-image-preview:large, max-video-preview:-1\" \/>\n<link rel=\"canonical\" href=\"https:\/\/palaucars.net\/ca\/serveis\/cataleg-de-la-colleccio-privada-de-vehicles-classics\/\" \/>\n<meta property=\"og:locale\" content=\"ca_ES\" \/>\n<meta property=\"og:type\" content=\"article\" \/>\n<meta property=\"og:title\" content=\"Cat\u00e0leg de la col\u00b7lecci\u00f3 privada de vehicles cl\u00e0ssics - Palau Cars\" \/>\n<meta property=\"og:description\" content=\"Descobreix la nostra col\u00b7lecci\u00f3 privada de vehicles cl\u00e0ssics restaurats amb passi\u00f3, precisi\u00f3 i respecte per la hist\u00f2ria.\" \/>\n<meta property=\"og:url\" content=\"https:\/\/palaucars.net\/ca\/serveis\/cataleg-de-la-colleccio-privada-de-vehicles-classics\/\" \/>\n<meta property=\"og:site_name\" content=\"Palau Cars\" \/>\n<meta property=\"article:modified_time\" content=\"2025-08-29T08:22:01+00:00\" \/>\n<meta property=\"og:image\" content=\"https:\/\/palaucars.net\/wp-content\/uploads\/2023\/09\/ferrari-mondial-t-cabrio-03.jpg\" \/>\n\t<meta property=\"og:image:width\" content=\"2560\" \/>\n\t<meta property=\"og:image:height\" content=\"1707\" \/>\n\t<meta property=\"og:image:type\" content=\"image\/jpeg\" \/>\n<meta name=\"twitter:card\" content=\"summary_large_image\" \/>\n<meta name=\"twitter:label1\" content=\"Temps estimat de lectura\" \/>\n\t<meta name=\"twitter:data1\" content=\"2 minuts\" \/>\n<script type=\"application\/ld+json\" class=\"yoast-schema-graph\">{\"@context\":\"https:\/\/schema.org\",\"@graph\":[{\"@type\":\"WebPage\",\"@id\":\"https:\/\/palaucars.net\/ca\/serveis\/cataleg-de-la-colleccio-privada-de-vehicles-classics\/\",\"url\":\"https:\/\/palaucars.net\/ca\/serveis\/cataleg-de-la-colleccio-privada-de-vehicles-classics\/\",\"name\":\"Cat\u00e0leg de la col\u00b7lecci\u00f3 privada de vehicles cl\u00e0ssics - Palau Cars\",\"isPartOf\":{\"@id\":\"https:\/\/palaucars.net\/#website\"},\"primaryImageOfPage\":{\"@id\":\"https:\/\/palaucars.net\/ca\/serveis\/cataleg-de-la-colleccio-privada-de-vehicles-classics\/#primaryimage\"},\"image\":{\"@id\":\"https:\/\/palaucars.net\/ca\/serveis\/cataleg-de-la-colleccio-privada-de-vehicles-classics\/#primaryimage\"},\"thumbnailUrl\":\"https:\/\/palaucars.net\/wp-content\/uploads\/2023\/09\/ferrari-mondial-t-cabrio-03.jpg\",\"datePublished\":\"2023-10-06T16:24:56+00:00\",\"dateModified\":\"2025-08-29T08:22:01+00:00\",\"description\":\"Descobreix la nostra col\u00b7lecci\u00f3 privada de vehicles cl\u00e0ssics restaurats amb passi\u00f3, precisi\u00f3 i respecte per la hist\u00f2ria.\",\"breadcrumb\":{\"@id\":\"https:\/\/palaucars.net\/ca\/serveis\/cataleg-de-la-colleccio-privada-de-vehicles-classics\/#breadcrumb\"},\"inLanguage\":\"ca\",\"potentialAction\":[{\"@type\":\"ReadAction\",\"target\":[\"https:\/\/palaucars.net\/ca\/serveis\/cataleg-de-la-colleccio-privada-de-vehicles-classics\/\"]}]},{\"@type\":\"ImageObject\",\"inLanguage\":\"ca\",\"@id\":\"https:\/\/palaucars.net\/ca\/serveis\/cataleg-de-la-colleccio-privada-de-vehicles-classics\/#primaryimage\",\"url\":\"https:\/\/palaucars.net\/wp-content\/uploads\/2023\/09\/ferrari-mondial-t-cabrio-03.jpg\",\"contentUrl\":\"https:\/\/palaucars.net\/wp-content\/uploads\/2023\/09\/ferrari-mondial-t-cabrio-03.jpg\",\"width\":2560,\"height\":1707,\"caption\":\"Ferrari Mondial T Cabrio,\"},{\"@type\":\"BreadcrumbList\",\"@id\":\"https:\/\/palaucars.net\/ca\/serveis\/cataleg-de-la-colleccio-privada-de-vehicles-classics\/#breadcrumb\",\"itemListElement\":[{\"@type\":\"ListItem\",\"position\":1,\"name\":\"Portada\",\"item\":\"https:\/\/palaucars.net\/ca\/\"},{\"@type\":\"ListItem\",\"position\":2,\"name\":\"Serveis\",\"item\":\"https:\/\/palaucars.net\/ca\/serveis\/\"},{\"@type\":\"ListItem\",\"position\":3,\"name\":\"Cat\u00e0leg de la col\u00b7lecci\u00f3 privada de vehicles cl\u00e0ssics\"}]},{\"@type\":\"WebSite\",\"@id\":\"https:\/\/palaucars.net\/#website\",\"url\":\"https:\/\/palaucars.net\/\",\"name\":\"Palau Cars\",\"description\":\"Especialistas en mantenimiento, reparaci\u00f3n y restauraci\u00f3n de veh\u00edculos cl\u00e1sicos\",\"potentialAction\":[{\"@type\":\"SearchAction\",\"target\":{\"@type\":\"EntryPoint\",\"urlTemplate\":\"https:\/\/palaucars.net\/?s={search_term_string}\"},\"query-input\":{\"@type\":\"PropertyValueSpecification\",\"valueRequired\":true,\"valueName\":\"search_term_string\"}}],\"inLanguage\":\"ca\"}]}<\/script>\n<!-- \/ Yoast SEO plugin. -->","yoast_head_json":{"title":"Cat\u00e0leg de la col\u00b7lecci\u00f3 privada de vehicles cl\u00e0ssics - Palau Cars","description":"Descobreix la nostra col\u00b7lecci\u00f3 privada de vehicles cl\u00e0ssics restaurats amb passi\u00f3, precisi\u00f3 i respecte per la hist\u00f2ria.","robots":{"index":"index","follow":"follow","max-snippet":"max-snippet:-1","max-image-preview":"max-image-preview:large","max-video-preview":"max-video-preview:-1"},"canonical":"https:\/\/palaucars.net\/ca\/serveis\/cataleg-de-la-colleccio-privada-de-vehicles-classics\/","og_locale":"ca_ES","og_type":"article","og_title":"Cat\u00e0leg de la col\u00b7lecci\u00f3 privada de vehicles cl\u00e0ssics - Palau Cars","og_description":"Descobreix la nostra col\u00b7lecci\u00f3 privada de vehicles cl\u00e0ssics restaurats amb passi\u00f3, precisi\u00f3 i respecte per la hist\u00f2ria.","og_url":"https:\/\/palaucars.net\/ca\/serveis\/cataleg-de-la-colleccio-privada-de-vehicles-classics\/","og_site_name":"Palau Cars","article_modified_time":"2025-08-29T08:22:01+00:00","og_image":[{"width":2560,"height":1707,"url":"https:\/\/palaucars.net\/wp-content\/uploads\/2023\/09\/ferrari-mondial-t-cabrio-03.jpg","type":"image\/jpeg"}],"twitter_card":"summary_large_image","twitter_misc":{"Temps estimat de lectura":"2 minuts"},"schema":{"@context":"https:\/\/schema.org","@graph":[{"@type":"WebPage","@id":"https:\/\/palaucars.net\/ca\/serveis\/cataleg-de-la-colleccio-privada-de-vehicles-classics\/","url":"https:\/\/palaucars.net\/ca\/serveis\/cataleg-de-la-colleccio-privada-de-vehicles-classics\/","name":"Cat\u00e0leg de la col\u00b7lecci\u00f3 privada de vehicles cl\u00e0ssics - Palau Cars","isPartOf":{"@id":"https:\/\/palaucars.net\/#website"},"primaryImageOfPage":{"@id":"https:\/\/palaucars.net\/ca\/serveis\/cataleg-de-la-colleccio-privada-de-vehicles-classics\/#primaryimage"},"image":{"@id":"https:\/\/palaucars.net\/ca\/serveis\/cataleg-de-la-colleccio-privada-de-vehicles-classics\/#primaryimage"},"thumbnailUrl":"https:\/\/palaucars.net\/wp-content\/uploads\/2023\/09\/ferrari-mondial-t-cabrio-03.jpg","datePublished":"2023-10-06T16:24:56+00:00","dateModified":"2025-08-29T08:22:01+00:00","description":"Descobreix la nostra col\u00b7lecci\u00f3 privada de vehicles cl\u00e0ssics restaurats amb passi\u00f3, precisi\u00f3 i respecte per la hist\u00f2ria.","breadcrumb":{"@id":"https:\/\/palaucars.net\/ca\/serveis\/cataleg-de-la-colleccio-privada-de-vehicles-classics\/#breadcrumb"},"inLanguage":"ca","potentialAction":[{"@type":"ReadAction","target":["https:\/\/palaucars.net\/ca\/serveis\/cataleg-de-la-colleccio-privada-de-vehicles-classics\/"]}]},{"@type":"ImageObject","inLanguage":"ca","@id":"https:\/\/palaucars.net\/ca\/serveis\/cataleg-de-la-colleccio-privada-de-vehicles-classics\/#primaryimage","url":"https:\/\/palaucars.net\/wp-content\/uploads\/2023\/09\/ferrari-mondial-t-cabrio-03.jpg","contentUrl":"https:\/\/palaucars.net\/wp-content\/uploads\/2023\/09\/ferrari-mondial-t-cabrio-03.jpg","width":2560,"height":1707,"caption":"Ferrari Mondial T Cabrio,"},{"@type":"BreadcrumbList","@id":"https:\/\/palaucars.net\/ca\/serveis\/cataleg-de-la-colleccio-privada-de-vehicles-classics\/#breadcrumb","itemListElement":[{"@type":"ListItem","position":1,"name":"Portada","item":"https:\/\/palaucars.net\/ca\/"},{"@type":"ListItem","position":2,"name":"Serveis","item":"https:\/\/palaucars.net\/ca\/serveis\/"},{"@type":"ListItem","position":3,"name":"Cat\u00e0leg de la col\u00b7lecci\u00f3 privada de vehicles cl\u00e0ssics"}]},{"@type":"WebSite","@id":"https:\/\/palaucars.net\/#website","url":"https:\/\/palaucars.net\/","name":"Palau Cars","description":"Especialistas en mantenimiento, reparaci\u00f3n y restauraci\u00f3n de veh\u00edculos cl\u00e1sicos","potentialAction":[{"@type":"SearchAction","target":{"@type":"EntryPoint","urlTemplate":"https:\/\/palaucars.net\/?s={search_term_string}"},"query-input":{"@type":"PropertyValueSpecification","valueRequired":true,"valueName":"search_term_string"}}],"inLanguage":"ca"}]}},"_links":{"self":[{"href":"https:\/\/palaucars.net\/ca\/wp-json\/wp\/v2\/pages\/2950","targetHints":{"allow":["GET"]}}],"collection":[{"href":"https:\/\/palaucars.net\/ca\/wp-json\/wp\/v2\/pages"}],"about":[{"href":"https:\/\/palaucars.net\/ca\/wp-json\/wp\/v2\/types\/page"}],"author":[{"embeddable":true,"href":"https:\/\/palaucars.net\/ca\/wp-json\/wp\/v2\/users\/1"}],"replies":[{"embeddable":true,"href":"https:\/\/palaucars.net\/ca\/wp-json\/wp\/v2\/comments?post=2950"}],"version-history":[{"count":6,"href":"https:\/\/palaucars.net\/ca\/wp-json\/wp\/v2\/pages\/2950\/revisions"}],"predecessor-version":[{"id":3005,"href":"https:\/\/palaucars.net\/ca\/wp-json\/wp\/v2\/pages\/2950\/revisions\/3005"}],"up":[{"embeddable":true,"href":"https:\/\/palaucars.net\/ca\/wp-json\/wp\/v2\/pages\/2941"}],"wp:featuredmedia":[{"embeddable":true,"href":"https:\/\/palaucars.net\/ca\/wp-json\/wp\/v2\/media\/2927"}],"wp:attachment":[{"href":"https:\/\/palaucars.net\/ca\/wp-json\/wp\/v2\/media?parent=2950"}],"curies":[{"name":"wp","href":"https:\/\/api.w.org\/{rel}","templated":true}]}}